{"id":251100,"date":"2026-05-17T08:00:00","date_gmt":"2026-05-17T14:00:00","guid":{"rendered":"https:\/\/suzuki.com.gt\/motos\/?post_type=project&#038;p=251100"},"modified":"2026-05-15T10:59:58","modified_gmt":"2026-05-15T16:59:58","slug":"suzuki-gixxer-cuando-desempeno-se-une-con-diseno","status":"publish","type":"project","link":"https:\/\/suzuki.com.gt\/motos\/project\/suzuki-gixxer-cuando-desempeno-se-une-con-diseno\/","title":{"rendered":"Suzuki Gixxer, cuando desempe\u00f1o se une con dise\u00f1o"},"content":{"rendered":"\n[et_pb_section fb_built=\u00bb1&#8243; _builder_version=\u00bb4.23.1&#8243; _module_preset=\u00bbdefault\u00bb custom_margin=\u00bb0px||0px||false|false\u00bb custom_padding=\u00bb0px||0px||false|false\u00bb da_disable_devices=\u00bboff|off|off\u00bb global_colors_info=\u00bb{}\u00bb theme_builder_area=\u00bbpost_content\u00bb da_is_popup=\u00bboff\u00bb da_exit_intent=\u00bboff\u00bb da_has_close=\u00bbon\u00bb da_alt_close=\u00bboff\u00bb da_dark_close=\u00bboff\u00bb da_not_modal=\u00bbon\u00bb da_is_singular=\u00bboff\u00bb da_with_loader=\u00bboff\u00bb da_has_shadow=\u00bbon\u00bb][et_pb_row _builder_version=\u00bb4.23&#8243; _module_preset=\u00bbdefault\u00bb custom_margin=\u00bb0px||0px||false|false\u00bb custom_padding=\u00bb0px||0px||false|false\u00bb global_colors_info=\u00bb{}\u00bb theme_builder_area=\u00bbpost_content\u00bb][et_pb_column type=\u00bb4_4&#8243; _builder_version=\u00bb4.21.0&#8243; _module_preset=\u00bbdefault\u00bb global_colors_info=\u00bb{}\u00bb theme_builder_area=\u00bbpost_content\u00bb][et_pb_image src=\u00bbhttps:\/\/suzuki.com.gt\/motos\/wp-content\/uploads\/banner-13-1-scaled.png\u00bb title_text=\u00bbbanner (13) (1)\u00bb _builder_version=\u00bb4.27.6&#8243; _module_preset=\u00bbdefault\u00bb hover_enabled=\u00bb0&#8243; global_colors_info=\u00bb{}\u00bb theme_builder_area=\u00bbpost_content\u00bb sticky_enabled=\u00bb0&#8243;][\/et_pb_image][\/et_pb_column][\/et_pb_row][et_pb_row _builder_version=\u00bb4.27.4&#8243; _module_preset=\u00bbdefault\u00bb global_colors_info=\u00bb{}\u00bb theme_builder_area=\u00bbpost_content\u00bb][et_pb_column type=\u00bb4_4&#8243; _builder_version=\u00bb4.21.0&#8243; _module_preset=\u00bbdefault\u00bb global_colors_info=\u00bb{}\u00bb theme_builder_area=\u00bbpost_content\u00bb][et_pb_text _builder_version=\u00bb4.27.6&#8243; _module_preset=\u00bbdefault\u00bb header_4_line_height=\u00bb1.3em\u00bb global_colors_info=\u00bb{}\u00bb theme_builder_area=\u00bbpost_content\u00bb hover_enabled=\u00bb0&#8243; sticky_enabled=\u00bb0&#8243;]<p>Las motos racing muestran un dise\u00f1o basado en el desempe\u00f1o aerodin\u00e1mico. Admin\u00edculos para manejar el aire, enfriar el motor, provocar la mayor estabilidad y, en t\u00e9rminos generales, buscar el m\u00e1s alto desempe\u00f1o.<\/p>\n<p>En ese sentido, el confort no es un tema a tratar prioritariamente, porque se da por sentado que quien maneja tiene que tener una constituci\u00f3n f\u00edsica atl\u00e9tica. Brazos y piernas fuertemente desarrollados para sostenerse en frenadas y aceleraciones, as\u00ed como control lateral al cruzar. Su \u00e1mbito natural son las pistas y autopistas, siendo poco adecuadas para la ciudad.<\/p>\n<p>En el otro extremo se ubican las motos sport, cuya funci\u00f3n es entregar un funcionamiento c\u00f3modo, controlado, confortable y econ\u00f3mico, tanto en la ciudad como en carretera.<\/p>\n<p>Estar en el justo medio, con un fino y espectacular balance entre dise\u00f1o y desempe\u00f1o, ha sido el punto exitoso de la Suzuki Gixxer.<\/p>\n<p>Figura de una moto de carrera con la comodidad de uso cotidiano podr\u00eda ser la primera definici\u00f3n del modelo. Al manejar la logra 2 prop\u00f3sitos de todo producto: se ve bien el producto y se ve bien a quien lo usa.<\/p>\n<p><br \/>La posici\u00f3n de manejo invita a pensar que se trata de una moto de carreras, sin embargo, quien la conduce aprecia el confort.<\/p>\n<p>Con motores de 155 y 250 cent\u00edmetros c\u00fabicos, la Suzuki Gixxer responde a quien busca desempe\u00f1o y comodidad, as\u00ed como un alto control de seguridad, gracias a sus frenos de discos ventilados en ambos ejes.<\/p>\n<p>La transmisi\u00f3n manual de 5 y 6 velocidades, respectivamente, permite un funcionamiento agradablemente fluido, al tiempo de permitir desaceleraciones controladas para mantener el rango de revoluciones del motor dentro de las holguras requeridas para responder en cualquier momento. La reserva de torque entrega una motorizaci\u00f3n altamente emocionante.<\/p>\n<p>Las luces y el tablero LED dan un ambiente moderno y agradable para quien conduce cualquiera de las 2 opciones.<br \/>Y si la amplia lista de funciones, funcionamiento y desempe\u00f1o es bastante larga, ahora, la gama de colores entrega un alto nivel de modernidad, lujo y distinci\u00f3n.<\/p>\n<p>Un modelo \u00fanico en el mercado, para aut\u00e9nticos conocedores del gusto por manejar una motocicleta.<\/p>[\/et_pb_text][\/et_pb_column][\/et_pb_row][\/et_pb_section][et_pb_section fb_built=\u00bb1&#8243; _builder_version=\u00bb4.23.1&#8243; _module_preset=\u00bbdefault\u00bb da_disable_devices=\u00bboff|off|off\u00bb global_colors_info=\u00bb{}\u00bb theme_builder_area=\u00bbpost_content\u00bb da_is_popup=\u00bboff\u00bb da_exit_intent=\u00bboff\u00bb da_has_close=\u00bbon\u00bb da_alt_close=\u00bboff\u00bb da_dark_close=\u00bboff\u00bb da_not_modal=\u00bbon\u00bb da_is_singular=\u00bboff\u00bb da_with_loader=\u00bboff\u00bb da_has_shadow=\u00bbon\u00bb][et_pb_row column_structure=\u00bb1_3,1_3,1_3&#8243; _builder_version=\u00bb4.23.1&#8243; _module_preset=\u00bbdefault\u00bb global_colors_info=\u00bb{}\u00bb theme_builder_area=\u00bbpost_content\u00bb][et_pb_column type=\u00bb1_3&#8243; _builder_version=\u00bb4.23.1&#8243; _module_preset=\u00bbdefault\u00bb global_colors_info=\u00bb{}\u00bb theme_builder_area=\u00bbpost_content\u00bb][et_pb_video src=\u00bbhttps:\/\/youtu.be\/7kUveUkw22Q\u00bb _builder_version=\u00bb4.23.1&#8243; _module_preset=\u00bbdefault\u00bb global_colors_info=\u00bb{}\u00bb theme_builder_area=\u00bbpost_content\u00bb][\/et_pb_video][\/et_pb_column][et_pb_column type=\u00bb1_3&#8243; _builder_version=\u00bb4.23.1&#8243; _module_preset=\u00bbdefault\u00bb global_colors_info=\u00bb{}\u00bb theme_builder_area=\u00bbpost_content\u00bb][et_pb_video src=\u00bbhttps:\/\/youtu.be\/3toXgACtoxQ\u00bb _builder_version=\u00bb4.23.1&#8243; _module_preset=\u00bbdefault\u00bb global_colors_info=\u00bb{}\u00bb theme_builder_area=\u00bbpost_content\u00bb][\/et_pb_video][\/et_pb_column][et_pb_column type=\u00bb1_3&#8243; _builder_version=\u00bb4.23.1&#8243; _module_preset=\u00bbdefault\u00bb global_colors_info=\u00bb{}\u00bb theme_builder_area=\u00bbpost_content\u00bb][et_pb_video src=\u00bbhttps:\/\/youtu.be\/_drHuQP4Fvo\u00bb _builder_version=\u00bb4.23.1&#8243; _module_preset=\u00bbdefault\u00bb global_colors_info=\u00bb{}\u00bb theme_builder_area=\u00bbpost_content\u00bb][\/et_pb_video][\/et_pb_column][\/et_pb_row][\/et_pb_section]\n","protected":false},"excerpt":{"rendered":"<p>Las motos racing muestran un dise\u00f1o basado en el desempe\u00f1o aerodin\u00e1mico. Admin\u00edculos para manejar el aire, enfriar el motor, provocar la mayor estabilidad y, en t\u00e9rminos generales, buscar el m\u00e1s alto desempe\u00f1o. En ese sentido, el confort no es un tema a tratar prioritariamente, porque se da por sentado que quien maneja tiene que tener [&hellip;]<\/p>\n","protected":false},"author":6,"featured_media":251098,"comment_status":"closed","ping_status":"closed","template":"","meta":{"_et_pb_use_builder":"on","_et_pb_old_content":"","_et_gb_content_width":"","sfsi_plus_gutenberg_text_before_share":"","sfsi_plus_gutenberg_show_text_before_share":"","sfsi_plus_gutenberg_icon_type":"","sfsi_plus_gutenberg_icon_alignemt":"","sfsi_plus_gutenburg_max_per_row":"","footnotes":""},"project_category":[27],"project_tag":[],"class_list":["post-251100","project","type-project","status-publish","has-post-thumbnail","hentry","project_category-blog"],"yoast_head":"<!-- This site is optimized with the Yoast SEO plugin v28.4 - https:\/\/yoast.com\/product\/yoast-seo-wordpress\/ -->\n<title>Suzuki Gixxer, cuando desempe\u00f1o se une con dise\u00f1o - Motos Suzuki Guatemala<\/title>\n<meta name=\"robots\" content=\"index, follow, max-snippet:-1, max-image-preview:large, max-video-preview:-1\" \/>\n<link rel=\"canonical\" href=\"https:\/\/suzuki.com.gt\/motos\/project\/suzuki-gixxer-cuando-desempeno-se-une-con-diseno\/\" \/>\n<meta property=\"og:locale\" content=\"es_ES\" \/>\n<meta property=\"og:type\" content=\"article\" \/>\n<meta property=\"og:title\" content=\"Suzuki Gixxer, cuando desempe\u00f1o se une con dise\u00f1o - Motos Suzuki Guatemala\" \/>\n<meta property=\"og:description\" content=\"Las motos racing muestran un dise\u00f1o basado en el desempe\u00f1o aerodin\u00e1mico. Admin\u00edculos para manejar el aire, enfriar el motor, provocar la mayor estabilidad y, en t\u00e9rminos generales, buscar el m\u00e1s alto desempe\u00f1o. En ese sentido, el confort no es un tema a tratar prioritariamente, porque se da por sentado que quien maneja tiene que tener [&hellip;]\" \/>\n<meta property=\"og:url\" content=\"https:\/\/suzuki.com.gt\/motos\/project\/suzuki-gixxer-cuando-desempeno-se-une-con-diseno\/\" \/>\n<meta property=\"og:site_name\" content=\"Motos Suzuki Guatemala\" \/>\n<meta property=\"article:publisher\" content=\"https:\/\/www.facebook.com\/MotosSuzukiGuatemala\/\" \/>\n<meta property=\"og:image\" content=\"https:\/\/suzuki.com.gt\/motos\/wp-content\/uploads\/capaazul.png\" \/>\n\t<meta property=\"og:image:width\" content=\"800\" \/>\n\t<meta property=\"og:image:height\" content=\"500\" \/>\n\t<meta property=\"og:image:type\" content=\"image\/png\" \/>\n<meta name=\"twitter:card\" content=\"summary_large_image\" \/>\n<meta name=\"twitter:label1\" content=\"Tiempo de lectura\" \/>\n\t<meta name=\"twitter:data1\" content=\"3 minutos\" \/>\n<script type=\"application\/ld+json\" class=\"yoast-schema-graph\">{\"@context\":\"https:\\\/\\\/schema.org\",\"@graph\":[{\"@type\":\"WebPage\",\"@id\":\"https:\\\/\\\/suzuki.com.gt\\\/motos\\\/project\\\/suzuki-gixxer-cuando-desempeno-se-une-con-diseno\\\/\",\"url\":\"https:\\\/\\\/suzuki.com.gt\\\/motos\\\/project\\\/suzuki-gixxer-cuando-desempeno-se-une-con-diseno\\\/\",\"name\":\"Suzuki Gixxer, cuando desempe\u00f1o se une con dise\u00f1o - Motos Suzuki Guatemala\",\"isPartOf\":{\"@id\":\"https:\\\/\\\/suzuki.com.gt\\\/motos\\\/#website\"},\"primaryImageOfPage\":{\"@id\":\"https:\\\/\\\/suzuki.com.gt\\\/motos\\\/project\\\/suzuki-gixxer-cuando-desempeno-se-une-con-diseno\\\/#primaryimage\"},\"image\":{\"@id\":\"https:\\\/\\\/suzuki.com.gt\\\/motos\\\/project\\\/suzuki-gixxer-cuando-desempeno-se-une-con-diseno\\\/#primaryimage\"},\"thumbnailUrl\":\"https:\\\/\\\/suzuki.com.gt\\\/motos\\\/wp-content\\\/uploads\\\/capaazul.png\",\"datePublished\":\"2026-05-17T14:00:00+00:00\",\"breadcrumb\":{\"@id\":\"https:\\\/\\\/suzuki.com.gt\\\/motos\\\/project\\\/suzuki-gixxer-cuando-desempeno-se-une-con-diseno\\\/#breadcrumb\"},\"inLanguage\":\"es\",\"potentialAction\":[{\"@type\":\"ReadAction\",\"target\":[\"https:\\\/\\\/suzuki.com.gt\\\/motos\\\/project\\\/suzuki-gixxer-cuando-desempeno-se-une-con-diseno\\\/\"]}]},{\"@type\":\"ImageObject\",\"inLanguage\":\"es\",\"@id\":\"https:\\\/\\\/suzuki.com.gt\\\/motos\\\/project\\\/suzuki-gixxer-cuando-desempeno-se-une-con-diseno\\\/#primaryimage\",\"url\":\"https:\\\/\\\/suzuki.com.gt\\\/motos\\\/wp-content\\\/uploads\\\/capaazul.png\",\"contentUrl\":\"https:\\\/\\\/suzuki.com.gt\\\/motos\\\/wp-content\\\/uploads\\\/capaazul.png\",\"width\":800,\"height\":500},{\"@type\":\"BreadcrumbList\",\"@id\":\"https:\\\/\\\/suzuki.com.gt\\\/motos\\\/project\\\/suzuki-gixxer-cuando-desempeno-se-une-con-diseno\\\/#breadcrumb\",\"itemListElement\":[{\"@type\":\"ListItem\",\"position\":1,\"name\":\"Portada\",\"item\":\"https:\\\/\\\/suzuki.com.gt\\\/motos\\\/\"},{\"@type\":\"ListItem\",\"position\":2,\"name\":\"Projects\",\"item\":\"https:\\\/\\\/suzuki.com.gt\\\/motos\\\/project\\\/\"},{\"@type\":\"ListItem\",\"position\":3,\"name\":\"Suzuki Gixxer, cuando desempe\u00f1o se une con dise\u00f1o\"}]},{\"@type\":\"WebSite\",\"@id\":\"https:\\\/\\\/suzuki.com.gt\\\/motos\\\/#website\",\"url\":\"https:\\\/\\\/suzuki.com.gt\\\/motos\\\/\",\"name\":\"Motos Suzuki Guatemala\",\"description\":\"Motos Suzuki Guatemala\",\"publisher\":{\"@id\":\"https:\\\/\\\/suzuki.com.gt\\\/motos\\\/#organization\"},\"potentialAction\":[{\"@type\":\"SearchAction\",\"target\":{\"@type\":\"EntryPoint\",\"urlTemplate\":\"https:\\\/\\\/suzuki.com.gt\\\/motos\\\/?s={search_term_string}\"},\"query-input\":{\"@type\":\"PropertyValueSpecification\",\"valueRequired\":true,\"valueName\":\"search_term_string\"}}],\"inLanguage\":\"es\"},{\"@type\":\"Organization\",\"@id\":\"https:\\\/\\\/suzuki.com.gt\\\/motos\\\/#organization\",\"name\":\"Motos Suzuki Guatemala\",\"url\":\"https:\\\/\\\/suzuki.com.gt\\\/motos\\\/\",\"logo\":{\"@type\":\"ImageObject\",\"inLanguage\":\"es\",\"@id\":\"https:\\\/\\\/suzuki.com.gt\\\/motos\\\/#\\\/schema\\\/logo\\\/image\\\/\",\"url\":\"https:\\\/\\\/suzuki.com.gt\\\/motos\\\/wp-content\\\/uploads\\\/2022\\\/12\\\/logo-suzuki-JPG-1-scaled.jpg\",\"contentUrl\":\"https:\\\/\\\/suzuki.com.gt\\\/motos\\\/wp-content\\\/uploads\\\/2022\\\/12\\\/logo-suzuki-JPG-1-scaled.jpg\",\"width\":2560,\"height\":774,\"caption\":\"Motos Suzuki Guatemala\"},\"image\":{\"@id\":\"https:\\\/\\\/suzuki.com.gt\\\/motos\\\/#\\\/schema\\\/logo\\\/image\\\/\"},\"sameAs\":[\"https:\\\/\\\/www.facebook.com\\\/MotosSuzukiGuatemala\\\/\",\"https:\\\/\\\/www.youtube.com\\\/@SuzukiMotosGuatemala\",\"https:\\\/\\\/www.instagram.com\\\/motossuzukiguatemala\",\"https:\\\/\\\/www.tiktok.com\\\/@motossuzukigt\"]}]}<\/script>\n<!-- \/ Yoast SEO plugin. -->","yoast_head_json":{"title":"Suzuki Gixxer, cuando desempe\u00f1o se une con dise\u00f1o - Motos Suzuki Guatemala","robots":{"index":"index","follow":"follow","max-snippet":"max-snippet:-1","max-image-preview":"max-image-preview:large","max-video-preview":"max-video-preview:-1"},"canonical":"https:\/\/suzuki.com.gt\/motos\/project\/suzuki-gixxer-cuando-desempeno-se-une-con-diseno\/","og_locale":"es_ES","og_type":"article","og_title":"Suzuki Gixxer, cuando desempe\u00f1o se une con dise\u00f1o - Motos Suzuki Guatemala","og_description":"Las motos racing muestran un dise\u00f1o basado en el desempe\u00f1o aerodin\u00e1mico. Admin\u00edculos para manejar el aire, enfriar el motor, provocar la mayor estabilidad y, en t\u00e9rminos generales, buscar el m\u00e1s alto desempe\u00f1o. En ese sentido, el confort no es un tema a tratar prioritariamente, porque se da por sentado que quien maneja tiene que tener [&hellip;]","og_url":"https:\/\/suzuki.com.gt\/motos\/project\/suzuki-gixxer-cuando-desempeno-se-une-con-diseno\/","og_site_name":"Motos Suzuki Guatemala","article_publisher":"https:\/\/www.facebook.com\/MotosSuzukiGuatemala\/","og_image":[{"width":800,"height":500,"url":"https:\/\/suzuki.com.gt\/motos\/wp-content\/uploads\/capaazul.png","type":"image\/png"}],"twitter_card":"summary_large_image","twitter_misc":{"Tiempo de lectura":"3 minutos"},"schema":{"@context":"https:\/\/schema.org","@graph":[{"@type":"WebPage","@id":"https:\/\/suzuki.com.gt\/motos\/project\/suzuki-gixxer-cuando-desempeno-se-une-con-diseno\/","url":"https:\/\/suzuki.com.gt\/motos\/project\/suzuki-gixxer-cuando-desempeno-se-une-con-diseno\/","name":"Suzuki Gixxer, cuando desempe\u00f1o se une con dise\u00f1o - Motos Suzuki Guatemala","isPartOf":{"@id":"https:\/\/suzuki.com.gt\/motos\/#website"},"primaryImageOfPage":{"@id":"https:\/\/suzuki.com.gt\/motos\/project\/suzuki-gixxer-cuando-desempeno-se-une-con-diseno\/#primaryimage"},"image":{"@id":"https:\/\/suzuki.com.gt\/motos\/project\/suzuki-gixxer-cuando-desempeno-se-une-con-diseno\/#primaryimage"},"thumbnailUrl":"https:\/\/suzuki.com.gt\/motos\/wp-content\/uploads\/capaazul.png","datePublished":"2026-05-17T14:00:00+00:00","breadcrumb":{"@id":"https:\/\/suzuki.com.gt\/motos\/project\/suzuki-gixxer-cuando-desempeno-se-une-con-diseno\/#breadcrumb"},"inLanguage":"es","potentialAction":[{"@type":"ReadAction","target":["https:\/\/suzuki.com.gt\/motos\/project\/suzuki-gixxer-cuando-desempeno-se-une-con-diseno\/"]}]},{"@type":"ImageObject","inLanguage":"es","@id":"https:\/\/suzuki.com.gt\/motos\/project\/suzuki-gixxer-cuando-desempeno-se-une-con-diseno\/#primaryimage","url":"https:\/\/suzuki.com.gt\/motos\/wp-content\/uploads\/capaazul.png","contentUrl":"https:\/\/suzuki.com.gt\/motos\/wp-content\/uploads\/capaazul.png","width":800,"height":500},{"@type":"BreadcrumbList","@id":"https:\/\/suzuki.com.gt\/motos\/project\/suzuki-gixxer-cuando-desempeno-se-une-con-diseno\/#breadcrumb","itemListElement":[{"@type":"ListItem","position":1,"name":"Portada","item":"https:\/\/suzuki.com.gt\/motos\/"},{"@type":"ListItem","position":2,"name":"Projects","item":"https:\/\/suzuki.com.gt\/motos\/project\/"},{"@type":"ListItem","position":3,"name":"Suzuki Gixxer, cuando desempe\u00f1o se une con dise\u00f1o"}]},{"@type":"WebSite","@id":"https:\/\/suzuki.com.gt\/motos\/#website","url":"https:\/\/suzuki.com.gt\/motos\/","name":"Motos Suzuki Guatemala","description":"Motos Suzuki Guatemala","publisher":{"@id":"https:\/\/suzuki.com.gt\/motos\/#organization"},"potentialAction":[{"@type":"SearchAction","target":{"@type":"EntryPoint","urlTemplate":"https:\/\/suzuki.com.gt\/motos\/?s={search_term_string}"},"query-input":{"@type":"PropertyValueSpecification","valueRequired":true,"valueName":"search_term_string"}}],"inLanguage":"es"},{"@type":"Organization","@id":"https:\/\/suzuki.com.gt\/motos\/#organization","name":"Motos Suzuki Guatemala","url":"https:\/\/suzuki.com.gt\/motos\/","logo":{"@type":"ImageObject","inLanguage":"es","@id":"https:\/\/suzuki.com.gt\/motos\/#\/schema\/logo\/image\/","url":"https:\/\/suzuki.com.gt\/motos\/wp-content\/uploads\/2022\/12\/logo-suzuki-JPG-1-scaled.jpg","contentUrl":"https:\/\/suzuki.com.gt\/motos\/wp-content\/uploads\/2022\/12\/logo-suzuki-JPG-1-scaled.jpg","width":2560,"height":774,"caption":"Motos Suzuki Guatemala"},"image":{"@id":"https:\/\/suzuki.com.gt\/motos\/#\/schema\/logo\/image\/"},"sameAs":["https:\/\/www.facebook.com\/MotosSuzukiGuatemala\/","https:\/\/www.youtube.com\/@SuzukiMotosGuatemala","https:\/\/www.instagram.com\/motossuzukiguatemala","https:\/\/www.tiktok.com\/@motossuzukigt"]}]}},"_links":{"self":[{"href":"https:\/\/suzuki.com.gt\/motos\/wp-json\/wp\/v2\/project\/251100","targetHints":{"allow":["GET"]}}],"collection":[{"href":"https:\/\/suzuki.com.gt\/motos\/wp-json\/wp\/v2\/project"}],"about":[{"href":"https:\/\/suzuki.com.gt\/motos\/wp-json\/wp\/v2\/types\/project"}],"author":[{"embeddable":true,"href":"https:\/\/suzuki.com.gt\/motos\/wp-json\/wp\/v2\/users\/6"}],"replies":[{"embeddable":true,"href":"https:\/\/suzuki.com.gt\/motos\/wp-json\/wp\/v2\/comments?post=251100"}],"version-history":[{"count":3,"href":"https:\/\/suzuki.com.gt\/motos\/wp-json\/wp\/v2\/project\/251100\/revisions"}],"predecessor-version":[{"id":251105,"href":"https:\/\/suzuki.com.gt\/motos\/wp-json\/wp\/v2\/project\/251100\/revisions\/251105"}],"wp:featuredmedia":[{"embeddable":true,"href":"https:\/\/suzuki.com.gt\/motos\/wp-json\/wp\/v2\/media\/251098"}],"wp:attachment":[{"href":"https:\/\/suzuki.com.gt\/motos\/wp-json\/wp\/v2\/media?parent=251100"}],"wp:term":[{"taxonomy":"project_category","embeddable":true,"href":"https:\/\/suzuki.com.gt\/motos\/wp-json\/wp\/v2\/project_category?post=251100"},{"taxonomy":"project_tag","embeddable":true,"href":"https:\/\/suzuki.com.gt\/motos\/wp-json\/wp\/v2\/project_tag?post=251100"}],"curies":[{"name":"wp","href":"https:\/\/api.w.org\/{rel}","templated":true}]}}