{"id":250012,"date":"2026-03-01T08:00:00","date_gmt":"2026-03-01T14:00:00","guid":{"rendered":"https:\/\/suzuki.com.gt\/motos\/?post_type=project&#038;p=250012"},"modified":"2026-02-25T09:59:11","modified_gmt":"2026-02-25T15:59:11","slug":"entre-el-calor-y-el-frio","status":"publish","type":"project","link":"https:\/\/suzuki.com.gt\/motos\/project\/entre-el-calor-y-el-frio\/","title":{"rendered":"Entre el calor y el fr\u00edo"},"content":{"rendered":"\n[et_pb_section fb_built=&#8221;1&#8243; _builder_version=&#8221;4.23.1&#8243; _module_preset=&#8221;default&#8221; custom_margin=&#8221;0px||0px||false|false&#8221; custom_padding=&#8221;0px||0px||false|false&#8221; da_disable_devices=&#8221;off|off|off&#8221; global_colors_info=&#8221;{}&#8221; theme_builder_area=&#8221;post_content&#8221; da_is_popup=&#8221;off&#8221; da_exit_intent=&#8221;off&#8221; da_has_close=&#8221;on&#8221; da_alt_close=&#8221;off&#8221; da_dark_close=&#8221;off&#8221; da_not_modal=&#8221;on&#8221; da_is_singular=&#8221;off&#8221; da_with_loader=&#8221;off&#8221; da_has_shadow=&#8221;on&#8221;][et_pb_row _builder_version=&#8221;4.23&#8243; _module_preset=&#8221;default&#8221; custom_margin=&#8221;0px||0px||false|false&#8221; custom_padding=&#8221;0px||0px||false|false&#8221; global_colors_info=&#8221;{}&#8221; theme_builder_area=&#8221;post_content&#8221;][et_pb_column type=&#8221;4_4&#8243; _builder_version=&#8221;4.21.0&#8243; _module_preset=&#8221;default&#8221; global_colors_info=&#8221;{}&#8221; theme_builder_area=&#8221;post_content&#8221;][et_pb_image src=&#8221;https:\/\/suzuki.com.gt\/motos\/wp-content\/uploads\/banner-7-scaled.png&#8221; title_text=&#8221;banner&#8221; _builder_version=&#8221;4.27.5&#8243; _module_preset=&#8221;default&#8221; global_colors_info=&#8221;{}&#8221; theme_builder_area=&#8221;post_content&#8221;][\/et_pb_image][\/et_pb_column][\/et_pb_row][et_pb_row _builder_version=&#8221;4.27.4&#8243; _module_preset=&#8221;default&#8221; global_colors_info=&#8221;{}&#8221; theme_builder_area=&#8221;post_content&#8221;][et_pb_column type=&#8221;4_4&#8243; _builder_version=&#8221;4.21.0&#8243; _module_preset=&#8221;default&#8221; global_colors_info=&#8221;{}&#8221; theme_builder_area=&#8221;post_content&#8221;][et_pb_text _builder_version=&#8221;4.27.5&#8243; _module_preset=&#8221;default&#8221; header_4_line_height=&#8221;1.3em&#8221; global_colors_info=&#8221;{}&#8221; theme_builder_area=&#8221;post_content&#8221;]Debemos considerar que las motos Suzuki han sido conceptualizadas, dise\u00f1adas y fabricadas para transitar seguramente por diversos tipos de caminos, en distintas condiciones clim\u00e1ticas y exigentes caminos.\n\nSin embargo, si no tenemos la habilidad de aprovechar sus caracter\u00edsticas, muy probablemente, tendremos experiencias no muy agradables, generalmente, asociadas a nuestra falta de consideraci\u00f3n de los escenarios cambiantes.\n\nEn primer lugar, pensemos que habr\u00e1 calor. Entonces, es esencial estar bien hidratados, de lo contrario, pueden a empezar a darse retardo en las reacciones, reducci\u00f3n de la capacidad de concentraci\u00f3n y otras condiciones no deseables cuando se va al tim\u00f3n de una motocicleta.\n\nEs conveniente llevar una botella de agua pura, parar en una sombra y beber de ella. Sin embargo, si el viaje es largo, lo m\u00e1s adecuado es llevar una bebida hidratante. Quienes padecen de condiciones irregulares de az\u00facar en la sangre, existen hidratantes neutros, ideales para diab\u00e9ticos, porque un incremento de ese par\u00e1metro cl\u00ednico tambi\u00e9n puede ser riesgoso para el motorista.\n\nUna buena visera en el casco es de primer orden.  Si ya est\u00e1 rayada, o muy vieja, la visi\u00f3n es deficiente haciendo dif\u00edcil observar los fen\u00f3menos visuales que genera el calor en la carretera.\n\nEn el caso de viajes largos, medir la presi\u00f3n neum\u00e1tica de las llantas cuando est\u00e1n fr\u00edas es muy importante porque, seguramente, se incrementar\u00e1 en la ruta. Al colocar la presi\u00f3n indicada en el Manual de Usuario, se asegurar\u00e1 de tener la mejor adherencia con la carretera. \n\nY como se indica con antelaci\u00f3n, se puede salir de casa con un sol muy deslumbrante, pero en el camino puede haber cambios que lleguen hasta la lluvia. Entonces, es pertinente utilizar calzado propio de motorista, chumpa protectora, guantes y el mejor casco que nuestro presupuesto permita.\n\nEl mejor criterio es aplicar el sentido com\u00fan, no permitir que la costumbre provoque descuidos y ser muy precavido.[\/et_pb_text][\/et_pb_column][\/et_pb_row][\/et_pb_section][et_pb_section fb_built=&#8221;1&#8243; _builder_version=&#8221;4.23.1&#8243; _module_preset=&#8221;default&#8221; da_disable_devices=&#8221;off|off|off&#8221; global_colors_info=&#8221;{}&#8221; theme_builder_area=&#8221;post_content&#8221; da_is_popup=&#8221;off&#8221; da_exit_intent=&#8221;off&#8221; da_has_close=&#8221;on&#8221; da_alt_close=&#8221;off&#8221; da_dark_close=&#8221;off&#8221; da_not_modal=&#8221;on&#8221; da_is_singular=&#8221;off&#8221; da_with_loader=&#8221;off&#8221; da_has_shadow=&#8221;on&#8221;][et_pb_row column_structure=&#8221;1_3,1_3,1_3&#8243; _builder_version=&#8221;4.23.1&#8243; _module_preset=&#8221;default&#8221; global_colors_info=&#8221;{}&#8221; theme_builder_area=&#8221;post_content&#8221;][et_pb_column type=&#8221;1_3&#8243; _builder_version=&#8221;4.23.1&#8243; _module_preset=&#8221;default&#8221; global_colors_info=&#8221;{}&#8221; theme_builder_area=&#8221;post_content&#8221;][et_pb_video src=&#8221;https:\/\/youtu.be\/7kUveUkw22Q&#8221; _builder_version=&#8221;4.23.1&#8243; _module_preset=&#8221;default&#8221; global_colors_info=&#8221;{}&#8221; theme_builder_area=&#8221;post_content&#8221;][\/et_pb_video][\/et_pb_column][et_pb_column type=&#8221;1_3&#8243; _builder_version=&#8221;4.23.1&#8243; _module_preset=&#8221;default&#8221; global_colors_info=&#8221;{}&#8221; theme_builder_area=&#8221;post_content&#8221;][et_pb_video src=&#8221;https:\/\/youtu.be\/3toXgACtoxQ&#8221; _builder_version=&#8221;4.23.1&#8243; _module_preset=&#8221;default&#8221; global_colors_info=&#8221;{}&#8221; theme_builder_area=&#8221;post_content&#8221;][\/et_pb_video][\/et_pb_column][et_pb_column type=&#8221;1_3&#8243; _builder_version=&#8221;4.23.1&#8243; _module_preset=&#8221;default&#8221; global_colors_info=&#8221;{}&#8221; theme_builder_area=&#8221;post_content&#8221;][et_pb_video src=&#8221;https:\/\/youtu.be\/_drHuQP4Fvo&#8221; _builder_version=&#8221;4.23.1&#8243; _module_preset=&#8221;default&#8221; global_colors_info=&#8221;{}&#8221; theme_builder_area=&#8221;post_content&#8221;][\/et_pb_video][\/et_pb_column][\/et_pb_row][\/et_pb_section]\n","protected":false},"excerpt":{"rendered":"<p>Debemos considerar que las motos Suzuki han sido conceptualizadas, dise\u00f1adas y fabricadas para transitar seguramente por diversos tipos de caminos, en distintas condiciones clim\u00e1ticas y exigentes caminos. Sin embargo, si no tenemos la habilidad de aprovechar sus caracter\u00edsticas, muy probablemente, tendremos experiencias no muy agradables, generalmente, asociadas a nuestra falta de consideraci\u00f3n de los escenarios [&hellip;]<\/p>\n","protected":false},"author":6,"featured_media":250010,"comment_status":"closed","ping_status":"closed","template":"","meta":{"_et_pb_use_builder":"on","_et_pb_old_content":"","_et_gb_content_width":"","sfsi_plus_gutenberg_text_before_share":"","sfsi_plus_gutenberg_show_text_before_share":"","sfsi_plus_gutenberg_icon_type":"","sfsi_plus_gutenberg_icon_alignemt":"","sfsi_plus_gutenburg_max_per_row":"","footnotes":""},"project_category":[27],"project_tag":[],"class_list":["post-250012","project","type-project","status-publish","has-post-thumbnail","hentry","project_category-blog"],"yoast_head":"<!-- This site is optimized with the Yoast SEO plugin v27.4 - https:\/\/yoast.com\/product\/yoast-seo-wordpress\/ -->\n<title>Entre el calor y el fr\u00edo - Motos Suzuki Guatemala<\/title>\n<meta name=\"robots\" content=\"index, follow, max-snippet:-1, max-image-preview:large, max-video-preview:-1\" \/>\n<link rel=\"canonical\" href=\"https:\/\/suzuki.com.gt\/motos\/project\/entre-el-calor-y-el-frio\/\" \/>\n<meta property=\"og:locale\" content=\"es_ES\" \/>\n<meta property=\"og:type\" content=\"article\" \/>\n<meta property=\"og:title\" content=\"Entre el calor y el fr\u00edo - Motos Suzuki Guatemala\" \/>\n<meta property=\"og:description\" content=\"Debemos considerar que las motos Suzuki han sido conceptualizadas, dise\u00f1adas y fabricadas para transitar seguramente por diversos tipos de caminos, en distintas condiciones clim\u00e1ticas y exigentes caminos. Sin embargo, si no tenemos la habilidad de aprovechar sus caracter\u00edsticas, muy probablemente, tendremos experiencias no muy agradables, generalmente, asociadas a nuestra falta de consideraci\u00f3n de los escenarios [&hellip;]\" \/>\n<meta property=\"og:url\" content=\"https:\/\/suzuki.com.gt\/motos\/project\/entre-el-calor-y-el-frio\/\" \/>\n<meta property=\"og:site_name\" content=\"Motos Suzuki Guatemala\" \/>\n<meta property=\"article:publisher\" content=\"https:\/\/www.facebook.com\/MotosSuzukiGuatemala\/\" \/>\n<meta property=\"og:image\" content=\"https:\/\/suzuki.com.gt\/motos\/wp-content\/uploads\/CAPA-AZUL-5.png\" \/>\n\t<meta property=\"og:image:width\" content=\"835\" \/>\n\t<meta property=\"og:image:height\" content=\"522\" \/>\n\t<meta property=\"og:image:type\" content=\"image\/png\" \/>\n<meta name=\"twitter:card\" content=\"summary_large_image\" \/>\n<meta name=\"twitter:label1\" content=\"Tiempo de lectura\" \/>\n\t<meta name=\"twitter:data1\" content=\"2 minutos\" \/>\n<script type=\"application\/ld+json\" class=\"yoast-schema-graph\">{\"@context\":\"https:\\\/\\\/schema.org\",\"@graph\":[{\"@type\":\"WebPage\",\"@id\":\"https:\\\/\\\/suzuki.com.gt\\\/motos\\\/project\\\/entre-el-calor-y-el-frio\\\/\",\"url\":\"https:\\\/\\\/suzuki.com.gt\\\/motos\\\/project\\\/entre-el-calor-y-el-frio\\\/\",\"name\":\"Entre el calor y el fr\u00edo - Motos Suzuki Guatemala\",\"isPartOf\":{\"@id\":\"https:\\\/\\\/suzuki.com.gt\\\/motos\\\/#website\"},\"primaryImageOfPage\":{\"@id\":\"https:\\\/\\\/suzuki.com.gt\\\/motos\\\/project\\\/entre-el-calor-y-el-frio\\\/#primaryimage\"},\"image\":{\"@id\":\"https:\\\/\\\/suzuki.com.gt\\\/motos\\\/project\\\/entre-el-calor-y-el-frio\\\/#primaryimage\"},\"thumbnailUrl\":\"https:\\\/\\\/suzuki.com.gt\\\/motos\\\/wp-content\\\/uploads\\\/CAPA-AZUL-5.png\",\"datePublished\":\"2026-03-01T14:00:00+00:00\",\"breadcrumb\":{\"@id\":\"https:\\\/\\\/suzuki.com.gt\\\/motos\\\/project\\\/entre-el-calor-y-el-frio\\\/#breadcrumb\"},\"inLanguage\":\"es\",\"potentialAction\":[{\"@type\":\"ReadAction\",\"target\":[\"https:\\\/\\\/suzuki.com.gt\\\/motos\\\/project\\\/entre-el-calor-y-el-frio\\\/\"]}]},{\"@type\":\"ImageObject\",\"inLanguage\":\"es\",\"@id\":\"https:\\\/\\\/suzuki.com.gt\\\/motos\\\/project\\\/entre-el-calor-y-el-frio\\\/#primaryimage\",\"url\":\"https:\\\/\\\/suzuki.com.gt\\\/motos\\\/wp-content\\\/uploads\\\/CAPA-AZUL-5.png\",\"contentUrl\":\"https:\\\/\\\/suzuki.com.gt\\\/motos\\\/wp-content\\\/uploads\\\/CAPA-AZUL-5.png\",\"width\":835,\"height\":522},{\"@type\":\"BreadcrumbList\",\"@id\":\"https:\\\/\\\/suzuki.com.gt\\\/motos\\\/project\\\/entre-el-calor-y-el-frio\\\/#breadcrumb\",\"itemListElement\":[{\"@type\":\"ListItem\",\"position\":1,\"name\":\"Portada\",\"item\":\"https:\\\/\\\/suzuki.com.gt\\\/motos\\\/\"},{\"@type\":\"ListItem\",\"position\":2,\"name\":\"Projects\",\"item\":\"https:\\\/\\\/suzuki.com.gt\\\/motos\\\/project\\\/\"},{\"@type\":\"ListItem\",\"position\":3,\"name\":\"Entre el calor y el fr\u00edo\"}]},{\"@type\":\"WebSite\",\"@id\":\"https:\\\/\\\/suzuki.com.gt\\\/motos\\\/#website\",\"url\":\"https:\\\/\\\/suzuki.com.gt\\\/motos\\\/\",\"name\":\"Motos Suzuki Guatemala\",\"description\":\"Motos Suzuki Guatemala\",\"publisher\":{\"@id\":\"https:\\\/\\\/suzuki.com.gt\\\/motos\\\/#organization\"},\"potentialAction\":[{\"@type\":\"SearchAction\",\"target\":{\"@type\":\"EntryPoint\",\"urlTemplate\":\"https:\\\/\\\/suzuki.com.gt\\\/motos\\\/?s={search_term_string}\"},\"query-input\":{\"@type\":\"PropertyValueSpecification\",\"valueRequired\":true,\"valueName\":\"search_term_string\"}}],\"inLanguage\":\"es\"},{\"@type\":\"Organization\",\"@id\":\"https:\\\/\\\/suzuki.com.gt\\\/motos\\\/#organization\",\"name\":\"Motos Suzuki Guatemala\",\"url\":\"https:\\\/\\\/suzuki.com.gt\\\/motos\\\/\",\"logo\":{\"@type\":\"ImageObject\",\"inLanguage\":\"es\",\"@id\":\"https:\\\/\\\/suzuki.com.gt\\\/motos\\\/#\\\/schema\\\/logo\\\/image\\\/\",\"url\":\"https:\\\/\\\/suzuki.com.gt\\\/motos\\\/wp-content\\\/uploads\\\/2022\\\/12\\\/logo-suzuki-JPG-1-scaled.jpg\",\"contentUrl\":\"https:\\\/\\\/suzuki.com.gt\\\/motos\\\/wp-content\\\/uploads\\\/2022\\\/12\\\/logo-suzuki-JPG-1-scaled.jpg\",\"width\":2560,\"height\":774,\"caption\":\"Motos Suzuki Guatemala\"},\"image\":{\"@id\":\"https:\\\/\\\/suzuki.com.gt\\\/motos\\\/#\\\/schema\\\/logo\\\/image\\\/\"},\"sameAs\":[\"https:\\\/\\\/www.facebook.com\\\/MotosSuzukiGuatemala\\\/\",\"https:\\\/\\\/www.youtube.com\\\/@SuzukiMotosGuatemala\",\"https:\\\/\\\/www.instagram.com\\\/motossuzukiguatemala\",\"https:\\\/\\\/www.tiktok.com\\\/@motossuzukigt\"]}]}<\/script>\n<!-- \/ Yoast SEO plugin. -->","yoast_head_json":{"title":"Entre el calor y el fr\u00edo - Motos Suzuki Guatemala","robots":{"index":"index","follow":"follow","max-snippet":"max-snippet:-1","max-image-preview":"max-image-preview:large","max-video-preview":"max-video-preview:-1"},"canonical":"https:\/\/suzuki.com.gt\/motos\/project\/entre-el-calor-y-el-frio\/","og_locale":"es_ES","og_type":"article","og_title":"Entre el calor y el fr\u00edo - Motos Suzuki Guatemala","og_description":"Debemos considerar que las motos Suzuki han sido conceptualizadas, dise\u00f1adas y fabricadas para transitar seguramente por diversos tipos de caminos, en distintas condiciones clim\u00e1ticas y exigentes caminos. Sin embargo, si no tenemos la habilidad de aprovechar sus caracter\u00edsticas, muy probablemente, tendremos experiencias no muy agradables, generalmente, asociadas a nuestra falta de consideraci\u00f3n de los escenarios [&hellip;]","og_url":"https:\/\/suzuki.com.gt\/motos\/project\/entre-el-calor-y-el-frio\/","og_site_name":"Motos Suzuki Guatemala","article_publisher":"https:\/\/www.facebook.com\/MotosSuzukiGuatemala\/","og_image":[{"width":835,"height":522,"url":"https:\/\/suzuki.com.gt\/motos\/wp-content\/uploads\/CAPA-AZUL-5.png","type":"image\/png"}],"twitter_card":"summary_large_image","twitter_misc":{"Tiempo de lectura":"2 minutos"},"schema":{"@context":"https:\/\/schema.org","@graph":[{"@type":"WebPage","@id":"https:\/\/suzuki.com.gt\/motos\/project\/entre-el-calor-y-el-frio\/","url":"https:\/\/suzuki.com.gt\/motos\/project\/entre-el-calor-y-el-frio\/","name":"Entre el calor y el fr\u00edo - Motos Suzuki Guatemala","isPartOf":{"@id":"https:\/\/suzuki.com.gt\/motos\/#website"},"primaryImageOfPage":{"@id":"https:\/\/suzuki.com.gt\/motos\/project\/entre-el-calor-y-el-frio\/#primaryimage"},"image":{"@id":"https:\/\/suzuki.com.gt\/motos\/project\/entre-el-calor-y-el-frio\/#primaryimage"},"thumbnailUrl":"https:\/\/suzuki.com.gt\/motos\/wp-content\/uploads\/CAPA-AZUL-5.png","datePublished":"2026-03-01T14:00:00+00:00","breadcrumb":{"@id":"https:\/\/suzuki.com.gt\/motos\/project\/entre-el-calor-y-el-frio\/#breadcrumb"},"inLanguage":"es","potentialAction":[{"@type":"ReadAction","target":["https:\/\/suzuki.com.gt\/motos\/project\/entre-el-calor-y-el-frio\/"]}]},{"@type":"ImageObject","inLanguage":"es","@id":"https:\/\/suzuki.com.gt\/motos\/project\/entre-el-calor-y-el-frio\/#primaryimage","url":"https:\/\/suzuki.com.gt\/motos\/wp-content\/uploads\/CAPA-AZUL-5.png","contentUrl":"https:\/\/suzuki.com.gt\/motos\/wp-content\/uploads\/CAPA-AZUL-5.png","width":835,"height":522},{"@type":"BreadcrumbList","@id":"https:\/\/suzuki.com.gt\/motos\/project\/entre-el-calor-y-el-frio\/#breadcrumb","itemListElement":[{"@type":"ListItem","position":1,"name":"Portada","item":"https:\/\/suzuki.com.gt\/motos\/"},{"@type":"ListItem","position":2,"name":"Projects","item":"https:\/\/suzuki.com.gt\/motos\/project\/"},{"@type":"ListItem","position":3,"name":"Entre el calor y el fr\u00edo"}]},{"@type":"WebSite","@id":"https:\/\/suzuki.com.gt\/motos\/#website","url":"https:\/\/suzuki.com.gt\/motos\/","name":"Motos Suzuki Guatemala","description":"Motos Suzuki Guatemala","publisher":{"@id":"https:\/\/suzuki.com.gt\/motos\/#organization"},"potentialAction":[{"@type":"SearchAction","target":{"@type":"EntryPoint","urlTemplate":"https:\/\/suzuki.com.gt\/motos\/?s={search_term_string}"},"query-input":{"@type":"PropertyValueSpecification","valueRequired":true,"valueName":"search_term_string"}}],"inLanguage":"es"},{"@type":"Organization","@id":"https:\/\/suzuki.com.gt\/motos\/#organization","name":"Motos Suzuki Guatemala","url":"https:\/\/suzuki.com.gt\/motos\/","logo":{"@type":"ImageObject","inLanguage":"es","@id":"https:\/\/suzuki.com.gt\/motos\/#\/schema\/logo\/image\/","url":"https:\/\/suzuki.com.gt\/motos\/wp-content\/uploads\/2022\/12\/logo-suzuki-JPG-1-scaled.jpg","contentUrl":"https:\/\/suzuki.com.gt\/motos\/wp-content\/uploads\/2022\/12\/logo-suzuki-JPG-1-scaled.jpg","width":2560,"height":774,"caption":"Motos Suzuki Guatemala"},"image":{"@id":"https:\/\/suzuki.com.gt\/motos\/#\/schema\/logo\/image\/"},"sameAs":["https:\/\/www.facebook.com\/MotosSuzukiGuatemala\/","https:\/\/www.youtube.com\/@SuzukiMotosGuatemala","https:\/\/www.instagram.com\/motossuzukiguatemala","https:\/\/www.tiktok.com\/@motossuzukigt"]}]}},"_links":{"self":[{"href":"https:\/\/suzuki.com.gt\/motos\/wp-json\/wp\/v2\/project\/250012","targetHints":{"allow":["GET"]}}],"collection":[{"href":"https:\/\/suzuki.com.gt\/motos\/wp-json\/wp\/v2\/project"}],"about":[{"href":"https:\/\/suzuki.com.gt\/motos\/wp-json\/wp\/v2\/types\/project"}],"author":[{"embeddable":true,"href":"https:\/\/suzuki.com.gt\/motos\/wp-json\/wp\/v2\/users\/6"}],"replies":[{"embeddable":true,"href":"https:\/\/suzuki.com.gt\/motos\/wp-json\/wp\/v2\/comments?post=250012"}],"version-history":[{"count":4,"href":"https:\/\/suzuki.com.gt\/motos\/wp-json\/wp\/v2\/project\/250012\/revisions"}],"predecessor-version":[{"id":250017,"href":"https:\/\/suzuki.com.gt\/motos\/wp-json\/wp\/v2\/project\/250012\/revisions\/250017"}],"wp:featuredmedia":[{"embeddable":true,"href":"https:\/\/suzuki.com.gt\/motos\/wp-json\/wp\/v2\/media\/250010"}],"wp:attachment":[{"href":"https:\/\/suzuki.com.gt\/motos\/wp-json\/wp\/v2\/media?parent=250012"}],"wp:term":[{"taxonomy":"project_category","embeddable":true,"href":"https:\/\/suzuki.com.gt\/motos\/wp-json\/wp\/v2\/project_category?post=250012"},{"taxonomy":"project_tag","embeddable":true,"href":"https:\/\/suzuki.com.gt\/motos\/wp-json\/wp\/v2\/project_tag?post=250012"}],"curies":[{"name":"wp","href":"https:\/\/api.w.org\/{rel}","templated":true}]}}