{"id":249302,"date":"2025-07-20T08:00:00","date_gmt":"2025-07-20T14:00:00","guid":{"rendered":"https:\/\/suzuki.com.gt\/motos\/?post_type=project&#038;p=249302"},"modified":"2025-07-18T10:57:20","modified_gmt":"2025-07-18T16:57:20","slug":"suzuki-es-para-todo-el-ano-su-transporte-tambien","status":"publish","type":"project","link":"https:\/\/suzuki.com.gt\/motos\/project\/suzuki-es-para-todo-el-ano-su-transporte-tambien\/","title":{"rendered":"Suzuki es para todo el a\u00f1o, su transporte tambi\u00e9n"},"content":{"rendered":"\n[et_pb_section fb_built=&#8221;1&#8243; _builder_version=&#8221;4.23.1&#8243; _module_preset=&#8221;default&#8221; custom_margin=&#8221;0px||0px||false|false&#8221; custom_padding=&#8221;0px||0px||false|false&#8221; da_disable_devices=&#8221;off|off|off&#8221; global_colors_info=&#8221;{}&#8221; theme_builder_area=&#8221;post_content&#8221; da_is_popup=&#8221;off&#8221; da_exit_intent=&#8221;off&#8221; da_has_close=&#8221;on&#8221; da_alt_close=&#8221;off&#8221; da_dark_close=&#8221;off&#8221; da_not_modal=&#8221;on&#8221; da_is_singular=&#8221;off&#8221; da_with_loader=&#8221;off&#8221; da_has_shadow=&#8221;on&#8221;][et_pb_row _builder_version=&#8221;4.23&#8243; _module_preset=&#8221;default&#8221; custom_margin=&#8221;0px||0px||false|false&#8221; custom_padding=&#8221;0px||0px||false|false&#8221; global_colors_info=&#8221;{}&#8221; theme_builder_area=&#8221;post_content&#8221;][et_pb_column type=&#8221;4_4&#8243; _builder_version=&#8221;4.21.0&#8243; _module_preset=&#8221;default&#8221; global_colors_info=&#8221;{}&#8221; theme_builder_area=&#8221;post_content&#8221;][et_pb_image src=&#8221;https:\/\/suzuki.com.gt\/motos\/wp-content\/uploads\/BLOG-BANNER-GIXXER-scaled.jpg&#8221; title_text=&#8221;BLOG-BANNER-GIXXER&#8221; _builder_version=&#8221;4.27.4&#8243; _module_preset=&#8221;default&#8221; global_colors_info=&#8221;{}&#8221; theme_builder_area=&#8221;post_content&#8221;][\/et_pb_image][\/et_pb_column][\/et_pb_row][et_pb_row _builder_version=&#8221;4.27.4&#8243; _module_preset=&#8221;default&#8221; global_colors_info=&#8221;{}&#8221; theme_builder_area=&#8221;post_content&#8221;][et_pb_column type=&#8221;4_4&#8243; _builder_version=&#8221;4.21.0&#8243; _module_preset=&#8221;default&#8221; global_colors_info=&#8221;{}&#8221; theme_builder_area=&#8221;post_content&#8221;][et_pb_text _builder_version=&#8221;4.27.4&#8243; _module_preset=&#8221;default&#8221; header_4_line_height=&#8221;1.3em&#8221; global_colors_info=&#8221;{}&#8221; theme_builder_area=&#8221;post_content&#8221;]<p>Con una latitud de cerca de 15 grados norte, estamos ubicados casi a la mitad del hemisferio norte. Los cambios clim\u00e1ticos no son dr\u00e1sticos, pero s\u00ed son perceptibles.<\/p>\n<p>Este mes tendremos una can\u00edcula, que es un tiempo cuando se eleva un poco la temperatura y deja de llover todo el d\u00eda. Es un par\u00e9ntesis dentro del invierno, pero hay presencia de lluvias.<\/p>\n<p>Generalmente, en Guatemala, la can\u00edcula se caracteriza por d\u00edas que inician soleados y hasta calurosos, con alto grado de humedad. Despu\u00e9s del medio d\u00eda, hay altas probabilidades de lluvia. De hecho, es muy frecuente la lluvia en las tardes y noches.<\/p>\n<p>En ese sentido, podr\u00edamos decir: \u201cMotorista prevenido, vale por dos\u201d, porque, aunque mire muy lindo el d\u00eda, tome en consideraci\u00f3n lo siguiente:<\/p>\n<p style=\"padding-left: 40px;\">\u2022 Siempre lleve capa para lluvia.<br \/>\u2022 No olvide las botas de hule.<br \/>\u2022 Los guantes protegen ante un golpe, pero tambi\u00e9n de la baja temperatura y del agua. Nunca deje de usarlos.<br \/>\u2022 Limpie bien la visera del casco. Part\u00edculas de polvo, di\u00e9sel y otras van a parar a esa parte y pueden obstaculizar la visi\u00f3n.<br \/>\u2022 Si el casco se moja, tambi\u00e9n seque el lado de adentro, tambi\u00e9n. Es ideal utilizar un pasamonta\u00f1a o balaclava para mantenerlo limpio por dentro.<br \/>\u2022 Al estacionar su moto, haga todo lo posible por dejarla protegida del sol. No s\u00f3lo por la alta temperatura, sino porque eventualmente llegar\u00e1 la lluvia.<br \/>\u2022 Recuerde que al llover casi todos los conductores de veh\u00edculos se alteran, se ponen nerviosos. Entonces, guarde m\u00e1s distancias, no haga maniobras al l\u00edmite sino consider\u00e9 que, de hecho, no lo han visto. La prudencia es la mejor compa\u00f1era al manejar.<br \/>\u2022 Si ya pas\u00f3 la lluvia, no se sabe que hay debajo de los chachos. Evite pasar en ellos. Al maniobrar, h\u00e1galo suavemente y viendo si no viene un veh\u00edculo de cualquier tipo a su lado o atr\u00e1s.<br \/>\u2022 No moje intencionalmente a los peatones que est\u00e1n o transitan en una banqueta. Generalmente, bajo el agua reposada en el bordillo de la banqueta hay obst\u00e1culos que lo har\u00e1n pasar un mal momento, incluso hasta caerse de la moto.<br \/>\u2022 Su moto Suzuki est\u00e1 dise\u00f1ada y construida para circular todo el a\u00f1o, en cualquier clima, pero su cautela le proveer\u00e1 un mejor viaje y, desde luego, le evitar\u00e1 problemas.<\/p>[\/et_pb_text][\/et_pb_column][\/et_pb_row][\/et_pb_section][et_pb_section fb_built=&#8221;1&#8243; _builder_version=&#8221;4.23.1&#8243; _module_preset=&#8221;default&#8221; da_disable_devices=&#8221;off|off|off&#8221; global_colors_info=&#8221;{}&#8221; theme_builder_area=&#8221;post_content&#8221; da_is_popup=&#8221;off&#8221; da_exit_intent=&#8221;off&#8221; da_has_close=&#8221;on&#8221; da_alt_close=&#8221;off&#8221; da_dark_close=&#8221;off&#8221; da_not_modal=&#8221;on&#8221; da_is_singular=&#8221;off&#8221; da_with_loader=&#8221;off&#8221; da_has_shadow=&#8221;on&#8221;][et_pb_row column_structure=&#8221;1_3,1_3,1_3&#8243; _builder_version=&#8221;4.23.1&#8243; _module_preset=&#8221;default&#8221; global_colors_info=&#8221;{}&#8221; theme_builder_area=&#8221;post_content&#8221;][et_pb_column type=&#8221;1_3&#8243; _builder_version=&#8221;4.23.1&#8243; _module_preset=&#8221;default&#8221; global_colors_info=&#8221;{}&#8221; theme_builder_area=&#8221;post_content&#8221;][et_pb_video src=&#8221;https:\/\/youtu.be\/7kUveUkw22Q&#8221; _builder_version=&#8221;4.23.1&#8243; _module_preset=&#8221;default&#8221; global_colors_info=&#8221;{}&#8221; theme_builder_area=&#8221;post_content&#8221;][\/et_pb_video][\/et_pb_column][et_pb_column type=&#8221;1_3&#8243; _builder_version=&#8221;4.23.1&#8243; _module_preset=&#8221;default&#8221; global_colors_info=&#8221;{}&#8221; theme_builder_area=&#8221;post_content&#8221;][et_pb_video src=&#8221;https:\/\/youtu.be\/3toXgACtoxQ&#8221; _builder_version=&#8221;4.23.1&#8243; _module_preset=&#8221;default&#8221; global_colors_info=&#8221;{}&#8221; theme_builder_area=&#8221;post_content&#8221;][\/et_pb_video][\/et_pb_column][et_pb_column type=&#8221;1_3&#8243; _builder_version=&#8221;4.23.1&#8243; _module_preset=&#8221;default&#8221; global_colors_info=&#8221;{}&#8221; theme_builder_area=&#8221;post_content&#8221;][et_pb_video src=&#8221;https:\/\/youtu.be\/_drHuQP4Fvo&#8221; _builder_version=&#8221;4.23.1&#8243; _module_preset=&#8221;default&#8221; global_colors_info=&#8221;{}&#8221; theme_builder_area=&#8221;post_content&#8221;][\/et_pb_video][\/et_pb_column][\/et_pb_row][\/et_pb_section]\n","protected":false},"excerpt":{"rendered":"<p>Con una latitud de cerca de 15 grados norte, estamos ubicados casi a la mitad del hemisferio norte. Los cambios clim\u00e1ticos no son dr\u00e1sticos, pero s\u00ed son perceptibles. Este mes tendremos una can\u00edcula, que es un tiempo cuando se eleva un poco la temperatura y deja de llover todo el d\u00eda. Es un par\u00e9ntesis dentro [&hellip;]<\/p>\n","protected":false},"author":6,"featured_media":249299,"comment_status":"closed","ping_status":"closed","template":"","meta":{"_et_pb_use_builder":"on","_et_pb_old_content":"","_et_gb_content_width":"","sfsi_plus_gutenberg_text_before_share":"","sfsi_plus_gutenberg_show_text_before_share":"","sfsi_plus_gutenberg_icon_type":"","sfsi_plus_gutenberg_icon_alignemt":"","sfsi_plus_gutenburg_max_per_row":"","footnotes":""},"project_category":[27],"project_tag":[],"class_list":["post-249302","project","type-project","status-publish","has-post-thumbnail","hentry","project_category-blog"],"yoast_head":"<!-- This site is optimized with the Yoast SEO plugin v27.4 - https:\/\/yoast.com\/product\/yoast-seo-wordpress\/ -->\n<title>Suzuki es para todo el a\u00f1o, su transporte tambi\u00e9n - Motos Suzuki Guatemala<\/title>\n<meta name=\"robots\" content=\"index, follow, max-snippet:-1, max-image-preview:large, max-video-preview:-1\" \/>\n<link rel=\"canonical\" href=\"https:\/\/suzuki.com.gt\/motos\/project\/suzuki-es-para-todo-el-ano-su-transporte-tambien\/\" \/>\n<meta property=\"og:locale\" content=\"es_ES\" \/>\n<meta property=\"og:type\" content=\"article\" \/>\n<meta property=\"og:title\" content=\"Suzuki es para todo el a\u00f1o, su transporte tambi\u00e9n - Motos Suzuki Guatemala\" \/>\n<meta property=\"og:description\" content=\"Con una latitud de cerca de 15 grados norte, estamos ubicados casi a la mitad del hemisferio norte. Los cambios clim\u00e1ticos no son dr\u00e1sticos, pero s\u00ed son perceptibles. Este mes tendremos una can\u00edcula, que es un tiempo cuando se eleva un poco la temperatura y deja de llover todo el d\u00eda. Es un par\u00e9ntesis dentro [&hellip;]\" \/>\n<meta property=\"og:url\" content=\"https:\/\/suzuki.com.gt\/motos\/project\/suzuki-es-para-todo-el-ano-su-transporte-tambien\/\" \/>\n<meta property=\"og:site_name\" content=\"Motos Suzuki Guatemala\" \/>\n<meta property=\"article:publisher\" content=\"https:\/\/www.facebook.com\/MotosSuzukiGuatemala\/\" \/>\n<meta property=\"og:image\" content=\"https:\/\/suzuki.com.gt\/motos\/wp-content\/uploads\/BLOG-CAPA-AZUL-GIXXER.png\" \/>\n\t<meta property=\"og:image:width\" content=\"835\" \/>\n\t<meta property=\"og:image:height\" content=\"522\" \/>\n\t<meta property=\"og:image:type\" content=\"image\/png\" \/>\n<meta name=\"twitter:card\" content=\"summary_large_image\" \/>\n<meta name=\"twitter:label1\" content=\"Tiempo de lectura\" \/>\n\t<meta name=\"twitter:data1\" content=\"3 minutos\" \/>\n<script type=\"application\/ld+json\" class=\"yoast-schema-graph\">{\"@context\":\"https:\\\/\\\/schema.org\",\"@graph\":[{\"@type\":\"WebPage\",\"@id\":\"https:\\\/\\\/suzuki.com.gt\\\/motos\\\/project\\\/suzuki-es-para-todo-el-ano-su-transporte-tambien\\\/\",\"url\":\"https:\\\/\\\/suzuki.com.gt\\\/motos\\\/project\\\/suzuki-es-para-todo-el-ano-su-transporte-tambien\\\/\",\"name\":\"Suzuki es para todo el a\u00f1o, su transporte tambi\u00e9n - Motos Suzuki Guatemala\",\"isPartOf\":{\"@id\":\"https:\\\/\\\/suzuki.com.gt\\\/motos\\\/#website\"},\"primaryImageOfPage\":{\"@id\":\"https:\\\/\\\/suzuki.com.gt\\\/motos\\\/project\\\/suzuki-es-para-todo-el-ano-su-transporte-tambien\\\/#primaryimage\"},\"image\":{\"@id\":\"https:\\\/\\\/suzuki.com.gt\\\/motos\\\/project\\\/suzuki-es-para-todo-el-ano-su-transporte-tambien\\\/#primaryimage\"},\"thumbnailUrl\":\"https:\\\/\\\/suzuki.com.gt\\\/motos\\\/wp-content\\\/uploads\\\/BLOG-CAPA-AZUL-GIXXER.png\",\"datePublished\":\"2025-07-20T14:00:00+00:00\",\"breadcrumb\":{\"@id\":\"https:\\\/\\\/suzuki.com.gt\\\/motos\\\/project\\\/suzuki-es-para-todo-el-ano-su-transporte-tambien\\\/#breadcrumb\"},\"inLanguage\":\"es\",\"potentialAction\":[{\"@type\":\"ReadAction\",\"target\":[\"https:\\\/\\\/suzuki.com.gt\\\/motos\\\/project\\\/suzuki-es-para-todo-el-ano-su-transporte-tambien\\\/\"]}]},{\"@type\":\"ImageObject\",\"inLanguage\":\"es\",\"@id\":\"https:\\\/\\\/suzuki.com.gt\\\/motos\\\/project\\\/suzuki-es-para-todo-el-ano-su-transporte-tambien\\\/#primaryimage\",\"url\":\"https:\\\/\\\/suzuki.com.gt\\\/motos\\\/wp-content\\\/uploads\\\/BLOG-CAPA-AZUL-GIXXER.png\",\"contentUrl\":\"https:\\\/\\\/suzuki.com.gt\\\/motos\\\/wp-content\\\/uploads\\\/BLOG-CAPA-AZUL-GIXXER.png\",\"width\":835,\"height\":522},{\"@type\":\"BreadcrumbList\",\"@id\":\"https:\\\/\\\/suzuki.com.gt\\\/motos\\\/project\\\/suzuki-es-para-todo-el-ano-su-transporte-tambien\\\/#breadcrumb\",\"itemListElement\":[{\"@type\":\"ListItem\",\"position\":1,\"name\":\"Portada\",\"item\":\"https:\\\/\\\/suzuki.com.gt\\\/motos\\\/\"},{\"@type\":\"ListItem\",\"position\":2,\"name\":\"Projects\",\"item\":\"https:\\\/\\\/suzuki.com.gt\\\/motos\\\/project\\\/\"},{\"@type\":\"ListItem\",\"position\":3,\"name\":\"Suzuki es para todo el a\u00f1o, su transporte tambi\u00e9n\"}]},{\"@type\":\"WebSite\",\"@id\":\"https:\\\/\\\/suzuki.com.gt\\\/motos\\\/#website\",\"url\":\"https:\\\/\\\/suzuki.com.gt\\\/motos\\\/\",\"name\":\"Motos Suzuki Guatemala\",\"description\":\"Motos Suzuki Guatemala\",\"publisher\":{\"@id\":\"https:\\\/\\\/suzuki.com.gt\\\/motos\\\/#organization\"},\"potentialAction\":[{\"@type\":\"SearchAction\",\"target\":{\"@type\":\"EntryPoint\",\"urlTemplate\":\"https:\\\/\\\/suzuki.com.gt\\\/motos\\\/?s={search_term_string}\"},\"query-input\":{\"@type\":\"PropertyValueSpecification\",\"valueRequired\":true,\"valueName\":\"search_term_string\"}}],\"inLanguage\":\"es\"},{\"@type\":\"Organization\",\"@id\":\"https:\\\/\\\/suzuki.com.gt\\\/motos\\\/#organization\",\"name\":\"Motos Suzuki Guatemala\",\"url\":\"https:\\\/\\\/suzuki.com.gt\\\/motos\\\/\",\"logo\":{\"@type\":\"ImageObject\",\"inLanguage\":\"es\",\"@id\":\"https:\\\/\\\/suzuki.com.gt\\\/motos\\\/#\\\/schema\\\/logo\\\/image\\\/\",\"url\":\"https:\\\/\\\/suzuki.com.gt\\\/motos\\\/wp-content\\\/uploads\\\/2022\\\/12\\\/logo-suzuki-JPG-1-scaled.jpg\",\"contentUrl\":\"https:\\\/\\\/suzuki.com.gt\\\/motos\\\/wp-content\\\/uploads\\\/2022\\\/12\\\/logo-suzuki-JPG-1-scaled.jpg\",\"width\":2560,\"height\":774,\"caption\":\"Motos Suzuki Guatemala\"},\"image\":{\"@id\":\"https:\\\/\\\/suzuki.com.gt\\\/motos\\\/#\\\/schema\\\/logo\\\/image\\\/\"},\"sameAs\":[\"https:\\\/\\\/www.facebook.com\\\/MotosSuzukiGuatemala\\\/\",\"https:\\\/\\\/www.youtube.com\\\/@SuzukiMotosGuatemala\",\"https:\\\/\\\/www.instagram.com\\\/motossuzukiguatemala\",\"https:\\\/\\\/www.tiktok.com\\\/@motossuzukigt\"]}]}<\/script>\n<!-- \/ Yoast SEO plugin. -->","yoast_head_json":{"title":"Suzuki es para todo el a\u00f1o, su transporte tambi\u00e9n - Motos Suzuki Guatemala","robots":{"index":"index","follow":"follow","max-snippet":"max-snippet:-1","max-image-preview":"max-image-preview:large","max-video-preview":"max-video-preview:-1"},"canonical":"https:\/\/suzuki.com.gt\/motos\/project\/suzuki-es-para-todo-el-ano-su-transporte-tambien\/","og_locale":"es_ES","og_type":"article","og_title":"Suzuki es para todo el a\u00f1o, su transporte tambi\u00e9n - Motos Suzuki Guatemala","og_description":"Con una latitud de cerca de 15 grados norte, estamos ubicados casi a la mitad del hemisferio norte. Los cambios clim\u00e1ticos no son dr\u00e1sticos, pero s\u00ed son perceptibles. Este mes tendremos una can\u00edcula, que es un tiempo cuando se eleva un poco la temperatura y deja de llover todo el d\u00eda. Es un par\u00e9ntesis dentro [&hellip;]","og_url":"https:\/\/suzuki.com.gt\/motos\/project\/suzuki-es-para-todo-el-ano-su-transporte-tambien\/","og_site_name":"Motos Suzuki Guatemala","article_publisher":"https:\/\/www.facebook.com\/MotosSuzukiGuatemala\/","og_image":[{"width":835,"height":522,"url":"https:\/\/suzuki.com.gt\/motos\/wp-content\/uploads\/BLOG-CAPA-AZUL-GIXXER.png","type":"image\/png"}],"twitter_card":"summary_large_image","twitter_misc":{"Tiempo de lectura":"3 minutos"},"schema":{"@context":"https:\/\/schema.org","@graph":[{"@type":"WebPage","@id":"https:\/\/suzuki.com.gt\/motos\/project\/suzuki-es-para-todo-el-ano-su-transporte-tambien\/","url":"https:\/\/suzuki.com.gt\/motos\/project\/suzuki-es-para-todo-el-ano-su-transporte-tambien\/","name":"Suzuki es para todo el a\u00f1o, su transporte tambi\u00e9n - Motos Suzuki Guatemala","isPartOf":{"@id":"https:\/\/suzuki.com.gt\/motos\/#website"},"primaryImageOfPage":{"@id":"https:\/\/suzuki.com.gt\/motos\/project\/suzuki-es-para-todo-el-ano-su-transporte-tambien\/#primaryimage"},"image":{"@id":"https:\/\/suzuki.com.gt\/motos\/project\/suzuki-es-para-todo-el-ano-su-transporte-tambien\/#primaryimage"},"thumbnailUrl":"https:\/\/suzuki.com.gt\/motos\/wp-content\/uploads\/BLOG-CAPA-AZUL-GIXXER.png","datePublished":"2025-07-20T14:00:00+00:00","breadcrumb":{"@id":"https:\/\/suzuki.com.gt\/motos\/project\/suzuki-es-para-todo-el-ano-su-transporte-tambien\/#breadcrumb"},"inLanguage":"es","potentialAction":[{"@type":"ReadAction","target":["https:\/\/suzuki.com.gt\/motos\/project\/suzuki-es-para-todo-el-ano-su-transporte-tambien\/"]}]},{"@type":"ImageObject","inLanguage":"es","@id":"https:\/\/suzuki.com.gt\/motos\/project\/suzuki-es-para-todo-el-ano-su-transporte-tambien\/#primaryimage","url":"https:\/\/suzuki.com.gt\/motos\/wp-content\/uploads\/BLOG-CAPA-AZUL-GIXXER.png","contentUrl":"https:\/\/suzuki.com.gt\/motos\/wp-content\/uploads\/BLOG-CAPA-AZUL-GIXXER.png","width":835,"height":522},{"@type":"BreadcrumbList","@id":"https:\/\/suzuki.com.gt\/motos\/project\/suzuki-es-para-todo-el-ano-su-transporte-tambien\/#breadcrumb","itemListElement":[{"@type":"ListItem","position":1,"name":"Portada","item":"https:\/\/suzuki.com.gt\/motos\/"},{"@type":"ListItem","position":2,"name":"Projects","item":"https:\/\/suzuki.com.gt\/motos\/project\/"},{"@type":"ListItem","position":3,"name":"Suzuki es para todo el a\u00f1o, su transporte tambi\u00e9n"}]},{"@type":"WebSite","@id":"https:\/\/suzuki.com.gt\/motos\/#website","url":"https:\/\/suzuki.com.gt\/motos\/","name":"Motos Suzuki Guatemala","description":"Motos Suzuki Guatemala","publisher":{"@id":"https:\/\/suzuki.com.gt\/motos\/#organization"},"potentialAction":[{"@type":"SearchAction","target":{"@type":"EntryPoint","urlTemplate":"https:\/\/suzuki.com.gt\/motos\/?s={search_term_string}"},"query-input":{"@type":"PropertyValueSpecification","valueRequired":true,"valueName":"search_term_string"}}],"inLanguage":"es"},{"@type":"Organization","@id":"https:\/\/suzuki.com.gt\/motos\/#organization","name":"Motos Suzuki Guatemala","url":"https:\/\/suzuki.com.gt\/motos\/","logo":{"@type":"ImageObject","inLanguage":"es","@id":"https:\/\/suzuki.com.gt\/motos\/#\/schema\/logo\/image\/","url":"https:\/\/suzuki.com.gt\/motos\/wp-content\/uploads\/2022\/12\/logo-suzuki-JPG-1-scaled.jpg","contentUrl":"https:\/\/suzuki.com.gt\/motos\/wp-content\/uploads\/2022\/12\/logo-suzuki-JPG-1-scaled.jpg","width":2560,"height":774,"caption":"Motos Suzuki Guatemala"},"image":{"@id":"https:\/\/suzuki.com.gt\/motos\/#\/schema\/logo\/image\/"},"sameAs":["https:\/\/www.facebook.com\/MotosSuzukiGuatemala\/","https:\/\/www.youtube.com\/@SuzukiMotosGuatemala","https:\/\/www.instagram.com\/motossuzukiguatemala","https:\/\/www.tiktok.com\/@motossuzukigt"]}]}},"_links":{"self":[{"href":"https:\/\/suzuki.com.gt\/motos\/wp-json\/wp\/v2\/project\/249302","targetHints":{"allow":["GET"]}}],"collection":[{"href":"https:\/\/suzuki.com.gt\/motos\/wp-json\/wp\/v2\/project"}],"about":[{"href":"https:\/\/suzuki.com.gt\/motos\/wp-json\/wp\/v2\/types\/project"}],"author":[{"embeddable":true,"href":"https:\/\/suzuki.com.gt\/motos\/wp-json\/wp\/v2\/users\/6"}],"replies":[{"embeddable":true,"href":"https:\/\/suzuki.com.gt\/motos\/wp-json\/wp\/v2\/comments?post=249302"}],"version-history":[{"count":4,"href":"https:\/\/suzuki.com.gt\/motos\/wp-json\/wp\/v2\/project\/249302\/revisions"}],"predecessor-version":[{"id":249314,"href":"https:\/\/suzuki.com.gt\/motos\/wp-json\/wp\/v2\/project\/249302\/revisions\/249314"}],"wp:featuredmedia":[{"embeddable":true,"href":"https:\/\/suzuki.com.gt\/motos\/wp-json\/wp\/v2\/media\/249299"}],"wp:attachment":[{"href":"https:\/\/suzuki.com.gt\/motos\/wp-json\/wp\/v2\/media?parent=249302"}],"wp:term":[{"taxonomy":"project_category","embeddable":true,"href":"https:\/\/suzuki.com.gt\/motos\/wp-json\/wp\/v2\/project_category?post=249302"},{"taxonomy":"project_tag","embeddable":true,"href":"https:\/\/suzuki.com.gt\/motos\/wp-json\/wp\/v2\/project_tag?post=249302"}],"curies":[{"name":"wp","href":"https:\/\/api.w.org\/{rel}","templated":true}]}}