{"id":249000,"date":"2025-01-05T08:00:00","date_gmt":"2025-01-05T14:00:00","guid":{"rendered":"https:\/\/suzuki.com.gt\/motos\/?post_type=project&#038;p=249000"},"modified":"2024-12-30T15:37:05","modified_gmt":"2024-12-30T21:37:05","slug":"la-partida-de-un-referente-osuma-suzuki","status":"publish","type":"project","link":"https:\/\/suzuki.com.gt\/motos\/project\/la-partida-de-un-referente-osuma-suzuki\/","title":{"rendered":"La partida de un referente: Osuma Suzuki"},"content":{"rendered":"\n[et_pb_section fb_built=&#8221;1&#8243; _builder_version=&#8221;4.23.1&#8243; _module_preset=&#8221;default&#8221; custom_margin=&#8221;0px||0px||false|false&#8221; custom_padding=&#8221;0px||0px||false|false&#8221; da_disable_devices=&#8221;off|off|off&#8221; global_colors_info=&#8221;{}&#8221; theme_builder_area=&#8221;post_content&#8221; da_is_popup=&#8221;off&#8221; da_exit_intent=&#8221;off&#8221; da_has_close=&#8221;on&#8221; da_alt_close=&#8221;off&#8221; da_dark_close=&#8221;off&#8221; da_not_modal=&#8221;on&#8221; da_is_singular=&#8221;off&#8221; da_with_loader=&#8221;off&#8221; da_has_shadow=&#8221;on&#8221;][et_pb_row _builder_version=&#8221;4.23&#8243; _module_preset=&#8221;default&#8221; custom_margin=&#8221;0px||0px||false|false&#8221; custom_padding=&#8221;0px||0px||false|false&#8221; global_colors_info=&#8221;{}&#8221; theme_builder_area=&#8221;post_content&#8221;][et_pb_column type=&#8221;4_4&#8243; _builder_version=&#8221;4.21.0&#8243; _module_preset=&#8221;default&#8221; global_colors_info=&#8221;{}&#8221; theme_builder_area=&#8221;post_content&#8221;][et_pb_image src=&#8221;https:\/\/suzuki.com.gt\/motos\/wp-content\/uploads\/blog-banner.png&#8221; title_text=&#8221;blog-banner&#8221; _builder_version=&#8221;4.27.4&#8243; _module_preset=&#8221;default&#8221; global_colors_info=&#8221;{}&#8221; theme_builder_area=&#8221;post_content&#8221;][\/et_pb_image][\/et_pb_column][\/et_pb_row][et_pb_row _builder_version=&#8221;4.21.0&#8243; _module_preset=&#8221;default&#8221; global_colors_info=&#8221;{}&#8221; theme_builder_area=&#8221;post_content&#8221;][et_pb_column type=&#8221;4_4&#8243; _builder_version=&#8221;4.21.0&#8243; _module_preset=&#8221;default&#8221; global_colors_info=&#8221;{}&#8221; theme_builder_area=&#8221;post_content&#8221;][et_pb_text _builder_version=&#8221;4.27.4&#8243; _module_preset=&#8221;default&#8221; header_4_line_height=&#8221;1.3em&#8221; global_colors_info=&#8221;{}&#8221; theme_builder_area=&#8221;post_content&#8221;]<p>La partida de Osamu Suzuki marca un momento hist\u00f3rico en la l\u00ednea de vida de la industria motriz. Su acertada visi\u00f3n e influencia de \u201ctecnolog\u00eda al alcance de la mayor\u00eda\u201d, provoc\u00f3 la promoci\u00f3n de sistemas que, hoy d\u00eda, son parte del leguaje regular de quienes gustan de los carros, motos y motores marinos.<\/p>\n<p>Desde lo m\u00e1s alto del organigrama de Suzuki Motor Corporation, por poco m\u00e1s de 40 a\u00f1os, algunas de sus decisiones m\u00e1s importantes incluyen: la implementaci\u00f3n de innovadores sistemas de refrigeraci\u00f3n del motor, reducci\u00f3n de peso en chasises y mejoramiento de los procesos de admisi\u00f3n de combustible, siendo estas, apenas algunas de las muchas aportaciones orientadas a mejorar la econom\u00eda del transporte, la eficiencia y eficacia de las m\u00e1quinas, adem\u00e1s del respeto por el medio ambiente.<\/p>\n<p>Motoriz\u00f3 a pa\u00edses altamente poblados con mercados emergentes, a trav\u00e9s de la oferta de motocicletas confiables, de precio accesible y gran duraci\u00f3n. Su rico portafolio de productos incluye desde veh\u00edculos de baja cilindrada, hasta s\u00faper motocicletas. Algunas de estas \u00faltimas fueron la base y la recepci\u00f3n de la exitosa participaci\u00f3n de Suzuki en competencias de primer nivel.<\/p>\n<p>En el mundo del autom\u00f3vil, su enfoque en veh\u00edculos peque\u00f1os descubri\u00f3 y capitaliz\u00f3 segmentos marcados por la demanda de transporte personal, comercial, industrial, agropecuario e, incluso, de ocio, satisfaci\u00e9ndola con autos altamente capaces para cada vocaci\u00f3n, siendo un precursor de la eficiencia energ\u00e9tica y sostenibilidad en la industria, torn\u00e1ndose en l\u00edderes de sus propios segmentos.<\/p>\n<p>La visi\u00f3n del se\u00f1or Suzuki, resumida en \u201cvolver a las bases\u201d cre\u00f3 motores marinos econ\u00f3micos y altamente eficientes para la navegaci\u00f3n con fines productivos o bien, de ocio. El cuidado de los elementos acu\u00edferos, su flora y fauna, es un principio incuestionable en cada motor fabricado por esta marca japonesa.<\/p>\n<p>De hoy en adelante, las decisiones tomadas por Osuma Suzuki ser\u00e1n temas obligados en las aulas de estudio de administraci\u00f3n de empresas, mercadeo, finanzas, ventas, ingenier\u00eda y otras, ya que, sus acciones han servido para cambiar al mundo de los negocios, al transporte mundial y, sobre todo, la calidad de vida de millones de personas en todo el globo. Cada vez que usted sea sorprendido por la genialidad expresa en un veh\u00edculo Suzuki, generalmente haciendo acopio de la sencillez, podr\u00e1 admirar la notable agudeza de este insigne l\u00edder mundial.<\/p>[\/et_pb_text][\/et_pb_column][\/et_pb_row][\/et_pb_section][et_pb_section fb_built=&#8221;1&#8243; _builder_version=&#8221;4.23.1&#8243; _module_preset=&#8221;default&#8221; da_disable_devices=&#8221;off|off|off&#8221; global_colors_info=&#8221;{}&#8221; theme_builder_area=&#8221;post_content&#8221; da_is_popup=&#8221;off&#8221; da_exit_intent=&#8221;off&#8221; da_has_close=&#8221;on&#8221; da_alt_close=&#8221;off&#8221; da_dark_close=&#8221;off&#8221; da_not_modal=&#8221;on&#8221; da_is_singular=&#8221;off&#8221; da_with_loader=&#8221;off&#8221; da_has_shadow=&#8221;on&#8221;][et_pb_row column_structure=&#8221;1_3,1_3,1_3&#8243; _builder_version=&#8221;4.23.1&#8243; _module_preset=&#8221;default&#8221; global_colors_info=&#8221;{}&#8221; theme_builder_area=&#8221;post_content&#8221;][et_pb_column type=&#8221;1_3&#8243; _builder_version=&#8221;4.23.1&#8243; _module_preset=&#8221;default&#8221; global_colors_info=&#8221;{}&#8221; theme_builder_area=&#8221;post_content&#8221;][et_pb_video src=&#8221;https:\/\/youtu.be\/7kUveUkw22Q&#8221; _builder_version=&#8221;4.23.1&#8243; _module_preset=&#8221;default&#8221; global_colors_info=&#8221;{}&#8221; theme_builder_area=&#8221;post_content&#8221;][\/et_pb_video][\/et_pb_column][et_pb_column type=&#8221;1_3&#8243; _builder_version=&#8221;4.23.1&#8243; _module_preset=&#8221;default&#8221; global_colors_info=&#8221;{}&#8221; theme_builder_area=&#8221;post_content&#8221;][et_pb_video src=&#8221;https:\/\/youtu.be\/3toXgACtoxQ&#8221; _builder_version=&#8221;4.23.1&#8243; _module_preset=&#8221;default&#8221; global_colors_info=&#8221;{}&#8221; theme_builder_area=&#8221;post_content&#8221;][\/et_pb_video][\/et_pb_column][et_pb_column type=&#8221;1_3&#8243; _builder_version=&#8221;4.23.1&#8243; _module_preset=&#8221;default&#8221; global_colors_info=&#8221;{}&#8221; theme_builder_area=&#8221;post_content&#8221;][et_pb_video src=&#8221;https:\/\/youtu.be\/_drHuQP4Fvo&#8221; _builder_version=&#8221;4.23.1&#8243; _module_preset=&#8221;default&#8221; global_colors_info=&#8221;{}&#8221; theme_builder_area=&#8221;post_content&#8221;][\/et_pb_video][\/et_pb_column][\/et_pb_row][\/et_pb_section]\n","protected":false},"excerpt":{"rendered":"<p>La partida de Osamu Suzuki marca un momento hist\u00f3rico en la l\u00ednea de vida de la industria motriz. Su acertada visi\u00f3n e influencia de \u201ctecnolog\u00eda al alcance de la mayor\u00eda\u201d, provoc\u00f3 la promoci\u00f3n de sistemas que, hoy d\u00eda, son parte del leguaje regular de quienes gustan de los carros, motos y motores marinos. Desde lo [&hellip;]<\/p>\n","protected":false},"author":6,"featured_media":248999,"comment_status":"closed","ping_status":"closed","template":"","meta":{"_et_pb_use_builder":"on","_et_pb_old_content":"","_et_gb_content_width":"","sfsi_plus_gutenberg_text_before_share":"","sfsi_plus_gutenberg_show_text_before_share":"","sfsi_plus_gutenberg_icon_type":"","sfsi_plus_gutenberg_icon_alignemt":"","sfsi_plus_gutenburg_max_per_row":"","footnotes":""},"project_category":[27],"project_tag":[],"class_list":["post-249000","project","type-project","status-publish","has-post-thumbnail","hentry","project_category-blog"],"yoast_head":"<!-- This site is optimized with the Yoast SEO plugin v27.5 - https:\/\/yoast.com\/product\/yoast-seo-wordpress\/ -->\n<title>La partida de un referente: Osuma Suzuki - Motos Suzuki Guatemala<\/title>\n<meta name=\"robots\" content=\"index, follow, max-snippet:-1, max-image-preview:large, max-video-preview:-1\" \/>\n<link rel=\"canonical\" href=\"https:\/\/suzuki.com.gt\/motos\/project\/la-partida-de-un-referente-osuma-suzuki\/\" \/>\n<meta property=\"og:locale\" content=\"es_ES\" \/>\n<meta property=\"og:type\" content=\"article\" \/>\n<meta property=\"og:title\" content=\"La partida de un referente: Osuma Suzuki - Motos Suzuki Guatemala\" \/>\n<meta property=\"og:description\" content=\"La partida de Osamu Suzuki marca un momento hist\u00f3rico en la l\u00ednea de vida de la industria motriz. Su acertada visi\u00f3n e influencia de \u201ctecnolog\u00eda al alcance de la mayor\u00eda\u201d, provoc\u00f3 la promoci\u00f3n de sistemas que, hoy d\u00eda, son parte del leguaje regular de quienes gustan de los carros, motos y motores marinos. Desde lo [&hellip;]\" \/>\n<meta property=\"og:url\" content=\"https:\/\/suzuki.com.gt\/motos\/project\/la-partida-de-un-referente-osuma-suzuki\/\" \/>\n<meta property=\"og:site_name\" content=\"Motos Suzuki Guatemala\" \/>\n<meta property=\"article:publisher\" content=\"https:\/\/www.facebook.com\/MotosSuzukiGuatemala\/\" \/>\n<meta property=\"og:image\" content=\"https:\/\/suzuki.com.gt\/motos\/wp-content\/uploads\/blog-capa-azul.png\" \/>\n\t<meta property=\"og:image:width\" content=\"833\" \/>\n\t<meta property=\"og:image:height\" content=\"521\" \/>\n\t<meta property=\"og:image:type\" content=\"image\/png\" \/>\n<meta name=\"twitter:card\" content=\"summary_large_image\" \/>\n<meta name=\"twitter:label1\" content=\"Tiempo de lectura\" \/>\n\t<meta name=\"twitter:data1\" content=\"3 minutos\" \/>\n<script type=\"application\/ld+json\" class=\"yoast-schema-graph\">{\"@context\":\"https:\\\/\\\/schema.org\",\"@graph\":[{\"@type\":\"WebPage\",\"@id\":\"https:\\\/\\\/suzuki.com.gt\\\/motos\\\/project\\\/la-partida-de-un-referente-osuma-suzuki\\\/\",\"url\":\"https:\\\/\\\/suzuki.com.gt\\\/motos\\\/project\\\/la-partida-de-un-referente-osuma-suzuki\\\/\",\"name\":\"La partida de un referente: Osuma Suzuki - Motos Suzuki Guatemala\",\"isPartOf\":{\"@id\":\"https:\\\/\\\/suzuki.com.gt\\\/motos\\\/#website\"},\"primaryImageOfPage\":{\"@id\":\"https:\\\/\\\/suzuki.com.gt\\\/motos\\\/project\\\/la-partida-de-un-referente-osuma-suzuki\\\/#primaryimage\"},\"image\":{\"@id\":\"https:\\\/\\\/suzuki.com.gt\\\/motos\\\/project\\\/la-partida-de-un-referente-osuma-suzuki\\\/#primaryimage\"},\"thumbnailUrl\":\"https:\\\/\\\/suzuki.com.gt\\\/motos\\\/wp-content\\\/uploads\\\/blog-capa-azul.png\",\"datePublished\":\"2025-01-05T14:00:00+00:00\",\"breadcrumb\":{\"@id\":\"https:\\\/\\\/suzuki.com.gt\\\/motos\\\/project\\\/la-partida-de-un-referente-osuma-suzuki\\\/#breadcrumb\"},\"inLanguage\":\"es\",\"potentialAction\":[{\"@type\":\"ReadAction\",\"target\":[\"https:\\\/\\\/suzuki.com.gt\\\/motos\\\/project\\\/la-partida-de-un-referente-osuma-suzuki\\\/\"]}]},{\"@type\":\"ImageObject\",\"inLanguage\":\"es\",\"@id\":\"https:\\\/\\\/suzuki.com.gt\\\/motos\\\/project\\\/la-partida-de-un-referente-osuma-suzuki\\\/#primaryimage\",\"url\":\"https:\\\/\\\/suzuki.com.gt\\\/motos\\\/wp-content\\\/uploads\\\/blog-capa-azul.png\",\"contentUrl\":\"https:\\\/\\\/suzuki.com.gt\\\/motos\\\/wp-content\\\/uploads\\\/blog-capa-azul.png\",\"width\":833,\"height\":521},{\"@type\":\"BreadcrumbList\",\"@id\":\"https:\\\/\\\/suzuki.com.gt\\\/motos\\\/project\\\/la-partida-de-un-referente-osuma-suzuki\\\/#breadcrumb\",\"itemListElement\":[{\"@type\":\"ListItem\",\"position\":1,\"name\":\"Portada\",\"item\":\"https:\\\/\\\/suzuki.com.gt\\\/motos\\\/\"},{\"@type\":\"ListItem\",\"position\":2,\"name\":\"Projects\",\"item\":\"https:\\\/\\\/suzuki.com.gt\\\/motos\\\/project\\\/\"},{\"@type\":\"ListItem\",\"position\":3,\"name\":\"La partida de un referente: Osuma Suzuki\"}]},{\"@type\":\"WebSite\",\"@id\":\"https:\\\/\\\/suzuki.com.gt\\\/motos\\\/#website\",\"url\":\"https:\\\/\\\/suzuki.com.gt\\\/motos\\\/\",\"name\":\"Motos Suzuki Guatemala\",\"description\":\"Motos Suzuki Guatemala\",\"publisher\":{\"@id\":\"https:\\\/\\\/suzuki.com.gt\\\/motos\\\/#organization\"},\"potentialAction\":[{\"@type\":\"SearchAction\",\"target\":{\"@type\":\"EntryPoint\",\"urlTemplate\":\"https:\\\/\\\/suzuki.com.gt\\\/motos\\\/?s={search_term_string}\"},\"query-input\":{\"@type\":\"PropertyValueSpecification\",\"valueRequired\":true,\"valueName\":\"search_term_string\"}}],\"inLanguage\":\"es\"},{\"@type\":\"Organization\",\"@id\":\"https:\\\/\\\/suzuki.com.gt\\\/motos\\\/#organization\",\"name\":\"Motos Suzuki Guatemala\",\"url\":\"https:\\\/\\\/suzuki.com.gt\\\/motos\\\/\",\"logo\":{\"@type\":\"ImageObject\",\"inLanguage\":\"es\",\"@id\":\"https:\\\/\\\/suzuki.com.gt\\\/motos\\\/#\\\/schema\\\/logo\\\/image\\\/\",\"url\":\"https:\\\/\\\/suzuki.com.gt\\\/motos\\\/wp-content\\\/uploads\\\/2022\\\/12\\\/logo-suzuki-JPG-1-scaled.jpg\",\"contentUrl\":\"https:\\\/\\\/suzuki.com.gt\\\/motos\\\/wp-content\\\/uploads\\\/2022\\\/12\\\/logo-suzuki-JPG-1-scaled.jpg\",\"width\":2560,\"height\":774,\"caption\":\"Motos Suzuki Guatemala\"},\"image\":{\"@id\":\"https:\\\/\\\/suzuki.com.gt\\\/motos\\\/#\\\/schema\\\/logo\\\/image\\\/\"},\"sameAs\":[\"https:\\\/\\\/www.facebook.com\\\/MotosSuzukiGuatemala\\\/\",\"https:\\\/\\\/www.youtube.com\\\/@SuzukiMotosGuatemala\",\"https:\\\/\\\/www.instagram.com\\\/motossuzukiguatemala\",\"https:\\\/\\\/www.tiktok.com\\\/@motossuzukigt\"]}]}<\/script>\n<!-- \/ Yoast SEO plugin. -->","yoast_head_json":{"title":"La partida de un referente: Osuma Suzuki - Motos Suzuki Guatemala","robots":{"index":"index","follow":"follow","max-snippet":"max-snippet:-1","max-image-preview":"max-image-preview:large","max-video-preview":"max-video-preview:-1"},"canonical":"https:\/\/suzuki.com.gt\/motos\/project\/la-partida-de-un-referente-osuma-suzuki\/","og_locale":"es_ES","og_type":"article","og_title":"La partida de un referente: Osuma Suzuki - Motos Suzuki Guatemala","og_description":"La partida de Osamu Suzuki marca un momento hist\u00f3rico en la l\u00ednea de vida de la industria motriz. Su acertada visi\u00f3n e influencia de \u201ctecnolog\u00eda al alcance de la mayor\u00eda\u201d, provoc\u00f3 la promoci\u00f3n de sistemas que, hoy d\u00eda, son parte del leguaje regular de quienes gustan de los carros, motos y motores marinos. Desde lo [&hellip;]","og_url":"https:\/\/suzuki.com.gt\/motos\/project\/la-partida-de-un-referente-osuma-suzuki\/","og_site_name":"Motos Suzuki Guatemala","article_publisher":"https:\/\/www.facebook.com\/MotosSuzukiGuatemala\/","og_image":[{"width":833,"height":521,"url":"https:\/\/suzuki.com.gt\/motos\/wp-content\/uploads\/blog-capa-azul.png","type":"image\/png"}],"twitter_card":"summary_large_image","twitter_misc":{"Tiempo de lectura":"3 minutos"},"schema":{"@context":"https:\/\/schema.org","@graph":[{"@type":"WebPage","@id":"https:\/\/suzuki.com.gt\/motos\/project\/la-partida-de-un-referente-osuma-suzuki\/","url":"https:\/\/suzuki.com.gt\/motos\/project\/la-partida-de-un-referente-osuma-suzuki\/","name":"La partida de un referente: Osuma Suzuki - Motos Suzuki Guatemala","isPartOf":{"@id":"https:\/\/suzuki.com.gt\/motos\/#website"},"primaryImageOfPage":{"@id":"https:\/\/suzuki.com.gt\/motos\/project\/la-partida-de-un-referente-osuma-suzuki\/#primaryimage"},"image":{"@id":"https:\/\/suzuki.com.gt\/motos\/project\/la-partida-de-un-referente-osuma-suzuki\/#primaryimage"},"thumbnailUrl":"https:\/\/suzuki.com.gt\/motos\/wp-content\/uploads\/blog-capa-azul.png","datePublished":"2025-01-05T14:00:00+00:00","breadcrumb":{"@id":"https:\/\/suzuki.com.gt\/motos\/project\/la-partida-de-un-referente-osuma-suzuki\/#breadcrumb"},"inLanguage":"es","potentialAction":[{"@type":"ReadAction","target":["https:\/\/suzuki.com.gt\/motos\/project\/la-partida-de-un-referente-osuma-suzuki\/"]}]},{"@type":"ImageObject","inLanguage":"es","@id":"https:\/\/suzuki.com.gt\/motos\/project\/la-partida-de-un-referente-osuma-suzuki\/#primaryimage","url":"https:\/\/suzuki.com.gt\/motos\/wp-content\/uploads\/blog-capa-azul.png","contentUrl":"https:\/\/suzuki.com.gt\/motos\/wp-content\/uploads\/blog-capa-azul.png","width":833,"height":521},{"@type":"BreadcrumbList","@id":"https:\/\/suzuki.com.gt\/motos\/project\/la-partida-de-un-referente-osuma-suzuki\/#breadcrumb","itemListElement":[{"@type":"ListItem","position":1,"name":"Portada","item":"https:\/\/suzuki.com.gt\/motos\/"},{"@type":"ListItem","position":2,"name":"Projects","item":"https:\/\/suzuki.com.gt\/motos\/project\/"},{"@type":"ListItem","position":3,"name":"La partida de un referente: Osuma Suzuki"}]},{"@type":"WebSite","@id":"https:\/\/suzuki.com.gt\/motos\/#website","url":"https:\/\/suzuki.com.gt\/motos\/","name":"Motos Suzuki Guatemala","description":"Motos Suzuki Guatemala","publisher":{"@id":"https:\/\/suzuki.com.gt\/motos\/#organization"},"potentialAction":[{"@type":"SearchAction","target":{"@type":"EntryPoint","urlTemplate":"https:\/\/suzuki.com.gt\/motos\/?s={search_term_string}"},"query-input":{"@type":"PropertyValueSpecification","valueRequired":true,"valueName":"search_term_string"}}],"inLanguage":"es"},{"@type":"Organization","@id":"https:\/\/suzuki.com.gt\/motos\/#organization","name":"Motos Suzuki Guatemala","url":"https:\/\/suzuki.com.gt\/motos\/","logo":{"@type":"ImageObject","inLanguage":"es","@id":"https:\/\/suzuki.com.gt\/motos\/#\/schema\/logo\/image\/","url":"https:\/\/suzuki.com.gt\/motos\/wp-content\/uploads\/2022\/12\/logo-suzuki-JPG-1-scaled.jpg","contentUrl":"https:\/\/suzuki.com.gt\/motos\/wp-content\/uploads\/2022\/12\/logo-suzuki-JPG-1-scaled.jpg","width":2560,"height":774,"caption":"Motos Suzuki Guatemala"},"image":{"@id":"https:\/\/suzuki.com.gt\/motos\/#\/schema\/logo\/image\/"},"sameAs":["https:\/\/www.facebook.com\/MotosSuzukiGuatemala\/","https:\/\/www.youtube.com\/@SuzukiMotosGuatemala","https:\/\/www.instagram.com\/motossuzukiguatemala","https:\/\/www.tiktok.com\/@motossuzukigt"]}]}},"_links":{"self":[{"href":"https:\/\/suzuki.com.gt\/motos\/wp-json\/wp\/v2\/project\/249000","targetHints":{"allow":["GET"]}}],"collection":[{"href":"https:\/\/suzuki.com.gt\/motos\/wp-json\/wp\/v2\/project"}],"about":[{"href":"https:\/\/suzuki.com.gt\/motos\/wp-json\/wp\/v2\/types\/project"}],"author":[{"embeddable":true,"href":"https:\/\/suzuki.com.gt\/motos\/wp-json\/wp\/v2\/users\/6"}],"replies":[{"embeddable":true,"href":"https:\/\/suzuki.com.gt\/motos\/wp-json\/wp\/v2\/comments?post=249000"}],"version-history":[{"count":4,"href":"https:\/\/suzuki.com.gt\/motos\/wp-json\/wp\/v2\/project\/249000\/revisions"}],"predecessor-version":[{"id":249005,"href":"https:\/\/suzuki.com.gt\/motos\/wp-json\/wp\/v2\/project\/249000\/revisions\/249005"}],"wp:featuredmedia":[{"embeddable":true,"href":"https:\/\/suzuki.com.gt\/motos\/wp-json\/wp\/v2\/media\/248999"}],"wp:attachment":[{"href":"https:\/\/suzuki.com.gt\/motos\/wp-json\/wp\/v2\/media?parent=249000"}],"wp:term":[{"taxonomy":"project_category","embeddable":true,"href":"https:\/\/suzuki.com.gt\/motos\/wp-json\/wp\/v2\/project_category?post=249000"},{"taxonomy":"project_tag","embeddable":true,"href":"https:\/\/suzuki.com.gt\/motos\/wp-json\/wp\/v2\/project_tag?post=249000"}],"curies":[{"name":"wp","href":"https:\/\/api.w.org\/{rel}","templated":true}]}}