{"id":248960,"date":"2024-12-15T08:00:00","date_gmt":"2024-12-15T14:00:00","guid":{"rendered":"https:\/\/suzuki.com.gt\/motos\/?post_type=project&#038;p=248960"},"modified":"2024-12-12T11:39:20","modified_gmt":"2024-12-12T17:39:20","slug":"cuidados-cuando-hay-frio-2","status":"publish","type":"project","link":"https:\/\/suzuki.com.gt\/motos\/project\/cuidados-cuando-hay-frio-2\/","title":{"rendered":"Cuidados cuando hay fr\u00edo"},"content":{"rendered":"<p>[et_pb_section fb_built=&#8221;1&#8243; _builder_version=&#8221;4.23.1&#8243; _module_preset=&#8221;default&#8221; custom_margin=&#8221;0px||0px||false|false&#8221; custom_padding=&#8221;0px||0px||false|false&#8221; da_disable_devices=&#8221;off|off|off&#8221; global_colors_info=&#8221;{}&#8221; theme_builder_area=&#8221;post_content&#8221; da_is_popup=&#8221;off&#8221; da_exit_intent=&#8221;off&#8221; da_has_close=&#8221;on&#8221; da_alt_close=&#8221;off&#8221; da_dark_close=&#8221;off&#8221; da_not_modal=&#8221;on&#8221; da_is_singular=&#8221;off&#8221; da_with_loader=&#8221;off&#8221; da_has_shadow=&#8221;on&#8221;][et_pb_row _builder_version=&#8221;4.23&#8243; _module_preset=&#8221;default&#8221; custom_margin=&#8221;0px||0px||false|false&#8221; custom_padding=&#8221;0px||0px||false|false&#8221; global_colors_info=&#8221;{}&#8221; theme_builder_area=&#8221;post_content&#8221;][et_pb_column type=&#8221;4_4&#8243; _builder_version=&#8221;4.21.0&#8243; _module_preset=&#8221;default&#8221; global_colors_info=&#8221;{}&#8221; theme_builder_area=&#8221;post_content&#8221;][et_pb_image src=&#8221;https:\/\/suzuki.com.gt\/motos\/wp-content\/uploads\/BLOGS-DIC-INTRUDER-01-scaled.jpg&#8221; title_text=&#8221;BLOGS DIC INTRUDER-01&#8243; _builder_version=&#8221;4.27.4&#8243; _module_preset=&#8221;default&#8221; global_colors_info=&#8221;{}&#8221; theme_builder_area=&#8221;post_content&#8221;][\/et_pb_image][\/et_pb_column][\/et_pb_row][et_pb_row _builder_version=&#8221;4.21.0&#8243; _module_preset=&#8221;default&#8221; global_colors_info=&#8221;{}&#8221; theme_builder_area=&#8221;post_content&#8221;][et_pb_column type=&#8221;4_4&#8243; _builder_version=&#8221;4.21.0&#8243; _module_preset=&#8221;default&#8221; global_colors_info=&#8221;{}&#8221; theme_builder_area=&#8221;post_content&#8221;][et_pb_text _builder_version=&#8221;4.27.4&#8243; _module_preset=&#8221;default&#8221; header_4_line_height=&#8221;1.3em&#8221; hover_enabled=&#8221;0&#8243; global_colors_info=&#8221;{}&#8221; theme_builder_area=&#8221;post_content&#8221; sticky_enabled=&#8221;0&#8243;]<\/p>\n<p>Nuestra moto y nosotros mismos, estamos rodeados por el ambiente, sea este el que sea. Cuando hay fr\u00edo, las reacciones de nosotros y de nuestra moto pueden ser poco agradables.<\/p>\n<p>As\u00ed cuando se han dado temperaturas bajas, es conveniente considerar las siguientes observaciones:<\/p>\n<p style=\"padding-left: 40px;\">1. Guarde su moto bajo techo, para evitar que el l\u00edquido de la bater\u00eda, entre otros, sufra degradaci\u00f3n de calidad.<br \/>2. Siempre calentar el motor para que los fluidos tomen su temperatura adecuada de trabajo. De lo contrario, podr\u00edan da\u00f1arse piezas internas por lubricaci\u00f3n deficiente, mal flujo de l\u00edquido de radiador en motos con ese tipo de enfriamiento y l\u00edquido de frenos ineficaz si no se ha utilizado uno de alta calidad.<br \/>3. Al empezar a desplazarse, frecuentemente, las bandas de rodamiento de los neum\u00e1ticos est\u00e1n fr\u00edas, lo que podr\u00e1 provocar menor coeficiente de adherencia con la carretera. Por esa raz\u00f3n, se debe tomar m\u00e1s distancia de los veh\u00edculos precedentes porque la distancia de frenado puede ser mayor. Adem\u00e1s, los trazos en curvas deber\u00edan ser m\u00e1s amplios, m\u00e1s redondos y a menor velocidad.<br \/>4. Los guantes son de obligado uso. No s\u00f3lo por la molesta sensaci\u00f3n en las manos, sino porque pueden enfriarlas tanto que perdamos movilidad, haciendo m\u00e1s torpes los procesos de frenado, cambio de velocidades e, incluso, la sujeci\u00f3n del tim\u00f3n.<br \/>5. Con bufandas o el cuello de la chumpa de motorista, se debe sellar la parte del cuello con el casco, para evitar el flujo de aire fr\u00edo hacia la cara, que genere problemas de visibilidad.<br \/>6. Las orejas son radiadores de nuestro cuerpo. Si est\u00e1n debidamente protegidas con pasamonta\u00f1a o balaclava, habr\u00e1 mucha mayor comodidad, se mantendr\u00e1 la temperatura corporal y se evitar\u00e1 el congelamiento.<br \/>7. La protecci\u00f3n de todo el cuerpo es de primordial importancia porque la hipotermia o p\u00e9rdida del calor vital se puede dar sin que tomemos consciencia de ello, y el resultado final ser\u00e1 p\u00e9rdida de las capacidades y con ello, inminentes riesgos de accidente.<br \/>8. Es importante hacerse ver. Ropa que pueda distinguirse a la distancia ser\u00e1 adecuada para que otros conductores consideren que un motorista va en el mismo camino.<br \/>9. Por \u00faltimo, pero no menos importante: evalu\u00e9 seriamente si es inevitable salir cuando hay mucho fr\u00edo. Su Suzuki est\u00e1 hecha para cualquier clima, pero si puede postergar hacer el viaje, para cuando el clima sea favorable, ser\u00e1 de sabios evitar, ante la duda.<\/p>\n<p>[\/et_pb_text][\/et_pb_column][\/et_pb_row][\/et_pb_section][et_pb_section fb_built=&#8221;1&#8243; _builder_version=&#8221;4.23.1&#8243; _module_preset=&#8221;default&#8221; da_disable_devices=&#8221;off|off|off&#8221; global_colors_info=&#8221;{}&#8221; theme_builder_area=&#8221;post_content&#8221; da_is_popup=&#8221;off&#8221; da_exit_intent=&#8221;off&#8221; da_has_close=&#8221;on&#8221; da_alt_close=&#8221;off&#8221; da_dark_close=&#8221;off&#8221; da_not_modal=&#8221;on&#8221; da_is_singular=&#8221;off&#8221; da_with_loader=&#8221;off&#8221; da_has_shadow=&#8221;on&#8221;][et_pb_row column_structure=&#8221;1_3,1_3,1_3&#8243; _builder_version=&#8221;4.23.1&#8243; _module_preset=&#8221;default&#8221; global_colors_info=&#8221;{}&#8221; theme_builder_area=&#8221;post_content&#8221;][et_pb_column type=&#8221;1_3&#8243; _builder_version=&#8221;4.23.1&#8243; _module_preset=&#8221;default&#8221; global_colors_info=&#8221;{}&#8221; theme_builder_area=&#8221;post_content&#8221;][et_pb_video src=&#8221;https:\/\/youtu.be\/7kUveUkw22Q&#8221; _builder_version=&#8221;4.23.1&#8243; _module_preset=&#8221;default&#8221; global_colors_info=&#8221;{}&#8221; theme_builder_area=&#8221;post_content&#8221;][\/et_pb_video][\/et_pb_column][et_pb_column type=&#8221;1_3&#8243; _builder_version=&#8221;4.23.1&#8243; _module_preset=&#8221;default&#8221; global_colors_info=&#8221;{}&#8221; theme_builder_area=&#8221;post_content&#8221;][et_pb_video src=&#8221;https:\/\/youtu.be\/3toXgACtoxQ&#8221; _builder_version=&#8221;4.23.1&#8243; _module_preset=&#8221;default&#8221; global_colors_info=&#8221;{}&#8221; theme_builder_area=&#8221;post_content&#8221;][\/et_pb_video][\/et_pb_column][et_pb_column type=&#8221;1_3&#8243; _builder_version=&#8221;4.23.1&#8243; _module_preset=&#8221;default&#8221; global_colors_info=&#8221;{}&#8221; theme_builder_area=&#8221;post_content&#8221;][et_pb_video src=&#8221;https:\/\/youtu.be\/_drHuQP4Fvo&#8221; _builder_version=&#8221;4.23.1&#8243; _module_preset=&#8221;default&#8221; global_colors_info=&#8221;{}&#8221; theme_builder_area=&#8221;post_content&#8221;][\/et_pb_video][\/et_pb_column][\/et_pb_row][\/et_pb_section]<\/p>\n","protected":false},"excerpt":{"rendered":"<p>Nuestra moto y nosotros mismos, estamos rodeados por el ambiente, sea este el que sea. Cuando hay fr\u00edo, las reacciones de nosotros y de nuestra moto pueden ser poco agradables. As\u00ed cuando se han dado temperaturas bajas, es conveniente considerar las siguientes observaciones: 1. Guarde su moto bajo techo, para evitar que el l\u00edquido de [&hellip;]<\/p>\n","protected":false},"author":6,"featured_media":248885,"comment_status":"closed","ping_status":"closed","template":"","meta":{"_et_pb_use_builder":"on","_et_pb_old_content":"","_et_gb_content_width":"","sfsi_plus_gutenberg_text_before_share":"","sfsi_plus_gutenberg_show_text_before_share":"","sfsi_plus_gutenberg_icon_type":"","sfsi_plus_gutenberg_icon_alignemt":"","sfsi_plus_gutenburg_max_per_row":"","footnotes":""},"project_category":[27],"project_tag":[],"class_list":["post-248960","project","type-project","status-publish","has-post-thumbnail","hentry","project_category-blog"],"yoast_head":"<!-- This site is optimized with the Yoast SEO plugin v27.5 - https:\/\/yoast.com\/product\/yoast-seo-wordpress\/ -->\n<title>Cuidados cuando hay fr\u00edo - Motos Suzuki Guatemala<\/title>\n<meta name=\"robots\" content=\"index, follow, max-snippet:-1, max-image-preview:large, max-video-preview:-1\" \/>\n<link rel=\"canonical\" href=\"https:\/\/suzuki.com.gt\/motos\/project\/cuidados-cuando-hay-frio-2\/\" \/>\n<meta property=\"og:locale\" content=\"es_ES\" \/>\n<meta property=\"og:type\" content=\"article\" \/>\n<meta property=\"og:title\" content=\"Cuidados cuando hay fr\u00edo - Motos Suzuki Guatemala\" \/>\n<meta property=\"og:description\" content=\"Nuestra moto y nosotros mismos, estamos rodeados por el ambiente, sea este el que sea. Cuando hay fr\u00edo, las reacciones de nosotros y de nuestra moto pueden ser poco agradables. As\u00ed cuando se han dado temperaturas bajas, es conveniente considerar las siguientes observaciones: 1. Guarde su moto bajo techo, para evitar que el l\u00edquido de [&hellip;]\" \/>\n<meta property=\"og:url\" content=\"https:\/\/suzuki.com.gt\/motos\/project\/cuidados-cuando-hay-frio-2\/\" \/>\n<meta property=\"og:site_name\" content=\"Motos Suzuki Guatemala\" \/>\n<meta property=\"article:publisher\" content=\"https:\/\/www.facebook.com\/MotosSuzukiGuatemala\/\" \/>\n<meta property=\"og:image\" content=\"https:\/\/suzuki.com.gt\/motos\/wp-content\/uploads\/BLOGS-DIC-INTRUDER-02.jpg\" \/>\n\t<meta property=\"og:image:width\" content=\"835\" \/>\n\t<meta property=\"og:image:height\" content=\"522\" \/>\n\t<meta property=\"og:image:type\" content=\"image\/jpeg\" \/>\n<meta name=\"twitter:card\" content=\"summary_large_image\" \/>\n<meta name=\"twitter:label1\" content=\"Tiempo de lectura\" \/>\n\t<meta name=\"twitter:data1\" content=\"3 minutos\" \/>\n<script type=\"application\/ld+json\" class=\"yoast-schema-graph\">{\"@context\":\"https:\\\/\\\/schema.org\",\"@graph\":[{\"@type\":\"WebPage\",\"@id\":\"https:\\\/\\\/suzuki.com.gt\\\/motos\\\/project\\\/cuidados-cuando-hay-frio-2\\\/\",\"url\":\"https:\\\/\\\/suzuki.com.gt\\\/motos\\\/project\\\/cuidados-cuando-hay-frio-2\\\/\",\"name\":\"Cuidados cuando hay fr\u00edo - Motos Suzuki Guatemala\",\"isPartOf\":{\"@id\":\"https:\\\/\\\/suzuki.com.gt\\\/motos\\\/#website\"},\"primaryImageOfPage\":{\"@id\":\"https:\\\/\\\/suzuki.com.gt\\\/motos\\\/project\\\/cuidados-cuando-hay-frio-2\\\/#primaryimage\"},\"image\":{\"@id\":\"https:\\\/\\\/suzuki.com.gt\\\/motos\\\/project\\\/cuidados-cuando-hay-frio-2\\\/#primaryimage\"},\"thumbnailUrl\":\"https:\\\/\\\/suzuki.com.gt\\\/motos\\\/wp-content\\\/uploads\\\/BLOGS-DIC-INTRUDER-02.jpg\",\"datePublished\":\"2024-12-15T14:00:00+00:00\",\"breadcrumb\":{\"@id\":\"https:\\\/\\\/suzuki.com.gt\\\/motos\\\/project\\\/cuidados-cuando-hay-frio-2\\\/#breadcrumb\"},\"inLanguage\":\"es\",\"potentialAction\":[{\"@type\":\"ReadAction\",\"target\":[\"https:\\\/\\\/suzuki.com.gt\\\/motos\\\/project\\\/cuidados-cuando-hay-frio-2\\\/\"]}]},{\"@type\":\"ImageObject\",\"inLanguage\":\"es\",\"@id\":\"https:\\\/\\\/suzuki.com.gt\\\/motos\\\/project\\\/cuidados-cuando-hay-frio-2\\\/#primaryimage\",\"url\":\"https:\\\/\\\/suzuki.com.gt\\\/motos\\\/wp-content\\\/uploads\\\/BLOGS-DIC-INTRUDER-02.jpg\",\"contentUrl\":\"https:\\\/\\\/suzuki.com.gt\\\/motos\\\/wp-content\\\/uploads\\\/BLOGS-DIC-INTRUDER-02.jpg\",\"width\":835,\"height\":522},{\"@type\":\"BreadcrumbList\",\"@id\":\"https:\\\/\\\/suzuki.com.gt\\\/motos\\\/project\\\/cuidados-cuando-hay-frio-2\\\/#breadcrumb\",\"itemListElement\":[{\"@type\":\"ListItem\",\"position\":1,\"name\":\"Portada\",\"item\":\"https:\\\/\\\/suzuki.com.gt\\\/motos\\\/\"},{\"@type\":\"ListItem\",\"position\":2,\"name\":\"Projects\",\"item\":\"https:\\\/\\\/suzuki.com.gt\\\/motos\\\/project\\\/\"},{\"@type\":\"ListItem\",\"position\":3,\"name\":\"Cuidados cuando hay fr\u00edo\"}]},{\"@type\":\"WebSite\",\"@id\":\"https:\\\/\\\/suzuki.com.gt\\\/motos\\\/#website\",\"url\":\"https:\\\/\\\/suzuki.com.gt\\\/motos\\\/\",\"name\":\"Motos Suzuki Guatemala\",\"description\":\"Motos Suzuki Guatemala\",\"publisher\":{\"@id\":\"https:\\\/\\\/suzuki.com.gt\\\/motos\\\/#organization\"},\"potentialAction\":[{\"@type\":\"SearchAction\",\"target\":{\"@type\":\"EntryPoint\",\"urlTemplate\":\"https:\\\/\\\/suzuki.com.gt\\\/motos\\\/?s={search_term_string}\"},\"query-input\":{\"@type\":\"PropertyValueSpecification\",\"valueRequired\":true,\"valueName\":\"search_term_string\"}}],\"inLanguage\":\"es\"},{\"@type\":\"Organization\",\"@id\":\"https:\\\/\\\/suzuki.com.gt\\\/motos\\\/#organization\",\"name\":\"Motos Suzuki Guatemala\",\"url\":\"https:\\\/\\\/suzuki.com.gt\\\/motos\\\/\",\"logo\":{\"@type\":\"ImageObject\",\"inLanguage\":\"es\",\"@id\":\"https:\\\/\\\/suzuki.com.gt\\\/motos\\\/#\\\/schema\\\/logo\\\/image\\\/\",\"url\":\"https:\\\/\\\/suzuki.com.gt\\\/motos\\\/wp-content\\\/uploads\\\/2022\\\/12\\\/logo-suzuki-JPG-1-scaled.jpg\",\"contentUrl\":\"https:\\\/\\\/suzuki.com.gt\\\/motos\\\/wp-content\\\/uploads\\\/2022\\\/12\\\/logo-suzuki-JPG-1-scaled.jpg\",\"width\":2560,\"height\":774,\"caption\":\"Motos Suzuki Guatemala\"},\"image\":{\"@id\":\"https:\\\/\\\/suzuki.com.gt\\\/motos\\\/#\\\/schema\\\/logo\\\/image\\\/\"},\"sameAs\":[\"https:\\\/\\\/www.facebook.com\\\/MotosSuzukiGuatemala\\\/\",\"https:\\\/\\\/www.youtube.com\\\/@SuzukiMotosGuatemala\",\"https:\\\/\\\/www.instagram.com\\\/motossuzukiguatemala\",\"https:\\\/\\\/www.tiktok.com\\\/@motossuzukigt\"]}]}<\/script>\n<!-- \/ Yoast SEO plugin. -->","yoast_head_json":{"title":"Cuidados cuando hay fr\u00edo - Motos Suzuki Guatemala","robots":{"index":"index","follow":"follow","max-snippet":"max-snippet:-1","max-image-preview":"max-image-preview:large","max-video-preview":"max-video-preview:-1"},"canonical":"https:\/\/suzuki.com.gt\/motos\/project\/cuidados-cuando-hay-frio-2\/","og_locale":"es_ES","og_type":"article","og_title":"Cuidados cuando hay fr\u00edo - Motos Suzuki Guatemala","og_description":"Nuestra moto y nosotros mismos, estamos rodeados por el ambiente, sea este el que sea. Cuando hay fr\u00edo, las reacciones de nosotros y de nuestra moto pueden ser poco agradables. As\u00ed cuando se han dado temperaturas bajas, es conveniente considerar las siguientes observaciones: 1. Guarde su moto bajo techo, para evitar que el l\u00edquido de [&hellip;]","og_url":"https:\/\/suzuki.com.gt\/motos\/project\/cuidados-cuando-hay-frio-2\/","og_site_name":"Motos Suzuki Guatemala","article_publisher":"https:\/\/www.facebook.com\/MotosSuzukiGuatemala\/","og_image":[{"width":835,"height":522,"url":"https:\/\/suzuki.com.gt\/motos\/wp-content\/uploads\/BLOGS-DIC-INTRUDER-02.jpg","type":"image\/jpeg"}],"twitter_card":"summary_large_image","twitter_misc":{"Tiempo de lectura":"3 minutos"},"schema":{"@context":"https:\/\/schema.org","@graph":[{"@type":"WebPage","@id":"https:\/\/suzuki.com.gt\/motos\/project\/cuidados-cuando-hay-frio-2\/","url":"https:\/\/suzuki.com.gt\/motos\/project\/cuidados-cuando-hay-frio-2\/","name":"Cuidados cuando hay fr\u00edo - Motos Suzuki Guatemala","isPartOf":{"@id":"https:\/\/suzuki.com.gt\/motos\/#website"},"primaryImageOfPage":{"@id":"https:\/\/suzuki.com.gt\/motos\/project\/cuidados-cuando-hay-frio-2\/#primaryimage"},"image":{"@id":"https:\/\/suzuki.com.gt\/motos\/project\/cuidados-cuando-hay-frio-2\/#primaryimage"},"thumbnailUrl":"https:\/\/suzuki.com.gt\/motos\/wp-content\/uploads\/BLOGS-DIC-INTRUDER-02.jpg","datePublished":"2024-12-15T14:00:00+00:00","breadcrumb":{"@id":"https:\/\/suzuki.com.gt\/motos\/project\/cuidados-cuando-hay-frio-2\/#breadcrumb"},"inLanguage":"es","potentialAction":[{"@type":"ReadAction","target":["https:\/\/suzuki.com.gt\/motos\/project\/cuidados-cuando-hay-frio-2\/"]}]},{"@type":"ImageObject","inLanguage":"es","@id":"https:\/\/suzuki.com.gt\/motos\/project\/cuidados-cuando-hay-frio-2\/#primaryimage","url":"https:\/\/suzuki.com.gt\/motos\/wp-content\/uploads\/BLOGS-DIC-INTRUDER-02.jpg","contentUrl":"https:\/\/suzuki.com.gt\/motos\/wp-content\/uploads\/BLOGS-DIC-INTRUDER-02.jpg","width":835,"height":522},{"@type":"BreadcrumbList","@id":"https:\/\/suzuki.com.gt\/motos\/project\/cuidados-cuando-hay-frio-2\/#breadcrumb","itemListElement":[{"@type":"ListItem","position":1,"name":"Portada","item":"https:\/\/suzuki.com.gt\/motos\/"},{"@type":"ListItem","position":2,"name":"Projects","item":"https:\/\/suzuki.com.gt\/motos\/project\/"},{"@type":"ListItem","position":3,"name":"Cuidados cuando hay fr\u00edo"}]},{"@type":"WebSite","@id":"https:\/\/suzuki.com.gt\/motos\/#website","url":"https:\/\/suzuki.com.gt\/motos\/","name":"Motos Suzuki Guatemala","description":"Motos Suzuki Guatemala","publisher":{"@id":"https:\/\/suzuki.com.gt\/motos\/#organization"},"potentialAction":[{"@type":"SearchAction","target":{"@type":"EntryPoint","urlTemplate":"https:\/\/suzuki.com.gt\/motos\/?s={search_term_string}"},"query-input":{"@type":"PropertyValueSpecification","valueRequired":true,"valueName":"search_term_string"}}],"inLanguage":"es"},{"@type":"Organization","@id":"https:\/\/suzuki.com.gt\/motos\/#organization","name":"Motos Suzuki Guatemala","url":"https:\/\/suzuki.com.gt\/motos\/","logo":{"@type":"ImageObject","inLanguage":"es","@id":"https:\/\/suzuki.com.gt\/motos\/#\/schema\/logo\/image\/","url":"https:\/\/suzuki.com.gt\/motos\/wp-content\/uploads\/2022\/12\/logo-suzuki-JPG-1-scaled.jpg","contentUrl":"https:\/\/suzuki.com.gt\/motos\/wp-content\/uploads\/2022\/12\/logo-suzuki-JPG-1-scaled.jpg","width":2560,"height":774,"caption":"Motos Suzuki Guatemala"},"image":{"@id":"https:\/\/suzuki.com.gt\/motos\/#\/schema\/logo\/image\/"},"sameAs":["https:\/\/www.facebook.com\/MotosSuzukiGuatemala\/","https:\/\/www.youtube.com\/@SuzukiMotosGuatemala","https:\/\/www.instagram.com\/motossuzukiguatemala","https:\/\/www.tiktok.com\/@motossuzukigt"]}]}},"_links":{"self":[{"href":"https:\/\/suzuki.com.gt\/motos\/wp-json\/wp\/v2\/project\/248960","targetHints":{"allow":["GET"]}}],"collection":[{"href":"https:\/\/suzuki.com.gt\/motos\/wp-json\/wp\/v2\/project"}],"about":[{"href":"https:\/\/suzuki.com.gt\/motos\/wp-json\/wp\/v2\/types\/project"}],"author":[{"embeddable":true,"href":"https:\/\/suzuki.com.gt\/motos\/wp-json\/wp\/v2\/users\/6"}],"replies":[{"embeddable":true,"href":"https:\/\/suzuki.com.gt\/motos\/wp-json\/wp\/v2\/comments?post=248960"}],"version-history":[{"count":3,"href":"https:\/\/suzuki.com.gt\/motos\/wp-json\/wp\/v2\/project\/248960\/revisions"}],"predecessor-version":[{"id":248967,"href":"https:\/\/suzuki.com.gt\/motos\/wp-json\/wp\/v2\/project\/248960\/revisions\/248967"}],"wp:featuredmedia":[{"embeddable":true,"href":"https:\/\/suzuki.com.gt\/motos\/wp-json\/wp\/v2\/media\/248885"}],"wp:attachment":[{"href":"https:\/\/suzuki.com.gt\/motos\/wp-json\/wp\/v2\/media?parent=248960"}],"wp:term":[{"taxonomy":"project_category","embeddable":true,"href":"https:\/\/suzuki.com.gt\/motos\/wp-json\/wp\/v2\/project_category?post=248960"},{"taxonomy":"project_tag","embeddable":true,"href":"https:\/\/suzuki.com.gt\/motos\/wp-json\/wp\/v2\/project_tag?post=248960"}],"curies":[{"name":"wp","href":"https:\/\/api.w.org\/{rel}","templated":true}]}}