{"id":248582,"date":"2024-11-03T08:00:00","date_gmt":"2024-11-03T14:00:00","guid":{"rendered":"https:\/\/suzuki.com.gt\/motos\/?post_type=project&#038;p=248582"},"modified":"2024-12-12T10:39:02","modified_gmt":"2024-12-12T16:39:02","slug":"imposible-pasar-desapercibido","status":"publish","type":"project","link":"https:\/\/suzuki.com.gt\/motos\/project\/imposible-pasar-desapercibido\/","title":{"rendered":"Imposible pasar desapercibido"},"content":{"rendered":"<p>[et_pb_section fb_built=&#8221;1&#8243; _builder_version=&#8221;4.23.1&#8243; _module_preset=&#8221;default&#8221; custom_margin=&#8221;0px||0px||false|false&#8221; custom_padding=&#8221;0px||0px||false|false&#8221; da_disable_devices=&#8221;off|off|off&#8221; global_colors_info=&#8221;{}&#8221; theme_builder_area=&#8221;post_content&#8221; da_is_popup=&#8221;off&#8221; da_exit_intent=&#8221;off&#8221; da_has_close=&#8221;on&#8221; da_alt_close=&#8221;off&#8221; da_dark_close=&#8221;off&#8221; da_not_modal=&#8221;on&#8221; da_is_singular=&#8221;off&#8221; da_with_loader=&#8221;off&#8221; da_has_shadow=&#8221;on&#8221;][et_pb_row _builder_version=&#8221;4.23&#8243; _module_preset=&#8221;default&#8221; custom_margin=&#8221;0px||0px||false|false&#8221; custom_padding=&#8221;0px||0px||false|false&#8221; global_colors_info=&#8221;{}&#8221; theme_builder_area=&#8221;post_content&#8221;][et_pb_column type=&#8221;4_4&#8243; _builder_version=&#8221;4.21.0&#8243; _module_preset=&#8221;default&#8221; global_colors_info=&#8221;{}&#8221; theme_builder_area=&#8221;post_content&#8221;][et_pb_image src=&#8221;https:\/\/suzuki.com.gt\/motos\/wp-content\/uploads\/web3.png&#8221; title_text=&#8221;web3&#8243; _builder_version=&#8221;4.27.2&#8243; _module_preset=&#8221;default&#8221; global_colors_info=&#8221;{}&#8221; theme_builder_area=&#8221;post_content&#8221;][\/et_pb_image][\/et_pb_column][\/et_pb_row][et_pb_row _builder_version=&#8221;4.21.0&#8243; _module_preset=&#8221;default&#8221; global_colors_info=&#8221;{}&#8221; theme_builder_area=&#8221;post_content&#8221;][et_pb_column type=&#8221;4_4&#8243; _builder_version=&#8221;4.21.0&#8243; _module_preset=&#8221;default&#8221; global_colors_info=&#8221;{}&#8221; theme_builder_area=&#8221;post_content&#8221;][et_pb_text _builder_version=&#8221;4.27.2&#8243; _module_preset=&#8221;default&#8221; header_4_line_height=&#8221;1.3em&#8221; global_colors_info=&#8221;{}&#8221; theme_builder_area=&#8221;post_content&#8221;]<\/p>\n<p>Dise\u00f1ada por artistas japoneses, esta motocicleta es un paso de trascendencia de la motocicleta com\u00fan, hacia el veh\u00edculo de transporte moderno, juvenil, seguro y confiable.<\/p>\n<p>La comodidad ofrecida por su Transmisi\u00f3n Variable Constante (CVT) hace que siempre tenga acceso a una buena reacci\u00f3n del motor con inyecci\u00f3n de gasolina de 125cc capaz de producir 8.7 caballos de fuerza y 10 Newton-metro de torque. Adem\u00e1s, al dosificar la energ\u00eda, logra un consumo de gasolina asombroso: 208 kil\u00f3metros por gal\u00f3n. Y al tener un tanque de 1.4 galones, se pueden recorrer cerca de 300 km con tanque lleno.<\/p>\n<p>Ese \u00e1gil dinamismo propio de veh\u00edculo para la gran ciudad, es controlado por un sistema de frenos combinado con distribuci\u00f3n de fuerza de frenado -EBD- balanceando perfectamente la desaceleraci\u00f3n entre el eje frontal y el posterior.<\/p>\n<p>Desde el punto de vista del conductor y su acompa\u00f1ante, la conveniencia de carga es muy apreciada. Basta con considerar el amplio ba\u00fal, ganchos para colgar bolsas de las compras, tapa externa de tanque de combustible para una f\u00e1cil recarga de gasolina.<\/p>\n<p>Otra ventaja es el confort proporcionado por la suspensi\u00f3n telesc\u00f3pica en el eje delantero y de brazo oscilante en el trasero. Y el auxilio del bloqueo central para inmovilizarla cuando sea necesario.<\/p>\n<p>Su carrocer\u00eda la hace inconfundible. Los vol\u00famenes con cort\u00e9s muy estilizados, luces LED, el enchufe USB y un amplio conjunto de amenidades modernas, hacen de la Suzuki Avenis125, una motocicleta \u00fanica.<\/p>\n<p>Y como la vida urbana actual demanda, su operaci\u00f3n es eco-amigable, al cumplir con la normativa Euro 5 de bajas emisiones.<br \/>Tanto al observarla como al manejarla, la Suzuki Avenis125 es una aventura actual con orientaci\u00f3n al futuro. Es imposible no verla al pasar\u2026 e imposible pasar desapercibido al manejarla.<\/p>\n<p>[\/et_pb_text][\/et_pb_column][\/et_pb_row][\/et_pb_section][et_pb_section fb_built=&#8221;1&#8243; _builder_version=&#8221;4.23.1&#8243; _module_preset=&#8221;default&#8221; da_disable_devices=&#8221;off|off|off&#8221; global_colors_info=&#8221;{}&#8221; theme_builder_area=&#8221;post_content&#8221; da_is_popup=&#8221;off&#8221; da_exit_intent=&#8221;off&#8221; da_has_close=&#8221;on&#8221; da_alt_close=&#8221;off&#8221; da_dark_close=&#8221;off&#8221; da_not_modal=&#8221;on&#8221; da_is_singular=&#8221;off&#8221; da_with_loader=&#8221;off&#8221; da_has_shadow=&#8221;on&#8221;][et_pb_row column_structure=&#8221;1_3,1_3,1_3&#8243; _builder_version=&#8221;4.23.1&#8243; _module_preset=&#8221;default&#8221; global_colors_info=&#8221;{}&#8221; theme_builder_area=&#8221;post_content&#8221;][et_pb_column type=&#8221;1_3&#8243; _builder_version=&#8221;4.23.1&#8243; _module_preset=&#8221;default&#8221; global_colors_info=&#8221;{}&#8221; theme_builder_area=&#8221;post_content&#8221;][et_pb_video src=&#8221;https:\/\/youtu.be\/7kUveUkw22Q&#8221; _builder_version=&#8221;4.23.1&#8243; _module_preset=&#8221;default&#8221; global_colors_info=&#8221;{}&#8221; theme_builder_area=&#8221;post_content&#8221;][\/et_pb_video][\/et_pb_column][et_pb_column type=&#8221;1_3&#8243; _builder_version=&#8221;4.23.1&#8243; _module_preset=&#8221;default&#8221; global_colors_info=&#8221;{}&#8221; theme_builder_area=&#8221;post_content&#8221;][et_pb_video src=&#8221;https:\/\/youtu.be\/3toXgACtoxQ&#8221; _builder_version=&#8221;4.23.1&#8243; _module_preset=&#8221;default&#8221; global_colors_info=&#8221;{}&#8221; theme_builder_area=&#8221;post_content&#8221;][\/et_pb_video][\/et_pb_column][et_pb_column type=&#8221;1_3&#8243; _builder_version=&#8221;4.23.1&#8243; _module_preset=&#8221;default&#8221; global_colors_info=&#8221;{}&#8221; theme_builder_area=&#8221;post_content&#8221;][et_pb_video src=&#8221;https:\/\/youtu.be\/_drHuQP4Fvo&#8221; _builder_version=&#8221;4.23.1&#8243; _module_preset=&#8221;default&#8221; global_colors_info=&#8221;{}&#8221; theme_builder_area=&#8221;post_content&#8221;][\/et_pb_video][\/et_pb_column][\/et_pb_row][\/et_pb_section]<\/p>\n","protected":false},"excerpt":{"rendered":"<p>Dise\u00f1ada por artistas japoneses, esta motocicleta es un paso de trascendencia de la motocicleta com\u00fan, hacia el veh\u00edculo de transporte moderno, juvenil, seguro y confiable. La comodidad ofrecida por su Transmisi\u00f3n Variable Constante (CVT) hace que siempre tenga acceso a una buena reacci\u00f3n del motor con inyecci\u00f3n de gasolina de 125cc capaz de producir 8.7 [&hellip;]<\/p>\n","protected":false},"author":6,"featured_media":248588,"comment_status":"closed","ping_status":"closed","template":"","meta":{"_et_pb_use_builder":"on","_et_pb_old_content":"","_et_gb_content_width":"","sfsi_plus_gutenberg_text_before_share":"","sfsi_plus_gutenberg_show_text_before_share":"","sfsi_plus_gutenberg_icon_type":"","sfsi_plus_gutenberg_icon_alignemt":"","sfsi_plus_gutenburg_max_per_row":"","footnotes":""},"project_category":[27],"project_tag":[],"class_list":["post-248582","project","type-project","status-publish","has-post-thumbnail","hentry","project_category-blog"],"yoast_head":"<!-- This site is optimized with the Yoast SEO plugin v27.5 - https:\/\/yoast.com\/product\/yoast-seo-wordpress\/ -->\n<title>Imposible pasar desapercibido - Motos Suzuki Guatemala<\/title>\n<meta name=\"robots\" content=\"index, follow, max-snippet:-1, max-image-preview:large, max-video-preview:-1\" \/>\n<link rel=\"canonical\" href=\"https:\/\/suzuki.com.gt\/motos\/project\/imposible-pasar-desapercibido\/\" \/>\n<meta property=\"og:locale\" content=\"es_ES\" \/>\n<meta property=\"og:type\" content=\"article\" \/>\n<meta property=\"og:title\" content=\"Imposible pasar desapercibido - Motos Suzuki Guatemala\" \/>\n<meta property=\"og:description\" content=\"Dise\u00f1ada por artistas japoneses, esta motocicleta es un paso de trascendencia de la motocicleta com\u00fan, hacia el veh\u00edculo de transporte moderno, juvenil, seguro y confiable. La comodidad ofrecida por su Transmisi\u00f3n Variable Constante (CVT) hace que siempre tenga acceso a una buena reacci\u00f3n del motor con inyecci\u00f3n de gasolina de 125cc capaz de producir 8.7 [&hellip;]\" \/>\n<meta property=\"og:url\" content=\"https:\/\/suzuki.com.gt\/motos\/project\/imposible-pasar-desapercibido\/\" \/>\n<meta property=\"og:site_name\" content=\"Motos Suzuki Guatemala\" \/>\n<meta property=\"article:publisher\" content=\"https:\/\/www.facebook.com\/MotosSuzukiGuatemala\/\" \/>\n<meta property=\"article:modified_time\" content=\"2024-12-12T16:39:02+00:00\" \/>\n<meta property=\"og:image\" content=\"https:\/\/suzuki.com.gt\/motos\/wp-content\/uploads\/web2.png\" \/>\n\t<meta property=\"og:image:width\" content=\"835\" \/>\n\t<meta property=\"og:image:height\" content=\"522\" \/>\n\t<meta property=\"og:image:type\" content=\"image\/png\" \/>\n<meta name=\"twitter:card\" content=\"summary_large_image\" \/>\n<meta name=\"twitter:label1\" content=\"Tiempo de lectura\" \/>\n\t<meta name=\"twitter:data1\" content=\"2 minutos\" \/>\n<script type=\"application\/ld+json\" class=\"yoast-schema-graph\">{\"@context\":\"https:\\\/\\\/schema.org\",\"@graph\":[{\"@type\":\"WebPage\",\"@id\":\"https:\\\/\\\/suzuki.com.gt\\\/motos\\\/project\\\/imposible-pasar-desapercibido\\\/\",\"url\":\"https:\\\/\\\/suzuki.com.gt\\\/motos\\\/project\\\/imposible-pasar-desapercibido\\\/\",\"name\":\"Imposible pasar desapercibido - Motos Suzuki Guatemala\",\"isPartOf\":{\"@id\":\"https:\\\/\\\/suzuki.com.gt\\\/motos\\\/#website\"},\"primaryImageOfPage\":{\"@id\":\"https:\\\/\\\/suzuki.com.gt\\\/motos\\\/project\\\/imposible-pasar-desapercibido\\\/#primaryimage\"},\"image\":{\"@id\":\"https:\\\/\\\/suzuki.com.gt\\\/motos\\\/project\\\/imposible-pasar-desapercibido\\\/#primaryimage\"},\"thumbnailUrl\":\"https:\\\/\\\/suzuki.com.gt\\\/motos\\\/wp-content\\\/uploads\\\/web2.png\",\"datePublished\":\"2024-11-03T14:00:00+00:00\",\"dateModified\":\"2024-12-12T16:39:02+00:00\",\"breadcrumb\":{\"@id\":\"https:\\\/\\\/suzuki.com.gt\\\/motos\\\/project\\\/imposible-pasar-desapercibido\\\/#breadcrumb\"},\"inLanguage\":\"es\",\"potentialAction\":[{\"@type\":\"ReadAction\",\"target\":[\"https:\\\/\\\/suzuki.com.gt\\\/motos\\\/project\\\/imposible-pasar-desapercibido\\\/\"]}]},{\"@type\":\"ImageObject\",\"inLanguage\":\"es\",\"@id\":\"https:\\\/\\\/suzuki.com.gt\\\/motos\\\/project\\\/imposible-pasar-desapercibido\\\/#primaryimage\",\"url\":\"https:\\\/\\\/suzuki.com.gt\\\/motos\\\/wp-content\\\/uploads\\\/web2.png\",\"contentUrl\":\"https:\\\/\\\/suzuki.com.gt\\\/motos\\\/wp-content\\\/uploads\\\/web2.png\",\"width\":835,\"height\":522},{\"@type\":\"BreadcrumbList\",\"@id\":\"https:\\\/\\\/suzuki.com.gt\\\/motos\\\/project\\\/imposible-pasar-desapercibido\\\/#breadcrumb\",\"itemListElement\":[{\"@type\":\"ListItem\",\"position\":1,\"name\":\"Portada\",\"item\":\"https:\\\/\\\/suzuki.com.gt\\\/motos\\\/\"},{\"@type\":\"ListItem\",\"position\":2,\"name\":\"Projects\",\"item\":\"https:\\\/\\\/suzuki.com.gt\\\/motos\\\/project\\\/\"},{\"@type\":\"ListItem\",\"position\":3,\"name\":\"Imposible pasar desapercibido\"}]},{\"@type\":\"WebSite\",\"@id\":\"https:\\\/\\\/suzuki.com.gt\\\/motos\\\/#website\",\"url\":\"https:\\\/\\\/suzuki.com.gt\\\/motos\\\/\",\"name\":\"Motos Suzuki Guatemala\",\"description\":\"Motos Suzuki Guatemala\",\"publisher\":{\"@id\":\"https:\\\/\\\/suzuki.com.gt\\\/motos\\\/#organization\"},\"potentialAction\":[{\"@type\":\"SearchAction\",\"target\":{\"@type\":\"EntryPoint\",\"urlTemplate\":\"https:\\\/\\\/suzuki.com.gt\\\/motos\\\/?s={search_term_string}\"},\"query-input\":{\"@type\":\"PropertyValueSpecification\",\"valueRequired\":true,\"valueName\":\"search_term_string\"}}],\"inLanguage\":\"es\"},{\"@type\":\"Organization\",\"@id\":\"https:\\\/\\\/suzuki.com.gt\\\/motos\\\/#organization\",\"name\":\"Motos Suzuki Guatemala\",\"url\":\"https:\\\/\\\/suzuki.com.gt\\\/motos\\\/\",\"logo\":{\"@type\":\"ImageObject\",\"inLanguage\":\"es\",\"@id\":\"https:\\\/\\\/suzuki.com.gt\\\/motos\\\/#\\\/schema\\\/logo\\\/image\\\/\",\"url\":\"https:\\\/\\\/suzuki.com.gt\\\/motos\\\/wp-content\\\/uploads\\\/2022\\\/12\\\/logo-suzuki-JPG-1-scaled.jpg\",\"contentUrl\":\"https:\\\/\\\/suzuki.com.gt\\\/motos\\\/wp-content\\\/uploads\\\/2022\\\/12\\\/logo-suzuki-JPG-1-scaled.jpg\",\"width\":2560,\"height\":774,\"caption\":\"Motos Suzuki Guatemala\"},\"image\":{\"@id\":\"https:\\\/\\\/suzuki.com.gt\\\/motos\\\/#\\\/schema\\\/logo\\\/image\\\/\"},\"sameAs\":[\"https:\\\/\\\/www.facebook.com\\\/MotosSuzukiGuatemala\\\/\",\"https:\\\/\\\/www.youtube.com\\\/@SuzukiMotosGuatemala\",\"https:\\\/\\\/www.instagram.com\\\/motossuzukiguatemala\",\"https:\\\/\\\/www.tiktok.com\\\/@motossuzukigt\"]}]}<\/script>\n<!-- \/ Yoast SEO plugin. -->","yoast_head_json":{"title":"Imposible pasar desapercibido - Motos Suzuki Guatemala","robots":{"index":"index","follow":"follow","max-snippet":"max-snippet:-1","max-image-preview":"max-image-preview:large","max-video-preview":"max-video-preview:-1"},"canonical":"https:\/\/suzuki.com.gt\/motos\/project\/imposible-pasar-desapercibido\/","og_locale":"es_ES","og_type":"article","og_title":"Imposible pasar desapercibido - Motos Suzuki Guatemala","og_description":"Dise\u00f1ada por artistas japoneses, esta motocicleta es un paso de trascendencia de la motocicleta com\u00fan, hacia el veh\u00edculo de transporte moderno, juvenil, seguro y confiable. La comodidad ofrecida por su Transmisi\u00f3n Variable Constante (CVT) hace que siempre tenga acceso a una buena reacci\u00f3n del motor con inyecci\u00f3n de gasolina de 125cc capaz de producir 8.7 [&hellip;]","og_url":"https:\/\/suzuki.com.gt\/motos\/project\/imposible-pasar-desapercibido\/","og_site_name":"Motos Suzuki Guatemala","article_publisher":"https:\/\/www.facebook.com\/MotosSuzukiGuatemala\/","article_modified_time":"2024-12-12T16:39:02+00:00","og_image":[{"width":835,"height":522,"url":"https:\/\/suzuki.com.gt\/motos\/wp-content\/uploads\/web2.png","type":"image\/png"}],"twitter_card":"summary_large_image","twitter_misc":{"Tiempo de lectura":"2 minutos"},"schema":{"@context":"https:\/\/schema.org","@graph":[{"@type":"WebPage","@id":"https:\/\/suzuki.com.gt\/motos\/project\/imposible-pasar-desapercibido\/","url":"https:\/\/suzuki.com.gt\/motos\/project\/imposible-pasar-desapercibido\/","name":"Imposible pasar desapercibido - Motos Suzuki Guatemala","isPartOf":{"@id":"https:\/\/suzuki.com.gt\/motos\/#website"},"primaryImageOfPage":{"@id":"https:\/\/suzuki.com.gt\/motos\/project\/imposible-pasar-desapercibido\/#primaryimage"},"image":{"@id":"https:\/\/suzuki.com.gt\/motos\/project\/imposible-pasar-desapercibido\/#primaryimage"},"thumbnailUrl":"https:\/\/suzuki.com.gt\/motos\/wp-content\/uploads\/web2.png","datePublished":"2024-11-03T14:00:00+00:00","dateModified":"2024-12-12T16:39:02+00:00","breadcrumb":{"@id":"https:\/\/suzuki.com.gt\/motos\/project\/imposible-pasar-desapercibido\/#breadcrumb"},"inLanguage":"es","potentialAction":[{"@type":"ReadAction","target":["https:\/\/suzuki.com.gt\/motos\/project\/imposible-pasar-desapercibido\/"]}]},{"@type":"ImageObject","inLanguage":"es","@id":"https:\/\/suzuki.com.gt\/motos\/project\/imposible-pasar-desapercibido\/#primaryimage","url":"https:\/\/suzuki.com.gt\/motos\/wp-content\/uploads\/web2.png","contentUrl":"https:\/\/suzuki.com.gt\/motos\/wp-content\/uploads\/web2.png","width":835,"height":522},{"@type":"BreadcrumbList","@id":"https:\/\/suzuki.com.gt\/motos\/project\/imposible-pasar-desapercibido\/#breadcrumb","itemListElement":[{"@type":"ListItem","position":1,"name":"Portada","item":"https:\/\/suzuki.com.gt\/motos\/"},{"@type":"ListItem","position":2,"name":"Projects","item":"https:\/\/suzuki.com.gt\/motos\/project\/"},{"@type":"ListItem","position":3,"name":"Imposible pasar desapercibido"}]},{"@type":"WebSite","@id":"https:\/\/suzuki.com.gt\/motos\/#website","url":"https:\/\/suzuki.com.gt\/motos\/","name":"Motos Suzuki Guatemala","description":"Motos Suzuki Guatemala","publisher":{"@id":"https:\/\/suzuki.com.gt\/motos\/#organization"},"potentialAction":[{"@type":"SearchAction","target":{"@type":"EntryPoint","urlTemplate":"https:\/\/suzuki.com.gt\/motos\/?s={search_term_string}"},"query-input":{"@type":"PropertyValueSpecification","valueRequired":true,"valueName":"search_term_string"}}],"inLanguage":"es"},{"@type":"Organization","@id":"https:\/\/suzuki.com.gt\/motos\/#organization","name":"Motos Suzuki Guatemala","url":"https:\/\/suzuki.com.gt\/motos\/","logo":{"@type":"ImageObject","inLanguage":"es","@id":"https:\/\/suzuki.com.gt\/motos\/#\/schema\/logo\/image\/","url":"https:\/\/suzuki.com.gt\/motos\/wp-content\/uploads\/2022\/12\/logo-suzuki-JPG-1-scaled.jpg","contentUrl":"https:\/\/suzuki.com.gt\/motos\/wp-content\/uploads\/2022\/12\/logo-suzuki-JPG-1-scaled.jpg","width":2560,"height":774,"caption":"Motos Suzuki Guatemala"},"image":{"@id":"https:\/\/suzuki.com.gt\/motos\/#\/schema\/logo\/image\/"},"sameAs":["https:\/\/www.facebook.com\/MotosSuzukiGuatemala\/","https:\/\/www.youtube.com\/@SuzukiMotosGuatemala","https:\/\/www.instagram.com\/motossuzukiguatemala","https:\/\/www.tiktok.com\/@motossuzukigt"]}]}},"_links":{"self":[{"href":"https:\/\/suzuki.com.gt\/motos\/wp-json\/wp\/v2\/project\/248582","targetHints":{"allow":["GET"]}}],"collection":[{"href":"https:\/\/suzuki.com.gt\/motos\/wp-json\/wp\/v2\/project"}],"about":[{"href":"https:\/\/suzuki.com.gt\/motos\/wp-json\/wp\/v2\/types\/project"}],"author":[{"embeddable":true,"href":"https:\/\/suzuki.com.gt\/motos\/wp-json\/wp\/v2\/users\/6"}],"replies":[{"embeddable":true,"href":"https:\/\/suzuki.com.gt\/motos\/wp-json\/wp\/v2\/comments?post=248582"}],"version-history":[{"count":7,"href":"https:\/\/suzuki.com.gt\/motos\/wp-json\/wp\/v2\/project\/248582\/revisions"}],"predecessor-version":[{"id":248895,"href":"https:\/\/suzuki.com.gt\/motos\/wp-json\/wp\/v2\/project\/248582\/revisions\/248895"}],"wp:featuredmedia":[{"embeddable":true,"href":"https:\/\/suzuki.com.gt\/motos\/wp-json\/wp\/v2\/media\/248588"}],"wp:attachment":[{"href":"https:\/\/suzuki.com.gt\/motos\/wp-json\/wp\/v2\/media?parent=248582"}],"wp:term":[{"taxonomy":"project_category","embeddable":true,"href":"https:\/\/suzuki.com.gt\/motos\/wp-json\/wp\/v2\/project_category?post=248582"},{"taxonomy":"project_tag","embeddable":true,"href":"https:\/\/suzuki.com.gt\/motos\/wp-json\/wp\/v2\/project_tag?post=248582"}],"curies":[{"name":"wp","href":"https:\/\/api.w.org\/{rel}","templated":true}]}}