{"id":248108,"date":"2024-09-01T08:00:00","date_gmt":"2024-09-01T14:00:00","guid":{"rendered":"https:\/\/suzuki.com.gt\/motos\/?post_type=project&#038;p=248108"},"modified":"2024-12-12T10:43:05","modified_gmt":"2024-12-12T16:43:05","slug":"suzuki-gixxer-df-250-emocion-y-razon","status":"publish","type":"project","link":"https:\/\/suzuki.com.gt\/motos\/project\/suzuki-gixxer-df-250-emocion-y-razon\/","title":{"rendered":"Suzuki Gixxer DF 250, emoci\u00f3n y raz\u00f3n"},"content":{"rendered":"<p>[et_pb_section fb_built=&#8221;1&#8243; _builder_version=&#8221;4.23.1&#8243; _module_preset=&#8221;default&#8221; custom_margin=&#8221;0px||0px||false|false&#8221; custom_padding=&#8221;0px||0px||false|false&#8221; da_disable_devices=&#8221;off|off|off&#8221; global_colors_info=&#8221;{}&#8221; theme_builder_area=&#8221;post_content&#8221; da_is_popup=&#8221;off&#8221; da_exit_intent=&#8221;off&#8221; da_has_close=&#8221;on&#8221; da_alt_close=&#8221;off&#8221; da_dark_close=&#8221;off&#8221; da_not_modal=&#8221;on&#8221; da_is_singular=&#8221;off&#8221; da_with_loader=&#8221;off&#8221; da_has_shadow=&#8221;on&#8221;][et_pb_row _builder_version=&#8221;4.23&#8243; _module_preset=&#8221;default&#8221; custom_margin=&#8221;0px||0px||false|false&#8221; custom_padding=&#8221;0px||0px||false|false&#8221; global_colors_info=&#8221;{}&#8221; theme_builder_area=&#8221;post_content&#8221;][et_pb_column type=&#8221;4_4&#8243; _builder_version=&#8221;4.21.0&#8243; _module_preset=&#8221;default&#8221; global_colors_info=&#8221;{}&#8221; theme_builder_area=&#8221;post_content&#8221;][et_pb_image src=&#8221;https:\/\/suzuki.com.gt\/motos\/wp-content\/uploads\/BLOGS-SEP-GIXXER-DF-250-01-scaled.jpg&#8221; title_text=&#8221;BLOGS SEP GIXXER DF 250-01&#8243; _builder_version=&#8221;4.27.0&#8243; _module_preset=&#8221;default&#8221; global_colors_info=&#8221;{}&#8221; theme_builder_area=&#8221;post_content&#8221;][\/et_pb_image][\/et_pb_column][\/et_pb_row][et_pb_row _builder_version=&#8221;4.21.0&#8243; _module_preset=&#8221;default&#8221; global_colors_info=&#8221;{}&#8221; theme_builder_area=&#8221;post_content&#8221;][et_pb_column type=&#8221;4_4&#8243; _builder_version=&#8221;4.21.0&#8243; _module_preset=&#8221;default&#8221; global_colors_info=&#8221;{}&#8221; theme_builder_area=&#8221;post_content&#8221;][et_pb_text _builder_version=&#8221;4.27.0&#8243; _module_preset=&#8221;default&#8221; header_4_line_height=&#8221;1.3em&#8221; global_colors_info=&#8221;{}&#8221; theme_builder_area=&#8221;post_content&#8221;]<\/p>\n<p>Muchas veces, lo que m\u00e1s nos gusta, no es precisamente lo que m\u00e1s nos conviene. Y viceversa: aquello conveniente, queda fuera de nuestro gusto.<\/p>\n<p>No obstante, Suzuki ha desarrollado una motocicleta que, al verla y analizarla, agrada est\u00e9ticamente y llena los requisitos para admirarla tecnol\u00f3gicamente.<\/p>\n<p>En primer lugar, se debe se\u00f1alar que la denominaci\u00f3n DF se utiliza en modelos mejorados a partir del modelo base. De esa cuenta, la bella Suzuki Gixxer DF250 es una moto modificada con m\u00e1s tecnolog\u00eda y desarrollo, en comparaci\u00f3n con el modelo original.<\/p>\n<p>Heredera de tecnolog\u00eda de las motocicletas de carreras en circuitos, su manejo es muy emocional y seguro. Su caja de 6 cambios permite un desarrollo tanto en aceleraci\u00f3n como en compresi\u00f3n, dando un variado abanico de rapidez manteniendo el funcionamiento del motor en \u00f3ptimo rango de trabajo para responder a las maniobras del motorista.<\/p>\n<p>Las curvas y el frenado se logran con gran precisi\u00f3n gracias a la suspensi\u00f3n delantera telesc\u00f3pica con resortes helicoidales, y la posterior, con solo 1 amortiguador con brazo oscilante. El conjunto trabaja para mantener la moto pegada al asfalto.<\/p>\n<p>En t\u00e9rminos de seguridad, cuenta con 2 frenos de disco ventilados y con ABS, para frenar sobre superficies mojadas, evitar derrapes repentinos y auxiliar al motorista en variadas situaciones riesgosas.<\/p>\n<p>Y en t\u00e9rminos de respeto al medio ambiente, su poderoso motor de 250 cc incluye el famoso SEP, Suzuki Desempe\u00f1o Ecol\u00f3gico, sistema con el cual se optimiza la gasolina, evitando consumo innecesario, menos emisiones y mayor kilometraje.<\/p>\n<p>Al tomar la decisi\u00f3n de adquirir una Suzuki Gixxer DF250 se satisface la emoci\u00f3n de manejar una moto y se responde a las demandas de ser altamente racional en seguridad, eco-consciencia, al tiempo de hacer una buena inversi\u00f3n en el transporte personal.<\/p>\n<p>[\/et_pb_text][\/et_pb_column][\/et_pb_row][\/et_pb_section][et_pb_section fb_built=&#8221;1&#8243; _builder_version=&#8221;4.23.1&#8243; _module_preset=&#8221;default&#8221; da_disable_devices=&#8221;off|off|off&#8221; global_colors_info=&#8221;{}&#8221; theme_builder_area=&#8221;post_content&#8221; da_is_popup=&#8221;off&#8221; da_exit_intent=&#8221;off&#8221; da_has_close=&#8221;on&#8221; da_alt_close=&#8221;off&#8221; da_dark_close=&#8221;off&#8221; da_not_modal=&#8221;on&#8221; da_is_singular=&#8221;off&#8221; da_with_loader=&#8221;off&#8221; da_has_shadow=&#8221;on&#8221;][et_pb_row column_structure=&#8221;1_3,1_3,1_3&#8243; _builder_version=&#8221;4.23.1&#8243; _module_preset=&#8221;default&#8221; global_colors_info=&#8221;{}&#8221; theme_builder_area=&#8221;post_content&#8221;][et_pb_column type=&#8221;1_3&#8243; _builder_version=&#8221;4.23.1&#8243; _module_preset=&#8221;default&#8221; global_colors_info=&#8221;{}&#8221; theme_builder_area=&#8221;post_content&#8221;][et_pb_video src=&#8221;https:\/\/youtu.be\/7kUveUkw22Q&#8221; _builder_version=&#8221;4.23.1&#8243; _module_preset=&#8221;default&#8221; global_colors_info=&#8221;{}&#8221; theme_builder_area=&#8221;post_content&#8221;][\/et_pb_video][\/et_pb_column][et_pb_column type=&#8221;1_3&#8243; _builder_version=&#8221;4.23.1&#8243; _module_preset=&#8221;default&#8221; global_colors_info=&#8221;{}&#8221; theme_builder_area=&#8221;post_content&#8221;][et_pb_video src=&#8221;https:\/\/youtu.be\/3toXgACtoxQ&#8221; _builder_version=&#8221;4.23.1&#8243; _module_preset=&#8221;default&#8221; global_colors_info=&#8221;{}&#8221; theme_builder_area=&#8221;post_content&#8221;][\/et_pb_video][\/et_pb_column][et_pb_column type=&#8221;1_3&#8243; _builder_version=&#8221;4.23.1&#8243; _module_preset=&#8221;default&#8221; global_colors_info=&#8221;{}&#8221; theme_builder_area=&#8221;post_content&#8221;][et_pb_video src=&#8221;https:\/\/youtu.be\/_drHuQP4Fvo&#8221; _builder_version=&#8221;4.23.1&#8243; _module_preset=&#8221;default&#8221; global_colors_info=&#8221;{}&#8221; theme_builder_area=&#8221;post_content&#8221;][\/et_pb_video][\/et_pb_column][\/et_pb_row][\/et_pb_section]<\/p>\n","protected":false},"excerpt":{"rendered":"<p>Muchas veces, lo que m\u00e1s nos gusta, no es precisamente lo que m\u00e1s nos conviene. Y viceversa: aquello conveniente, queda fuera de nuestro gusto. No obstante, Suzuki ha desarrollado una motocicleta que, al verla y analizarla, agrada est\u00e9ticamente y llena los requisitos para admirarla tecnol\u00f3gicamente. En primer lugar, se debe se\u00f1alar que la denominaci\u00f3n DF [&hellip;]<\/p>\n","protected":false},"author":6,"featured_media":248110,"comment_status":"closed","ping_status":"closed","template":"","meta":{"_et_pb_use_builder":"on","_et_pb_old_content":"","_et_gb_content_width":"","sfsi_plus_gutenberg_text_before_share":"","sfsi_plus_gutenberg_show_text_before_share":"","sfsi_plus_gutenberg_icon_type":"","sfsi_plus_gutenberg_icon_alignemt":"","sfsi_plus_gutenburg_max_per_row":"","footnotes":""},"project_category":[27],"project_tag":[],"class_list":["post-248108","project","type-project","status-publish","has-post-thumbnail","hentry","project_category-blog"],"yoast_head":"<!-- This site is optimized with the Yoast SEO plugin v27.5 - https:\/\/yoast.com\/product\/yoast-seo-wordpress\/ -->\n<title>Suzuki Gixxer DF 250, emoci\u00f3n y raz\u00f3n - Motos Suzuki Guatemala<\/title>\n<meta name=\"robots\" content=\"index, follow, max-snippet:-1, max-image-preview:large, max-video-preview:-1\" \/>\n<link rel=\"canonical\" href=\"https:\/\/suzuki.com.gt\/motos\/project\/suzuki-gixxer-df-250-emocion-y-razon\/\" \/>\n<meta property=\"og:locale\" content=\"es_ES\" \/>\n<meta property=\"og:type\" content=\"article\" \/>\n<meta property=\"og:title\" content=\"Suzuki Gixxer DF 250, emoci\u00f3n y raz\u00f3n - Motos Suzuki Guatemala\" \/>\n<meta property=\"og:description\" content=\"Muchas veces, lo que m\u00e1s nos gusta, no es precisamente lo que m\u00e1s nos conviene. Y viceversa: aquello conveniente, queda fuera de nuestro gusto. No obstante, Suzuki ha desarrollado una motocicleta que, al verla y analizarla, agrada est\u00e9ticamente y llena los requisitos para admirarla tecnol\u00f3gicamente. En primer lugar, se debe se\u00f1alar que la denominaci\u00f3n DF [&hellip;]\" \/>\n<meta property=\"og:url\" content=\"https:\/\/suzuki.com.gt\/motos\/project\/suzuki-gixxer-df-250-emocion-y-razon\/\" \/>\n<meta property=\"og:site_name\" content=\"Motos Suzuki Guatemala\" \/>\n<meta property=\"article:publisher\" content=\"https:\/\/www.facebook.com\/MotosSuzukiGuatemala\/\" \/>\n<meta property=\"article:modified_time\" content=\"2024-12-12T16:43:05+00:00\" \/>\n<meta property=\"og:image\" content=\"https:\/\/suzuki.com.gt\/motos\/wp-content\/uploads\/BLOGS-SEP-GIXXER-DF-250-02.jpg\" \/>\n\t<meta property=\"og:image:width\" content=\"835\" \/>\n\t<meta property=\"og:image:height\" content=\"522\" \/>\n\t<meta property=\"og:image:type\" content=\"image\/jpeg\" \/>\n<meta name=\"twitter:card\" content=\"summary_large_image\" \/>\n<meta name=\"twitter:label1\" content=\"Tiempo de lectura\" \/>\n\t<meta name=\"twitter:data1\" content=\"2 minutos\" \/>\n<script type=\"application\/ld+json\" class=\"yoast-schema-graph\">{\"@context\":\"https:\\\/\\\/schema.org\",\"@graph\":[{\"@type\":\"WebPage\",\"@id\":\"https:\\\/\\\/suzuki.com.gt\\\/motos\\\/project\\\/suzuki-gixxer-df-250-emocion-y-razon\\\/\",\"url\":\"https:\\\/\\\/suzuki.com.gt\\\/motos\\\/project\\\/suzuki-gixxer-df-250-emocion-y-razon\\\/\",\"name\":\"Suzuki Gixxer DF 250, emoci\u00f3n y raz\u00f3n - Motos Suzuki Guatemala\",\"isPartOf\":{\"@id\":\"https:\\\/\\\/suzuki.com.gt\\\/motos\\\/#website\"},\"primaryImageOfPage\":{\"@id\":\"https:\\\/\\\/suzuki.com.gt\\\/motos\\\/project\\\/suzuki-gixxer-df-250-emocion-y-razon\\\/#primaryimage\"},\"image\":{\"@id\":\"https:\\\/\\\/suzuki.com.gt\\\/motos\\\/project\\\/suzuki-gixxer-df-250-emocion-y-razon\\\/#primaryimage\"},\"thumbnailUrl\":\"https:\\\/\\\/suzuki.com.gt\\\/motos\\\/wp-content\\\/uploads\\\/BLOGS-SEP-GIXXER-DF-250-02.jpg\",\"datePublished\":\"2024-09-01T14:00:00+00:00\",\"dateModified\":\"2024-12-12T16:43:05+00:00\",\"breadcrumb\":{\"@id\":\"https:\\\/\\\/suzuki.com.gt\\\/motos\\\/project\\\/suzuki-gixxer-df-250-emocion-y-razon\\\/#breadcrumb\"},\"inLanguage\":\"es\",\"potentialAction\":[{\"@type\":\"ReadAction\",\"target\":[\"https:\\\/\\\/suzuki.com.gt\\\/motos\\\/project\\\/suzuki-gixxer-df-250-emocion-y-razon\\\/\"]}]},{\"@type\":\"ImageObject\",\"inLanguage\":\"es\",\"@id\":\"https:\\\/\\\/suzuki.com.gt\\\/motos\\\/project\\\/suzuki-gixxer-df-250-emocion-y-razon\\\/#primaryimage\",\"url\":\"https:\\\/\\\/suzuki.com.gt\\\/motos\\\/wp-content\\\/uploads\\\/BLOGS-SEP-GIXXER-DF-250-02.jpg\",\"contentUrl\":\"https:\\\/\\\/suzuki.com.gt\\\/motos\\\/wp-content\\\/uploads\\\/BLOGS-SEP-GIXXER-DF-250-02.jpg\",\"width\":835,\"height\":522},{\"@type\":\"BreadcrumbList\",\"@id\":\"https:\\\/\\\/suzuki.com.gt\\\/motos\\\/project\\\/suzuki-gixxer-df-250-emocion-y-razon\\\/#breadcrumb\",\"itemListElement\":[{\"@type\":\"ListItem\",\"position\":1,\"name\":\"Portada\",\"item\":\"https:\\\/\\\/suzuki.com.gt\\\/motos\\\/\"},{\"@type\":\"ListItem\",\"position\":2,\"name\":\"Projects\",\"item\":\"https:\\\/\\\/suzuki.com.gt\\\/motos\\\/project\\\/\"},{\"@type\":\"ListItem\",\"position\":3,\"name\":\"Suzuki Gixxer DF 250, emoci\u00f3n y raz\u00f3n\"}]},{\"@type\":\"WebSite\",\"@id\":\"https:\\\/\\\/suzuki.com.gt\\\/motos\\\/#website\",\"url\":\"https:\\\/\\\/suzuki.com.gt\\\/motos\\\/\",\"name\":\"Motos Suzuki Guatemala\",\"description\":\"Motos Suzuki Guatemala\",\"publisher\":{\"@id\":\"https:\\\/\\\/suzuki.com.gt\\\/motos\\\/#organization\"},\"potentialAction\":[{\"@type\":\"SearchAction\",\"target\":{\"@type\":\"EntryPoint\",\"urlTemplate\":\"https:\\\/\\\/suzuki.com.gt\\\/motos\\\/?s={search_term_string}\"},\"query-input\":{\"@type\":\"PropertyValueSpecification\",\"valueRequired\":true,\"valueName\":\"search_term_string\"}}],\"inLanguage\":\"es\"},{\"@type\":\"Organization\",\"@id\":\"https:\\\/\\\/suzuki.com.gt\\\/motos\\\/#organization\",\"name\":\"Motos Suzuki Guatemala\",\"url\":\"https:\\\/\\\/suzuki.com.gt\\\/motos\\\/\",\"logo\":{\"@type\":\"ImageObject\",\"inLanguage\":\"es\",\"@id\":\"https:\\\/\\\/suzuki.com.gt\\\/motos\\\/#\\\/schema\\\/logo\\\/image\\\/\",\"url\":\"https:\\\/\\\/suzuki.com.gt\\\/motos\\\/wp-content\\\/uploads\\\/2022\\\/12\\\/logo-suzuki-JPG-1-scaled.jpg\",\"contentUrl\":\"https:\\\/\\\/suzuki.com.gt\\\/motos\\\/wp-content\\\/uploads\\\/2022\\\/12\\\/logo-suzuki-JPG-1-scaled.jpg\",\"width\":2560,\"height\":774,\"caption\":\"Motos Suzuki Guatemala\"},\"image\":{\"@id\":\"https:\\\/\\\/suzuki.com.gt\\\/motos\\\/#\\\/schema\\\/logo\\\/image\\\/\"},\"sameAs\":[\"https:\\\/\\\/www.facebook.com\\\/MotosSuzukiGuatemala\\\/\",\"https:\\\/\\\/www.youtube.com\\\/@SuzukiMotosGuatemala\",\"https:\\\/\\\/www.instagram.com\\\/motossuzukiguatemala\",\"https:\\\/\\\/www.tiktok.com\\\/@motossuzukigt\"]}]}<\/script>\n<!-- \/ Yoast SEO plugin. -->","yoast_head_json":{"title":"Suzuki Gixxer DF 250, emoci\u00f3n y raz\u00f3n - Motos Suzuki Guatemala","robots":{"index":"index","follow":"follow","max-snippet":"max-snippet:-1","max-image-preview":"max-image-preview:large","max-video-preview":"max-video-preview:-1"},"canonical":"https:\/\/suzuki.com.gt\/motos\/project\/suzuki-gixxer-df-250-emocion-y-razon\/","og_locale":"es_ES","og_type":"article","og_title":"Suzuki Gixxer DF 250, emoci\u00f3n y raz\u00f3n - Motos Suzuki Guatemala","og_description":"Muchas veces, lo que m\u00e1s nos gusta, no es precisamente lo que m\u00e1s nos conviene. Y viceversa: aquello conveniente, queda fuera de nuestro gusto. No obstante, Suzuki ha desarrollado una motocicleta que, al verla y analizarla, agrada est\u00e9ticamente y llena los requisitos para admirarla tecnol\u00f3gicamente. En primer lugar, se debe se\u00f1alar que la denominaci\u00f3n DF [&hellip;]","og_url":"https:\/\/suzuki.com.gt\/motos\/project\/suzuki-gixxer-df-250-emocion-y-razon\/","og_site_name":"Motos Suzuki Guatemala","article_publisher":"https:\/\/www.facebook.com\/MotosSuzukiGuatemala\/","article_modified_time":"2024-12-12T16:43:05+00:00","og_image":[{"width":835,"height":522,"url":"https:\/\/suzuki.com.gt\/motos\/wp-content\/uploads\/BLOGS-SEP-GIXXER-DF-250-02.jpg","type":"image\/jpeg"}],"twitter_card":"summary_large_image","twitter_misc":{"Tiempo de lectura":"2 minutos"},"schema":{"@context":"https:\/\/schema.org","@graph":[{"@type":"WebPage","@id":"https:\/\/suzuki.com.gt\/motos\/project\/suzuki-gixxer-df-250-emocion-y-razon\/","url":"https:\/\/suzuki.com.gt\/motos\/project\/suzuki-gixxer-df-250-emocion-y-razon\/","name":"Suzuki Gixxer DF 250, emoci\u00f3n y raz\u00f3n - Motos Suzuki Guatemala","isPartOf":{"@id":"https:\/\/suzuki.com.gt\/motos\/#website"},"primaryImageOfPage":{"@id":"https:\/\/suzuki.com.gt\/motos\/project\/suzuki-gixxer-df-250-emocion-y-razon\/#primaryimage"},"image":{"@id":"https:\/\/suzuki.com.gt\/motos\/project\/suzuki-gixxer-df-250-emocion-y-razon\/#primaryimage"},"thumbnailUrl":"https:\/\/suzuki.com.gt\/motos\/wp-content\/uploads\/BLOGS-SEP-GIXXER-DF-250-02.jpg","datePublished":"2024-09-01T14:00:00+00:00","dateModified":"2024-12-12T16:43:05+00:00","breadcrumb":{"@id":"https:\/\/suzuki.com.gt\/motos\/project\/suzuki-gixxer-df-250-emocion-y-razon\/#breadcrumb"},"inLanguage":"es","potentialAction":[{"@type":"ReadAction","target":["https:\/\/suzuki.com.gt\/motos\/project\/suzuki-gixxer-df-250-emocion-y-razon\/"]}]},{"@type":"ImageObject","inLanguage":"es","@id":"https:\/\/suzuki.com.gt\/motos\/project\/suzuki-gixxer-df-250-emocion-y-razon\/#primaryimage","url":"https:\/\/suzuki.com.gt\/motos\/wp-content\/uploads\/BLOGS-SEP-GIXXER-DF-250-02.jpg","contentUrl":"https:\/\/suzuki.com.gt\/motos\/wp-content\/uploads\/BLOGS-SEP-GIXXER-DF-250-02.jpg","width":835,"height":522},{"@type":"BreadcrumbList","@id":"https:\/\/suzuki.com.gt\/motos\/project\/suzuki-gixxer-df-250-emocion-y-razon\/#breadcrumb","itemListElement":[{"@type":"ListItem","position":1,"name":"Portada","item":"https:\/\/suzuki.com.gt\/motos\/"},{"@type":"ListItem","position":2,"name":"Projects","item":"https:\/\/suzuki.com.gt\/motos\/project\/"},{"@type":"ListItem","position":3,"name":"Suzuki Gixxer DF 250, emoci\u00f3n y raz\u00f3n"}]},{"@type":"WebSite","@id":"https:\/\/suzuki.com.gt\/motos\/#website","url":"https:\/\/suzuki.com.gt\/motos\/","name":"Motos Suzuki Guatemala","description":"Motos Suzuki Guatemala","publisher":{"@id":"https:\/\/suzuki.com.gt\/motos\/#organization"},"potentialAction":[{"@type":"SearchAction","target":{"@type":"EntryPoint","urlTemplate":"https:\/\/suzuki.com.gt\/motos\/?s={search_term_string}"},"query-input":{"@type":"PropertyValueSpecification","valueRequired":true,"valueName":"search_term_string"}}],"inLanguage":"es"},{"@type":"Organization","@id":"https:\/\/suzuki.com.gt\/motos\/#organization","name":"Motos Suzuki Guatemala","url":"https:\/\/suzuki.com.gt\/motos\/","logo":{"@type":"ImageObject","inLanguage":"es","@id":"https:\/\/suzuki.com.gt\/motos\/#\/schema\/logo\/image\/","url":"https:\/\/suzuki.com.gt\/motos\/wp-content\/uploads\/2022\/12\/logo-suzuki-JPG-1-scaled.jpg","contentUrl":"https:\/\/suzuki.com.gt\/motos\/wp-content\/uploads\/2022\/12\/logo-suzuki-JPG-1-scaled.jpg","width":2560,"height":774,"caption":"Motos Suzuki Guatemala"},"image":{"@id":"https:\/\/suzuki.com.gt\/motos\/#\/schema\/logo\/image\/"},"sameAs":["https:\/\/www.facebook.com\/MotosSuzukiGuatemala\/","https:\/\/www.youtube.com\/@SuzukiMotosGuatemala","https:\/\/www.instagram.com\/motossuzukiguatemala","https:\/\/www.tiktok.com\/@motossuzukigt"]}]}},"_links":{"self":[{"href":"https:\/\/suzuki.com.gt\/motos\/wp-json\/wp\/v2\/project\/248108","targetHints":{"allow":["GET"]}}],"collection":[{"href":"https:\/\/suzuki.com.gt\/motos\/wp-json\/wp\/v2\/project"}],"about":[{"href":"https:\/\/suzuki.com.gt\/motos\/wp-json\/wp\/v2\/types\/project"}],"author":[{"embeddable":true,"href":"https:\/\/suzuki.com.gt\/motos\/wp-json\/wp\/v2\/users\/6"}],"replies":[{"embeddable":true,"href":"https:\/\/suzuki.com.gt\/motos\/wp-json\/wp\/v2\/comments?post=248108"}],"version-history":[{"count":5,"href":"https:\/\/suzuki.com.gt\/motos\/wp-json\/wp\/v2\/project\/248108\/revisions"}],"predecessor-version":[{"id":248902,"href":"https:\/\/suzuki.com.gt\/motos\/wp-json\/wp\/v2\/project\/248108\/revisions\/248902"}],"wp:featuredmedia":[{"embeddable":true,"href":"https:\/\/suzuki.com.gt\/motos\/wp-json\/wp\/v2\/media\/248110"}],"wp:attachment":[{"href":"https:\/\/suzuki.com.gt\/motos\/wp-json\/wp\/v2\/media?parent=248108"}],"wp:term":[{"taxonomy":"project_category","embeddable":true,"href":"https:\/\/suzuki.com.gt\/motos\/wp-json\/wp\/v2\/project_category?post=248108"},{"taxonomy":"project_tag","embeddable":true,"href":"https:\/\/suzuki.com.gt\/motos\/wp-json\/wp\/v2\/project_tag?post=248108"}],"curies":[{"name":"wp","href":"https:\/\/api.w.org\/{rel}","templated":true}]}}