{"id":241772,"date":"2023-11-22T09:58:29","date_gmt":"2023-11-22T15:58:29","guid":{"rendered":"https:\/\/suzuki.com.gt\/motos\/?page_id=241772"},"modified":"2026-03-23T11:20:58","modified_gmt":"2026-03-23T17:20:58","slug":"eventos-noviembre-2023","status":"publish","type":"page","link":"https:\/\/suzuki.com.gt\/motos\/eventos_anteriores\/eventos-noviembre-2023\/","title":{"rendered":"Eventos &#8211; noviembre 2023"},"content":{"rendered":"<p>[et_pb_section fb_built=&#8221;1&#8243; fullwidth=&#8221;on&#8221; _builder_version=&#8221;4.19.5&#8243; _module_preset=&#8221;default&#8221; da_disable_devices=&#8221;off|off|off&#8221; global_module=&#8221;23036&#8243; global_colors_info=&#8221;{}&#8221; da_is_popup=&#8221;off&#8221; da_exit_intent=&#8221;off&#8221; da_has_close=&#8221;on&#8221; da_alt_close=&#8221;off&#8221; da_dark_close=&#8221;off&#8221; da_not_modal=&#8221;on&#8221; da_is_singular=&#8221;off&#8221; da_with_loader=&#8221;off&#8221; da_has_shadow=&#8221;on&#8221;][et_pb_fullwidth_slider _builder_version=&#8221;4.21.0&#8243; _module_preset=&#8221;default&#8221; module_alignment=&#8221;center&#8221; content_width_last_edited=&#8221;off|desktop&#8221; height=&#8221;715px&#8221; height_tablet=&#8221;385px&#8221; height_phone=&#8221;200px&#8221; height_last_edited=&#8221;on|phone&#8221; auto=&#8221;on&#8221; global_colors_info=&#8221;{}&#8221;][et_pb_slide admin_title=&#8221;Eventos&#8221; _builder_version=&#8221;4.21.0&#8243; _module_preset=&#8221;default&#8221; background_enable_color=&#8221;off&#8221; background_image=&#8221;https:\/\/suzuki.com.gt\/motos\/wp-content\/uploads\/Eventos-banner-1.png&#8221; background_enable_image=&#8221;on&#8221; global_colors_info=&#8221;{}&#8221; sticky_transition=&#8221;on&#8221;][\/et_pb_slide][\/et_pb_fullwidth_slider][\/et_pb_section][et_pb_section fb_built=&#8221;1&#8243; _builder_version=&#8221;4.19.5&#8243; _module_preset=&#8221;default&#8221; custom_margin=&#8221;5px||5px||false|false&#8221; custom_padding=&#8221;0px||0px||false|false&#8221; da_disable_devices=&#8221;off|off|off&#8221; global_colors_info=&#8221;{}&#8221; da_is_popup=&#8221;off&#8221; da_exit_intent=&#8221;off&#8221; da_has_close=&#8221;on&#8221; da_alt_close=&#8221;off&#8221; da_dark_close=&#8221;off&#8221; da_not_modal=&#8221;on&#8221; da_is_singular=&#8221;off&#8221; da_with_loader=&#8221;off&#8221; da_has_shadow=&#8221;on&#8221;][et_pb_row column_structure=&#8221;1_3,1_3,1_3&#8243; _builder_version=&#8221;4.19.5&#8243; _module_preset=&#8221;default&#8221; custom_padding=&#8221;40px|||||&#8221; global_colors_info=&#8221;{}&#8221;][et_pb_column type=&#8221;1_3&#8243; _builder_version=&#8221;4.19.5&#8243; _module_preset=&#8221;default&#8221; global_colors_info=&#8221;{}&#8221;][\/et_pb_column][et_pb_column type=&#8221;1_3&#8243; _builder_version=&#8221;4.19.5&#8243; _module_preset=&#8221;default&#8221; global_colors_info=&#8221;{}&#8221;][et_pb_image src=&#8221;https:\/\/suzuki.com.gt\/motos\/wp-content\/uploads\/Whatsapp.png&#8221; title_text=&#8221;Whatsapp&#8221; url=&#8221;https:\/\/web.whatsapp.com\/send?phone=50224202100&#8243; url_new_window=&#8221;on&#8221; align=&#8221;center&#8221; _builder_version=&#8221;4.20.0&#8243; _module_preset=&#8221;default&#8221; global_colors_info=&#8221;{}&#8221;][\/et_pb_image][\/et_pb_column][et_pb_column type=&#8221;1_3&#8243; _builder_version=&#8221;4.19.5&#8243; _module_preset=&#8221;default&#8221; global_colors_info=&#8221;{}&#8221;][\/et_pb_column][\/et_pb_row][\/et_pb_section][et_pb_section fb_built=&#8221;1&#8243; _builder_version=&#8221;4.19.5&#8243; background_enable_color=&#8221;off&#8221; background_enable_image=&#8221;off&#8221; custom_margin=&#8221;25px||25px||false|false&#8221; custom_padding=&#8221;0px||0px||true|false&#8221; bottom_divider_height=&#8221;70px&#8221; bottom_divider_repeat=&#8221;0x&#8221; bottom_divider_flip=&#8221;vertical|horizontal&#8221; da_disable_devices=&#8221;off|off|off&#8221; locked=&#8221;off&#8221; global_colors_info=&#8221;{}&#8221; da_is_popup=&#8221;off&#8221; da_exit_intent=&#8221;off&#8221; da_has_close=&#8221;on&#8221; da_alt_close=&#8221;off&#8221; da_dark_close=&#8221;off&#8221; da_not_modal=&#8221;on&#8221; da_is_singular=&#8221;off&#8221; da_with_loader=&#8221;off&#8221; da_has_shadow=&#8221;on&#8221;][et_pb_row _builder_version=&#8221;4.19.5&#8243; max_width=&#8221;1110px&#8221; custom_margin=&#8221;0px||0px||false|false&#8221; custom_padding=&#8221;0px||0px||true|&#8221; global_colors_info=&#8221;{}&#8221;][et_pb_column type=&#8221;4_4&#8243; _builder_version=&#8221;4.16&#8243; global_colors_info=&#8221;{}&#8221;][et_pb_divider _builder_version=&#8221;4.19.5&#8243; _module_preset=&#8221;default&#8221; custom_margin=&#8221;0px||0px||false|false&#8221; custom_padding=&#8221;0px||0px||false|false&#8221; global_colors_info=&#8221;{}&#8221;][\/et_pb_divider][\/et_pb_column][\/et_pb_row][\/et_pb_section][et_pb_section fb_built=&#8221;1&#8243; _builder_version=&#8221;4.19.5&#8243; _module_preset=&#8221;default&#8221; min_height=&#8221;45px&#8221; custom_margin=&#8221;0px||0px||false|false&#8221; custom_padding=&#8221;40px||41px||false|false&#8221; da_disable_devices=&#8221;off|off|off&#8221; global_colors_info=&#8221;{}&#8221; da_is_popup=&#8221;off&#8221; da_exit_intent=&#8221;off&#8221; da_has_close=&#8221;on&#8221; da_alt_close=&#8221;off&#8221; da_dark_close=&#8221;off&#8221; da_not_modal=&#8221;on&#8221; da_is_singular=&#8221;off&#8221; da_with_loader=&#8221;off&#8221; da_has_shadow=&#8221;on&#8221;][et_pb_row _builder_version=&#8221;4.19.5&#8243; _module_preset=&#8221;default&#8221; width=&#8221;90%&#8221; max_width=&#8221;90%&#8221; custom_padding=&#8221;0px||0px||false|false&#8221; global_colors_info=&#8221;{}&#8221;][et_pb_column type=&#8221;4_4&#8243; _builder_version=&#8221;4.19.2&#8243; _module_preset=&#8221;default&#8221; global_colors_info=&#8221;{}&#8221;][et_pb_text _builder_version=&#8221;4.23.1&#8243; _module_preset=&#8221;default&#8221; header_text_align=&#8221;left&#8221; header_2_text_align=&#8221;center&#8221; header_2_text_color=&#8221;#00457A&#8221; header_2_font_size=&#8221;40px&#8221; custom_margin=&#8221;||0px||false|false&#8221; custom_padding=&#8221;||0px||false|false&#8221; global_colors_info=&#8221;{}&#8221;]<\/p>\n<h2>Noviembre 2023<\/h2>\n<h2><\/h2>\n<p>[\/et_pb_text][\/et_pb_column][\/et_pb_row][\/et_pb_section][et_pb_section fb_built=&#8221;1&#8243; _builder_version=&#8221;4.21.0&#8243; _module_preset=&#8221;default&#8221; custom_padding=&#8221;||2px|||&#8221; da_disable_devices=&#8221;off|off|off&#8221; global_colors_info=&#8221;{}&#8221; da_is_popup=&#8221;off&#8221; da_exit_intent=&#8221;off&#8221; da_has_close=&#8221;on&#8221; da_alt_close=&#8221;off&#8221; da_dark_close=&#8221;off&#8221; da_not_modal=&#8221;on&#8221; da_is_singular=&#8221;off&#8221; da_with_loader=&#8221;off&#8221; da_has_shadow=&#8221;on&#8221;][et_pb_row _builder_version=&#8221;4.21.0&#8243; _module_preset=&#8221;default&#8221; custom_padding=&#8221;||5px|||&#8221; global_colors_info=&#8221;{}&#8221;][et_pb_column type=&#8221;4_4&#8243; _builder_version=&#8221;4.21.0&#8243; _module_preset=&#8221;default&#8221; global_colors_info=&#8221;{}&#8221;][brbl_post_list include_categories=&#8221;58&#8243; thumb_size=&#8221;large&#8221; excerpt_length=&#8221;500&#8243; item_spacing=&#8221;50px&#8221; image_width=&#8221;250px&#8221; image_height=&#8221;275px&#8221; image_spacing=&#8221;25px&#8221; image_width_tablet=&#8221;250px&#8221; image_width_phone=&#8221;50px&#8221; image_width_last_edited=&#8221;on|phone&#8221; image_height_tablet=&#8221;275px&#8221; image_height_phone=&#8221;100px&#8221; image_height_last_edited=&#8221;on|phone&#8221; image_spacing_tablet=&#8221;25px&#8221; image_spacing_phone=&#8221;20px&#8221; image_spacing_last_edited=&#8221;on|phone&#8221; module_class=&#8221;myPost&#8221; _builder_version=&#8221;4.23.1&#8243; _module_preset=&#8221;default&#8221; title_font=&#8221;|700|||||||&#8221; excerpt_text_color=&#8221;#000000&#8243; global_colors_info=&#8221;{}&#8221;][\/brbl_post_list][\/et_pb_column][\/et_pb_row][\/et_pb_section][et_pb_section fb_built=&#8221;1&#8243; _builder_version=&#8221;4.19.5&#8243; background_enable_color=&#8221;off&#8221; background_enable_image=&#8221;off&#8221; custom_margin=&#8221;25px||25px||false|false&#8221; custom_padding=&#8221;0px||0px||true|false&#8221; bottom_divider_height=&#8221;70px&#8221; bottom_divider_repeat=&#8221;0x&#8221; bottom_divider_flip=&#8221;vertical|horizontal&#8221; da_disable_devices=&#8221;off|off|off&#8221; locked=&#8221;off&#8221; global_colors_info=&#8221;{}&#8221; da_is_popup=&#8221;off&#8221; da_exit_intent=&#8221;off&#8221; da_has_close=&#8221;on&#8221; da_alt_close=&#8221;off&#8221; da_dark_close=&#8221;off&#8221; da_not_modal=&#8221;on&#8221; da_is_singular=&#8221;off&#8221; da_with_loader=&#8221;off&#8221; da_has_shadow=&#8221;on&#8221;][et_pb_row _builder_version=&#8221;4.19.5&#8243; max_width=&#8221;1110px&#8221; custom_margin=&#8221;0px||0px||false|false&#8221; custom_padding=&#8221;0px||0px||true|&#8221; global_colors_info=&#8221;{}&#8221;][et_pb_column type=&#8221;4_4&#8243; _builder_version=&#8221;4.16&#8243; global_colors_info=&#8221;{}&#8221;][et_pb_divider _builder_version=&#8221;4.19.5&#8243; _module_preset=&#8221;default&#8221; custom_margin=&#8221;0px||0px||false|false&#8221; custom_padding=&#8221;0px||0px||false|false&#8221; global_colors_info=&#8221;{}&#8221;][\/et_pb_divider][\/et_pb_column][\/et_pb_row][\/et_pb_section][et_pb_section fb_built=&#8221;1&#8243; _builder_version=&#8221;4.19.5&#8243; _module_preset=&#8221;default&#8221; min_height=&#8221;45px&#8221; custom_margin=&#8221;0px||0px||false|false&#8221; custom_padding=&#8221;40px||41px||false|false&#8221; da_disable_devices=&#8221;off|off|off&#8221; global_colors_info=&#8221;{}&#8221; da_is_popup=&#8221;off&#8221; da_exit_intent=&#8221;off&#8221; da_has_close=&#8221;on&#8221; da_alt_close=&#8221;off&#8221; da_dark_close=&#8221;off&#8221; da_not_modal=&#8221;on&#8221; da_is_singular=&#8221;off&#8221; da_with_loader=&#8221;off&#8221; da_has_shadow=&#8221;on&#8221;][et_pb_row _builder_version=&#8221;4.19.5&#8243; _module_preset=&#8221;default&#8221; width=&#8221;90%&#8221; max_width=&#8221;90%&#8221; custom_padding=&#8221;0px||0px||false|false&#8221; global_colors_info=&#8221;{}&#8221;][et_pb_column type=&#8221;4_4&#8243; _builder_version=&#8221;4.19.2&#8243; _module_preset=&#8221;default&#8221; global_colors_info=&#8221;{}&#8221;][et_pb_text _builder_version=&#8221;4.21.0&#8243; _module_preset=&#8221;default&#8221; header_2_text_align=&#8221;center&#8221; header_2_text_color=&#8221;#00457A&#8221; header_2_font_size=&#8221;40px&#8221; custom_margin=&#8221;||0px||false|false&#8221; custom_padding=&#8221;||0px||false|false&#8221; global_colors_info=&#8221;{}&#8221;]<\/p>\n<h2>Descubre las emocionantes vivencias de los eventos de Motos Suzuki Guatemala<\/h2>\n<p>[\/et_pb_text][\/et_pb_column][\/et_pb_row][\/et_pb_section][et_pb_section fb_built=&#8221;1&#8243; _builder_version=&#8221;4.23.1&#8243; _module_preset=&#8221;default&#8221; custom_margin=&#8221;0px||0px||false|false&#8221; custom_padding=&#8221;0px||0px||false|false&#8221; da_disable_devices=&#8221;off|off|off&#8221; global_module=&#8221;22610&#8243; saved_tabs=&#8221;all&#8221; global_colors_info=&#8221;{}&#8221; da_is_popup=&#8221;off&#8221; da_exit_intent=&#8221;off&#8221; da_has_close=&#8221;on&#8221; da_alt_close=&#8221;off&#8221; da_dark_close=&#8221;off&#8221; da_not_modal=&#8221;on&#8221; da_is_singular=&#8221;off&#8221; da_with_loader=&#8221;off&#8221; da_has_shadow=&#8221;on&#8221;][et_pb_row column_structure=&#8221;1_3,1_3,1_3&#8243; _builder_version=&#8221;4.21.0&#8243; _module_preset=&#8221;default&#8221; global_colors_info=&#8221;{}&#8221;][et_pb_column type=&#8221;1_3&#8243; _builder_version=&#8221;4.21.0&#8243; _module_preset=&#8221;default&#8221; global_colors_info=&#8221;{}&#8221;][\/et_pb_column][et_pb_column type=&#8221;1_3&#8243; _builder_version=&#8221;4.21.0&#8243; _module_preset=&#8221;default&#8221; global_colors_info=&#8221;{}&#8221;][dip_image_masking mask_shape=&#8221;none&#8221; title=&#8221;EVENTOS NOVIEMBRE 2023&#8243; subtitle=&#8221;VER M\u00c1S&#8221; text_alignment=&#8221;center&#8221; _builder_version=&#8221;4.23.1&#8243; _dynamic_attributes=&#8221;link_option_url&#8221; _module_preset=&#8221;default&#8221; title_font=&#8221;|800||on|||||&#8221; title_text_color=&#8221;#FFFFFF&#8221; subtitle_font=&#8221;|800|||||||&#8221; subtitle_text_color=&#8221;#EDF000&#8243; background_image=&#8221;https:\/\/suzuki.com.gt\/motos\/wp-content\/uploads\/eventos-noviembre.png&#8221; background_size=&#8221;contain&#8221; module_alignment=&#8221;center&#8221; custom_margin=&#8221;0px||0px||false|false&#8221; custom_padding=&#8221;0px||0px||false|false&#8221; link_option_url=&#8221;@ET-DC@eyJkeW5hbWljIjp0cnVlLCJjb250ZW50IjoicG9zdF9saW5rX3VybF9wYWdlIiwic2V0dGluZ3MiOnsicG9zdF9pZCI6IjI0MTc3MiJ9fQ==@&#8221; global_colors_info=&#8221;{}&#8221;][\/dip_image_masking][\/et_pb_column][et_pb_column type=&#8221;1_3&#8243; _builder_version=&#8221;4.21.0&#8243; _module_preset=&#8221;default&#8221; global_colors_info=&#8221;{}&#8221;][dip_image_masking mask_shape=&#8221;none&#8221; title=&#8221;EVENTOS OCTUBRE 2023&#8243; subtitle=&#8221;VER M\u00c1S&#8221; text_alignment=&#8221;center&#8221; _builder_version=&#8221;4.23.1&#8243; _dynamic_attributes=&#8221;link_option_url&#8221; _module_preset=&#8221;default&#8221; title_font=&#8221;|800||on|||||&#8221; title_text_color=&#8221;#FFFFFF&#8221; subtitle_font=&#8221;|800|||||||&#8221; subtitle_text_color=&#8221;#EDF000&#8243; background_image=&#8221;https:\/\/suzuki.com.gt\/motos\/wp-content\/uploads\/desafio-azul3.png&#8221; background_size=&#8221;contain&#8221; module_alignment=&#8221;center&#8221; custom_margin=&#8221;0px||0px||false|false&#8221; custom_padding=&#8221;0px||0px||false|false&#8221; link_option_url=&#8221;@ET-DC@eyJkeW5hbWljIjp0cnVlLCJjb250ZW50IjoicG9zdF9saW5rX3VybF9wYWdlIiwic2V0dGluZ3MiOnsicG9zdF9pZCI6IjI0MDk1OSJ9fQ==@&#8221; global_colors_info=&#8221;{}&#8221;][\/dip_image_masking][\/et_pb_column][\/et_pb_row][et_pb_row column_structure=&#8221;1_3,1_3,1_3&#8243; _builder_version=&#8221;4.21.0&#8243; _module_preset=&#8221;default&#8221; global_colors_info=&#8221;{}&#8221;][et_pb_column type=&#8221;1_3&#8243; _builder_version=&#8221;4.21.0&#8243; _module_preset=&#8221;default&#8221; global_colors_info=&#8221;{}&#8221;][dip_image_masking mask_shape=&#8221;none&#8221; title=&#8221;EVENTOS SEPTIEMBRE 2023&#8243; subtitle=&#8221;VER M\u00c1S&#8221; text_alignment=&#8221;center&#8221; _builder_version=&#8221;4.23.1&#8243; _dynamic_attributes=&#8221;link_option_url&#8221; _module_preset=&#8221;default&#8221; title_font=&#8221;|800||on|||||&#8221; title_text_color=&#8221;#FFFFFF&#8221; subtitle_font=&#8221;|800|||||||&#8221; subtitle_text_color=&#8221;#EDF000&#8243; background_image=&#8221;https:\/\/suzuki.com.gt\/motos\/wp-content\/uploads\/carrera-21K-1.png&#8221; background_size=&#8221;contain&#8221; module_alignment=&#8221;center&#8221; custom_margin=&#8221;0px||0px||false|false&#8221; custom_padding=&#8221;0px||0px||false|false&#8221; link_option_url=&#8221;@ET-DC@eyJkeW5hbWljIjp0cnVlLCJjb250ZW50IjoicG9zdF9saW5rX3VybF9wYWdlIiwic2V0dGluZ3MiOnsicG9zdF9pZCI6IjI0MDkyMCJ9fQ==@&#8221; global_colors_info=&#8221;{}&#8221;][\/dip_image_masking][\/et_pb_column][et_pb_column type=&#8221;1_3&#8243; _builder_version=&#8221;4.21.0&#8243; _module_preset=&#8221;default&#8221; global_colors_info=&#8221;{}&#8221;][dip_image_masking mask_shape=&#8221;none&#8221; title=&#8221;EVENTOS AGOSTO 2023&#8243; subtitle=&#8221;VER M\u00c1S&#8221; text_alignment=&#8221;center&#8221; _builder_version=&#8221;4.23.1&#8243; _dynamic_attributes=&#8221;link_option_url&#8221; _module_preset=&#8221;default&#8221; title_font=&#8221;|800||on|||||&#8221; title_text_color=&#8221;#FFFFFF&#8221; subtitle_font=&#8221;|800|||||||&#8221; subtitle_text_color=&#8221;#EDF000&#8243; background_image=&#8221;https:\/\/suzuki.com.gt\/motos\/wp-content\/uploads\/escuela-de-manejo-agosto-1.png&#8221; background_size=&#8221;contain&#8221; module_alignment=&#8221;center&#8221; custom_margin=&#8221;0px||0px||false|false&#8221; custom_padding=&#8221;0px||0px||false|false&#8221; link_option_url=&#8221;@ET-DC@eyJkeW5hbWljIjp0cnVlLCJjb250ZW50IjoicG9zdF9saW5rX3VybF9wYWdlIiwic2V0dGluZ3MiOnsicG9zdF9pZCI6IjI0MDg0NCJ9fQ==@&#8221; global_colors_info=&#8221;{}&#8221;][\/dip_image_masking][\/et_pb_column][et_pb_column type=&#8221;1_3&#8243; _builder_version=&#8221;4.21.0&#8243; _module_preset=&#8221;default&#8221; global_colors_info=&#8221;{}&#8221;][dip_image_masking mask_shape=&#8221;none&#8221; title=&#8221;EVENTOS JULIO 2023&#8243; subtitle=&#8221;VER M\u00c1S&#8221; text_alignment=&#8221;center&#8221; _builder_version=&#8221;4.23.1&#8243; _dynamic_attributes=&#8221;link_option_url&#8221; _module_preset=&#8221;default&#8221; title_font=&#8221;|800||on|||||&#8221; title_text_color=&#8221;#FFFFFF&#8221; subtitle_font=&#8221;|800|||||||&#8221; subtitle_text_color=&#8221;#EDF000&#8243; background_color=&#8221;#FFFFFF&#8221; background_image=&#8221;https:\/\/suzuki.com.gt\/motos\/wp-content\/uploads\/escuela-de-manejo-julio-1.png&#8221; background_size=&#8221;contain&#8221; module_alignment=&#8221;center&#8221; custom_margin=&#8221;0px||0px||false|false&#8221; custom_padding=&#8221;0px||0px||false|false&#8221; link_option_url=&#8221;@ET-DC@eyJkeW5hbWljIjp0cnVlLCJjb250ZW50IjoicG9zdF9saW5rX3VybF9wYWdlIiwic2V0dGluZ3MiOnsicG9zdF9pZCI6IjI0MDgyMiJ9fQ==@&#8221; global_colors_info=&#8221;{}&#8221;][\/dip_image_masking][\/et_pb_column][\/et_pb_row][et_pb_row column_structure=&#8221;1_3,1_3,1_3&#8243; _builder_version=&#8221;4.21.0&#8243; _module_preset=&#8221;default&#8221; global_colors_info=&#8221;{}&#8221;][et_pb_column type=&#8221;1_3&#8243; _builder_version=&#8221;4.21.0&#8243; _module_preset=&#8221;default&#8221; global_colors_info=&#8221;{}&#8221;][dip_image_masking mask_shape=&#8221;none&#8221; title=&#8221;EVENTOS JUNIO 2023&#8243; subtitle=&#8221;VER M\u00c1S&#8221; text_alignment=&#8221;center&#8221; _builder_version=&#8221;4.21.0&#8243; _dynamic_attributes=&#8221;link_option_url&#8221; _module_preset=&#8221;default&#8221; title_font=&#8221;|800||on|||||&#8221; title_text_color=&#8221;#FFFFFF&#8221; subtitle_font=&#8221;|800|||||||&#8221; subtitle_text_color=&#8221;#EDF000&#8243; background_image=&#8221;https:\/\/suzuki.com.gt\/motos\/wp-content\/uploads\/evento-julio-Dr-lanzamiento.png&#8221; background_size=&#8221;contain&#8221; module_alignment=&#8221;center&#8221; custom_margin=&#8221;0px||0px||false|false&#8221; custom_padding=&#8221;0px||0px||false|false&#8221; link_option_url=&#8221;@ET-DC@eyJkeW5hbWljIjp0cnVlLCJjb250ZW50IjoicG9zdF9saW5rX3VybF9wYWdlIiwic2V0dGluZ3MiOnsicG9zdF9pZCI6IjIzMTcxIn19@&#8221; global_colors_info=&#8221;{}&#8221;][\/dip_image_masking][\/et_pb_column][et_pb_column type=&#8221;1_3&#8243; _builder_version=&#8221;4.21.0&#8243; _module_preset=&#8221;default&#8221; global_colors_info=&#8221;{}&#8221;][dip_image_masking mask_shape=&#8221;none&#8221; title=&#8221;EVENTOS MAYO 2023&#8243; subtitle=&#8221;VER M\u00c1S&#8221; text_alignment=&#8221;center&#8221; _builder_version=&#8221;4.23&#8243; _dynamic_attributes=&#8221;link_option_url&#8221; _module_preset=&#8221;default&#8221; title_font=&#8221;|800||on|||||&#8221; title_text_color=&#8221;#FFFFFF&#8221; subtitle_font=&#8221;|800|||||||&#8221; subtitle_text_color=&#8221;#EDF000&#8243; background_image=&#8221;https:\/\/suzuki.com.gt\/motos\/wp-content\/uploads\/mayo.png&#8221; background_size=&#8221;contain&#8221; module_alignment=&#8221;center&#8221; custom_margin=&#8221;0px||0px||false|false&#8221; custom_padding=&#8221;0px||0px||false|false&#8221; link_option_url=&#8221;@ET-DC@eyJkeW5hbWljIjp0cnVlLCJjb250ZW50IjoicG9zdF9saW5rX3VybF9wYWdlIiwic2V0dGluZ3MiOnsicG9zdF9pZCI6IjIyNjA3In19@&#8221; global_colors_info=&#8221;{}&#8221;][\/dip_image_masking][\/et_pb_column][et_pb_column type=&#8221;1_3&#8243; _builder_version=&#8221;4.21.0&#8243; _module_preset=&#8221;default&#8221; global_colors_info=&#8221;{}&#8221;][dip_image_masking mask_shape=&#8221;none&#8221; title=&#8221;EVENTOS ABRIL 2023&#8243; subtitle=&#8221;VER M\u00c1S&#8221; text_alignment=&#8221;center&#8221; _builder_version=&#8221;4.23.1&#8243; _dynamic_attributes=&#8221;link_option_url&#8221; _module_preset=&#8221;default&#8221; title_font=&#8221;|800||on|||||&#8221; title_text_color=&#8221;#FFFFFF&#8221; subtitle_font=&#8221;|800|||||||&#8221; subtitle_text_color=&#8221;#EDF000&#8243; background_image=&#8221;https:\/\/suzuki.com.gt\/motos\/wp-content\/uploads\/abril.png&#8221; background_size=&#8221;contain&#8221; module_alignment=&#8221;center&#8221; custom_margin=&#8221;0px||0px||false|false&#8221; custom_padding=&#8221;0px||0px||false|false&#8221; link_option_url=&#8221;@ET-DC@eyJkeW5hbWljIjp0cnVlLCJjb250ZW50IjoicG9zdF9saW5rX3VybF9wYWdlIiwic2V0dGluZ3MiOnsicG9zdF9pZCI6IjIyNjI4In19@&#8221; global_colors_info=&#8221;{}&#8221;][\/dip_image_masking][\/et_pb_column][\/et_pb_row][et_pb_row column_structure=&#8221;1_3,1_3,1_3&#8243; _builder_version=&#8221;4.21.0&#8243; _module_preset=&#8221;default&#8221; global_colors_info=&#8221;{}&#8221;][et_pb_column type=&#8221;1_3&#8243; _builder_version=&#8221;4.21.0&#8243; _module_preset=&#8221;default&#8221; global_colors_info=&#8221;{}&#8221;][dip_image_masking mask_shape=&#8221;none&#8221; title=&#8221;EVENTOS MARZO 2023&#8243; subtitle=&#8221;VER M\u00c1S&#8221; text_alignment=&#8221;center&#8221; _builder_version=&#8221;4.21.0&#8243; _dynamic_attributes=&#8221;link_option_url&#8221; _module_preset=&#8221;default&#8221; title_font=&#8221;|800||on|||||&#8221; title_text_color=&#8221;#FFFFFF&#8221; subtitle_font=&#8221;|800|||||||&#8221; subtitle_text_color=&#8221;#EDF000&#8243; background_image=&#8221;https:\/\/suzuki.com.gt\/motos\/wp-content\/uploads\/marzo.png&#8221; background_size=&#8221;contain&#8221; module_alignment=&#8221;center&#8221; custom_margin=&#8221;0px||0px||false|false&#8221; custom_padding=&#8221;0px||0px||false|false&#8221; link_option_url=&#8221;@ET-DC@eyJkeW5hbWljIjp0cnVlLCJjb250ZW50IjoicG9zdF9saW5rX3VybF9wYWdlIiwic2V0dGluZ3MiOnsicG9zdF9pZCI6IjIyNjM0In19@&#8221; global_colors_info=&#8221;{}&#8221;][\/dip_image_masking][\/et_pb_column][et_pb_column type=&#8221;1_3&#8243; _builder_version=&#8221;4.21.0&#8243; _module_preset=&#8221;default&#8221; global_colors_info=&#8221;{}&#8221;][dip_image_masking mask_shape=&#8221;none&#8221; title=&#8221;EVENTOS FEBRERO 2023&#8243; subtitle=&#8221;VER M\u00c1S&#8221; text_alignment=&#8221;center&#8221; _builder_version=&#8221;4.23.1&#8243; _dynamic_attributes=&#8221;link_option_url&#8221; _module_preset=&#8221;default&#8221; title_font=&#8221;|800||on|||||&#8221; title_text_color=&#8221;#FFFFFF&#8221; subtitle_font=&#8221;|800|||||||&#8221; subtitle_text_color=&#8221;#EDF000&#8243; background_image=&#8221;https:\/\/suzuki.com.gt\/motos\/wp-content\/uploads\/febrero.png&#8221; background_size=&#8221;contain&#8221; module_alignment=&#8221;center&#8221; custom_margin=&#8221;0px||0px||false|false&#8221; custom_padding=&#8221;0px||0px||false|false&#8221; link_option_url=&#8221;@ET-DC@eyJkeW5hbWljIjp0cnVlLCJjb250ZW50IjoicG9zdF9saW5rX3VybF9wYWdlIiwic2V0dGluZ3MiOnsicG9zdF9pZCI6IjIyNjM5In19@&#8221; global_colors_info=&#8221;{}&#8221;][\/dip_image_masking][\/et_pb_column][et_pb_column type=&#8221;1_3&#8243; _builder_version=&#8221;4.21.0&#8243; _module_preset=&#8221;default&#8221; global_colors_info=&#8221;{}&#8221;][dip_image_masking mask_shape=&#8221;none&#8221; title=&#8221;EVENTOS ENERO 2023&#8243; subtitle=&#8221;VER M\u00c1S&#8221; text_alignment=&#8221;center&#8221; _builder_version=&#8221;4.23.1&#8243; _dynamic_attributes=&#8221;link_option_url&#8221; _module_preset=&#8221;default&#8221; title_font=&#8221;|800||on|||||&#8221; title_text_color=&#8221;#FFFFFF&#8221; subtitle_font=&#8221;|800|||||||&#8221; subtitle_text_color=&#8221;#EDF000&#8243; background_image=&#8221;https:\/\/suzuki.com.gt\/motos\/wp-content\/uploads\/enero.png&#8221; background_size=&#8221;contain&#8221; module_alignment=&#8221;center&#8221; custom_margin=&#8221;0px||0px||false|false&#8221; custom_padding=&#8221;0px||0px||false|false&#8221; link_option_url=&#8221;@ET-DC@eyJkeW5hbWljIjp0cnVlLCJjb250ZW50IjoicG9zdF9saW5rX3VybF9wYWdlIiwic2V0dGluZ3MiOnsicG9zdF9pZCI6IjIyNjQzIn19@&#8221; global_colors_info=&#8221;{}&#8221;][\/dip_image_masking][\/et_pb_column][\/et_pb_row][\/et_pb_section]<\/p>\n","protected":false},"excerpt":{"rendered":"<p>Noviembre 2023 <div class=\"et_pb_module brbl_post_list brbl_post_list_0 myPost\">\n\t\t\t\t\n\t\t\t\t\n\t\t\t\t\n\t\t\t\t\n\t\t\t\t\n\t\t\t\t\n\t\t\t\t<div class=\"et_pb_module_inner\">\n\t\t\t\t\t<div class=\"brbl-module brbl-post-list type-list\">\r\n                <ul class=\"brbl-post-list-parent\">\r\n                    <li class=\"brbl-post-list-child\">\r\n\t\t<a class=\"brbl-post-list-child-inner\" href=\"https:\/\/suzuki.com.gt\/motos\/rodada-yepocapa\/\">\r\n\t\t\t<figure class=\"brbl-post-list-thumb\">\r\n\t\t\t\t<img width=\"526\" height=\"526\" data-src=\"https:\/\/suzuki.com.gt\/motos\/wp-content\/uploads\/ARTE-YEPOCAPA.jpg\" class=\"attachment-large size-large wp-post-image lazyload\" alt=\"\" decoding=\"async\" data-srcset=\"https:\/\/suzuki.com.gt\/motos\/wp-content\/uploads\/ARTE-YEPOCAPA.jpg 526w, https:\/\/suzuki.com.gt\/motos\/wp-content\/uploads\/ARTE-YEPOCAPA-480x480.jpg 480w\" data-sizes=\"(min-width: 0px) and (max-width: 480px) 480px, (min-width: 481px) 526px, 100vw\" src=\"data:image\/svg+xml;base64,PHN2ZyB3aWR0aD0iMSIgaGVpZ2h0PSIxIiB4bWxucz0iaHR0cDovL3d3dy53My5vcmcvMjAwMC9zdmciPjwvc3ZnPg==\" style=\"--smush-placeholder-width: 526px; --smush-placeholder-aspect-ratio: 526\/526;\" \/>\r\n\t\t\t<\/figure>\r\n\t\t\t<div class=\"brbl-post-list-content\">\r\n\t\t\t\t<h3 class=\"brbl-post-list-title\">RODADA YEPOCAPA<\/h3>\r\n\t\t\t\t\r\n\t\t\t\t<p class=\"brbl-post-list-excerpt\">Queremos extender un sincero agradecimiento a cada uno de los apasionados bikers que se unieron a nuestra RODADA PRENAVIDE\u00d1A SUZUKI YEPOCAPA 2023. Fue m\u00e1s que una traves\u00eda en motocicleta, fue una celebraci\u00f3n llena de actividades, nuevas experiencias y la calidez de nuestra gran familia sobre ruedas. \u00a1Gracias por ser parte de este emocionante viaje! Sin ustedes, nada de esto ser\u00eda posible. \u00a1Hasta la pr\u00f3xima aventura, donde seguiremos creando recuerdos inolvidables juntos! GALER\u00cdA<\/p>\r\n\t\t\t<\/div>\r\n\t\t<\/a>\r\n\t<\/li><li class=\"brbl-post-list-child\">\r\n\t\t<a class=\"brbl-post-list-child-inner\" href=\"https:\/\/suzuki.com.gt\/motos\/rodada-interclubes\/\">\r\n\t\t\t<figure class=\"brbl-post-list-thumb\">\r\n\t\t\t\t<img width=\"250\" height=\"275\" data-src=\"https:\/\/suzuki.com.gt\/motos\/wp-content\/uploads\/interclubes-eventos.png\" class=\"attachment-large size-large wp-post-image lazyload\" alt=\"\" decoding=\"async\" src=\"data:image\/svg+xml;base64,PHN2ZyB3aWR0aD0iMSIgaGVpZ2h0PSIxIiB4bWxucz0iaHR0cDovL3d3dy53My5vcmcvMjAwMC9zdmciPjwvc3ZnPg==\" style=\"--smush-placeholder-width: 250px; --smush-placeholder-aspect-ratio: 250\/275;\" \/>\r\n\t\t\t<\/figure>\r\n\t\t\t<div class=\"brbl-post-list-content\">\r\n\t\t\t\t<h3 class=\"brbl-post-list-title\">RODADA INTERCLUBES<\/h3>\r\n\t\t\t\t\r\n\t\t\t\t<p class=\"brbl-post-list-excerpt\">La \ud835\ude4d\ud835\ude64\ud835\ude59\ud835\ude56\ud835\ude59\ud835\ude56 \ud835\ude44\ud835\ude63\ud835\ude69\ud835\ude5a\ud835\ude67\ud835\ude58\ud835\ude61\ud835\ude6a\ud835\ude57\ud835\ude5a\ud835\ude68 fue m\u00e1s que una traves\u00eda en motocicleta; fue la vibrante sinfon\u00eda de la hermandad sobre ruedas. Agradecemos a cada biker que hizo de este domingo una rodada inolvidable. \u00a1Juntos, creamos momentos \u00fanicos que quedan grabados en la carretera de la amistad! \u00a1Nos vemos pronto en la pr\u00f3xima ruta llena de emociones!\"GALER\u00cdA<\/p>\r\n\t\t\t<\/div>\r\n\t\t<\/a>\r\n\t<\/li><li class=\"brbl-post-list-child\">\r\n\t\t<a class=\"brbl-post-list-child-inner\" href=\"https:\/\/suzuki.com.gt\/motos\/curso-de-manejo-2\/\">\r\n\t\t\t<figure class=\"brbl-post-list-thumb\">\r\n\t\t\t\t<img width=\"1024\" height=\"1024\" data-src=\"https:\/\/suzuki.com.gt\/motos\/wp-content\/uploads\/escuela-de-manejo-nov-1024x1024.png\" class=\"attachment-large size-large wp-post-image lazyload\" alt=\"\" decoding=\"async\" data-srcset=\"https:\/\/suzuki.com.gt\/motos\/wp-content\/uploads\/escuela-de-manejo-nov-1024x1024.png 1024w, https:\/\/suzuki.com.gt\/motos\/wp-content\/uploads\/escuela-de-manejo-nov-980x980.png 980w, https:\/\/suzuki.com.gt\/motos\/wp-content\/uploads\/escuela-de-manejo-nov-480x480.png 480w\" data-sizes=\"(min-width: 0px) and (max-width: 480px) 480px, (min-width: 481px) and (max-width: 980px) 980px, (min-width: 981px) 1024px, 100vw\" src=\"data:image\/svg+xml;base64,PHN2ZyB3aWR0aD0iMSIgaGVpZ2h0PSIxIiB4bWxucz0iaHR0cDovL3d3dy53My5vcmcvMjAwMC9zdmciPjwvc3ZnPg==\" style=\"--smush-placeholder-width: 1024px; --smush-placeholder-aspect-ratio: 1024\/1024;\" \/>\r\n\t\t\t<\/figure>\r\n\t\t\t<div class=\"brbl-post-list-content\">\r\n\t\t\t\t<h3 class=\"brbl-post-list-title\">CURSO DE MANEJO<\/h3>\r\n\t\t\t\t\r\n\t\t\t\t<p class=\"brbl-post-list-excerpt\">Con gran \u00e9xito, se llev\u00f3 a cabo la primera fecha del Curso de Manejo \"Motorista Responsable 2023\" el pasado s\u00e1bado 25 de noviembre. Con el objetivo de capacitar a conductores de motocicletas en seguridad vial, responsabilidad y habilidades seguras. Durante el evento, se ofrecieron clases te\u00f3ricas y pr\u00e1cticas de conducci\u00f3n, abordando temas como la legislaci\u00f3n de tr\u00e1nsito, t\u00e9cnicas de conducci\u00f3n adecuadas, componentes y funcionamiento de las motos, entre otros aspectos relevantes. Agradecemos la...<\/p>\r\n\t\t\t<\/div>\r\n\t\t<\/a>\r\n\t<\/li>\r\n                <\/ul>\r\n            <\/div>\n\t\t\t\t<\/div>\n\t\t\t<\/div>Descubre las emocionantes vivencias de los eventos de Motos Suzuki Guatemala<div class=\"et_pb_module dip_image_masking dip_image_masking_0 et_clickable\">\n\t\t\t\t\n\t\t\t\t\n\t\t\t\t\n\t\t\t\t\n\t\t\t\t\n\t\t\t\t\n\t\t\t\t<div class=\"et_pb_module_inner\">\n\t\t\t\t\t\r\n            <div class=\"dip-module dip-module-pro dip-image-masking\">\r\n                \r\n                <div class=\"dip-image-masking-content\">\r\n                    \r\n                <h2 class=\"dip-image-masking-title\">&#8221;EVENTOS<\/h2> \r\n                <h5 class=\"dip-image-masking-subtitle\">&#8221;VER<\/h5>\r\n                <\/div>\r\n                <div class=\"dip-image-masking-figure\">\r\n                    <div class=\"dip-image-masking-image\"><\/div>\r\n                <\/div>\r\n            <\/div>\n\t\t\t\t<\/div>\n\t\t\t<\/div><\/p>\n","protected":false},"author":6,"featured_media":241766,"parent":250978,"menu_order":0,"comment_status":"closed","ping_status":"closed","template":"","meta":{"_et_pb_use_builder":"on","_et_pb_old_content":"<!-- wp:paragraph -->\n<p>This is an example page. It's different from a blog post because it will stay in one place and will show up in your site navigation (in most themes). Most people start with an About page that introduces them to potential site visitors. It might say something like this:<\/p>\n<!-- \/wp:paragraph -->\n\n<!-- wp:quote -->\n<blockquote class=\"wp-block-quote\"><p>Hi there! I'm a bike messenger by day, aspiring actor by night, and this is my website. I live in Los Angeles, have a great dog named Jack, and I like pi&#241;a coladas. (And gettin' caught in the rain.)<\/p><\/blockquote>\n<!-- \/wp:quote -->\n\n<!-- wp:paragraph -->\n<p>...or something like this:<\/p>\n<!-- \/wp:paragraph -->\n\n<!-- wp:quote -->\n<blockquote class=\"wp-block-quote\"><p>The XYZ Doohickey Company was founded in 1971, and has been providing quality doohickeys to the public ever since. Located in Gotham City, XYZ employs over 2,000 people and does all kinds of awesome things for the Gotham community.<\/p><\/blockquote>\n<!-- \/wp:quote -->\n\n<!-- wp:paragraph -->\n<p>As a new WordPress user, you should go to <a href=\"https:\/\/suzuki.com.gt\/motos\/wp-admin\/\">your dashboard<\/a> to delete this page and create new pages for your content. Have fun!<\/p>\n<!-- \/wp:paragraph -->","_et_gb_content_width":"","sfsi_plus_gutenberg_text_before_share":"","sfsi_plus_gutenberg_show_text_before_share":"","sfsi_plus_gutenberg_icon_type":"","sfsi_plus_gutenberg_icon_alignemt":"","sfsi_plus_gutenburg_max_per_row":"","footnotes":""},"class_list":["post-241772","page","type-page","status-publish","has-post-thumbnail","hentry"],"yoast_head":"<!-- This site is optimized with the Yoast SEO plugin v27.5 - https:\/\/yoast.com\/product\/yoast-seo-wordpress\/ -->\n<title>Eventos - noviembre 2023 - Motos Suzuki Guatemala<\/title>\n<meta name=\"robots\" content=\"index, follow, max-snippet:-1, max-image-preview:large, max-video-preview:-1\" \/>\n<link rel=\"canonical\" href=\"https:\/\/suzuki.com.gt\/motos\/eventos_anteriores\/eventos-noviembre-2023\/\" \/>\n<meta property=\"og:locale\" content=\"es_ES\" \/>\n<meta property=\"og:type\" content=\"article\" \/>\n<meta property=\"og:title\" content=\"Eventos - noviembre 2023 - Motos Suzuki Guatemala\" \/>\n<meta property=\"og:description\" content=\"Noviembre 2023 Descubre las emocionantes vivencias de los eventos de Motos Suzuki Guatemala\" \/>\n<meta property=\"og:url\" content=\"https:\/\/suzuki.com.gt\/motos\/eventos_anteriores\/eventos-noviembre-2023\/\" \/>\n<meta property=\"og:site_name\" content=\"Motos Suzuki Guatemala\" \/>\n<meta property=\"article:publisher\" content=\"https:\/\/www.facebook.com\/MotosSuzukiGuatemala\/\" \/>\n<meta property=\"article:modified_time\" content=\"2026-03-23T17:20:58+00:00\" \/>\n<meta property=\"og:image\" content=\"https:\/\/suzuki.com.gt\/motos\/wp-content\/uploads\/eventos-noviembre.png\" \/>\n\t<meta property=\"og:image:width\" content=\"526\" \/>\n\t<meta property=\"og:image:height\" content=\"526\" \/>\n\t<meta property=\"og:image:type\" content=\"image\/png\" \/>\n<meta name=\"twitter:card\" content=\"summary_large_image\" \/>\n<meta name=\"twitter:label1\" content=\"Tiempo de lectura\" \/>\n\t<meta name=\"twitter:data1\" content=\"3 minutos\" \/>\n<script type=\"application\/ld+json\" class=\"yoast-schema-graph\">{\"@context\":\"https:\\\/\\\/schema.org\",\"@graph\":[{\"@type\":\"WebPage\",\"@id\":\"https:\\\/\\\/suzuki.com.gt\\\/motos\\\/eventos_anteriores\\\/eventos-noviembre-2023\\\/\",\"url\":\"https:\\\/\\\/suzuki.com.gt\\\/motos\\\/eventos_anteriores\\\/eventos-noviembre-2023\\\/\",\"name\":\"Eventos - noviembre 2023 - Motos Suzuki Guatemala\",\"isPartOf\":{\"@id\":\"https:\\\/\\\/suzuki.com.gt\\\/motos\\\/#website\"},\"primaryImageOfPage\":{\"@id\":\"https:\\\/\\\/suzuki.com.gt\\\/motos\\\/eventos_anteriores\\\/eventos-noviembre-2023\\\/#primaryimage\"},\"image\":{\"@id\":\"https:\\\/\\\/suzuki.com.gt\\\/motos\\\/eventos_anteriores\\\/eventos-noviembre-2023\\\/#primaryimage\"},\"thumbnailUrl\":\"https:\\\/\\\/suzuki.com.gt\\\/motos\\\/wp-content\\\/uploads\\\/eventos-noviembre.png\",\"datePublished\":\"2023-11-22T15:58:29+00:00\",\"dateModified\":\"2026-03-23T17:20:58+00:00\",\"breadcrumb\":{\"@id\":\"https:\\\/\\\/suzuki.com.gt\\\/motos\\\/eventos_anteriores\\\/eventos-noviembre-2023\\\/#breadcrumb\"},\"inLanguage\":\"es\",\"potentialAction\":[{\"@type\":\"ReadAction\",\"target\":[\"https:\\\/\\\/suzuki.com.gt\\\/motos\\\/eventos_anteriores\\\/eventos-noviembre-2023\\\/\"]}]},{\"@type\":\"ImageObject\",\"inLanguage\":\"es\",\"@id\":\"https:\\\/\\\/suzuki.com.gt\\\/motos\\\/eventos_anteriores\\\/eventos-noviembre-2023\\\/#primaryimage\",\"url\":\"https:\\\/\\\/suzuki.com.gt\\\/motos\\\/wp-content\\\/uploads\\\/eventos-noviembre.png\",\"contentUrl\":\"https:\\\/\\\/suzuki.com.gt\\\/motos\\\/wp-content\\\/uploads\\\/eventos-noviembre.png\",\"width\":526,\"height\":526},{\"@type\":\"BreadcrumbList\",\"@id\":\"https:\\\/\\\/suzuki.com.gt\\\/motos\\\/eventos_anteriores\\\/eventos-noviembre-2023\\\/#breadcrumb\",\"itemListElement\":[{\"@type\":\"ListItem\",\"position\":1,\"name\":\"Portada\",\"item\":\"https:\\\/\\\/suzuki.com.gt\\\/motos\\\/\"},{\"@type\":\"ListItem\",\"position\":2,\"name\":\"Eventos anteriores\",\"item\":\"https:\\\/\\\/suzuki.com.gt\\\/motos\\\/eventos_anteriores\\\/\"},{\"@type\":\"ListItem\",\"position\":3,\"name\":\"Eventos &#8211; noviembre 2023\"}]},{\"@type\":\"WebSite\",\"@id\":\"https:\\\/\\\/suzuki.com.gt\\\/motos\\\/#website\",\"url\":\"https:\\\/\\\/suzuki.com.gt\\\/motos\\\/\",\"name\":\"Motos Suzuki Guatemala\",\"description\":\"Motos Suzuki Guatemala\",\"publisher\":{\"@id\":\"https:\\\/\\\/suzuki.com.gt\\\/motos\\\/#organization\"},\"potentialAction\":[{\"@type\":\"SearchAction\",\"target\":{\"@type\":\"EntryPoint\",\"urlTemplate\":\"https:\\\/\\\/suzuki.com.gt\\\/motos\\\/?s={search_term_string}\"},\"query-input\":{\"@type\":\"PropertyValueSpecification\",\"valueRequired\":true,\"valueName\":\"search_term_string\"}}],\"inLanguage\":\"es\"},{\"@type\":\"Organization\",\"@id\":\"https:\\\/\\\/suzuki.com.gt\\\/motos\\\/#organization\",\"name\":\"Motos Suzuki Guatemala\",\"url\":\"https:\\\/\\\/suzuki.com.gt\\\/motos\\\/\",\"logo\":{\"@type\":\"ImageObject\",\"inLanguage\":\"es\",\"@id\":\"https:\\\/\\\/suzuki.com.gt\\\/motos\\\/#\\\/schema\\\/logo\\\/image\\\/\",\"url\":\"https:\\\/\\\/suzuki.com.gt\\\/motos\\\/wp-content\\\/uploads\\\/2022\\\/12\\\/logo-suzuki-JPG-1-scaled.jpg\",\"contentUrl\":\"https:\\\/\\\/suzuki.com.gt\\\/motos\\\/wp-content\\\/uploads\\\/2022\\\/12\\\/logo-suzuki-JPG-1-scaled.jpg\",\"width\":2560,\"height\":774,\"caption\":\"Motos Suzuki Guatemala\"},\"image\":{\"@id\":\"https:\\\/\\\/suzuki.com.gt\\\/motos\\\/#\\\/schema\\\/logo\\\/image\\\/\"},\"sameAs\":[\"https:\\\/\\\/www.facebook.com\\\/MotosSuzukiGuatemala\\\/\",\"https:\\\/\\\/www.youtube.com\\\/@SuzukiMotosGuatemala\",\"https:\\\/\\\/www.instagram.com\\\/motossuzukiguatemala\",\"https:\\\/\\\/www.tiktok.com\\\/@motossuzukigt\"]}]}<\/script>\n<!-- \/ Yoast SEO plugin. -->","yoast_head_json":{"title":"Eventos - noviembre 2023 - Motos Suzuki Guatemala","robots":{"index":"index","follow":"follow","max-snippet":"max-snippet:-1","max-image-preview":"max-image-preview:large","max-video-preview":"max-video-preview:-1"},"canonical":"https:\/\/suzuki.com.gt\/motos\/eventos_anteriores\/eventos-noviembre-2023\/","og_locale":"es_ES","og_type":"article","og_title":"Eventos - noviembre 2023 - Motos Suzuki Guatemala","og_description":"Noviembre 2023 Descubre las emocionantes vivencias de los eventos de Motos Suzuki Guatemala","og_url":"https:\/\/suzuki.com.gt\/motos\/eventos_anteriores\/eventos-noviembre-2023\/","og_site_name":"Motos Suzuki Guatemala","article_publisher":"https:\/\/www.facebook.com\/MotosSuzukiGuatemala\/","article_modified_time":"2026-03-23T17:20:58+00:00","og_image":[{"width":526,"height":526,"url":"https:\/\/suzuki.com.gt\/motos\/wp-content\/uploads\/eventos-noviembre.png","type":"image\/png"}],"twitter_card":"summary_large_image","twitter_misc":{"Tiempo de lectura":"3 minutos"},"schema":{"@context":"https:\/\/schema.org","@graph":[{"@type":"WebPage","@id":"https:\/\/suzuki.com.gt\/motos\/eventos_anteriores\/eventos-noviembre-2023\/","url":"https:\/\/suzuki.com.gt\/motos\/eventos_anteriores\/eventos-noviembre-2023\/","name":"Eventos - noviembre 2023 - Motos Suzuki Guatemala","isPartOf":{"@id":"https:\/\/suzuki.com.gt\/motos\/#website"},"primaryImageOfPage":{"@id":"https:\/\/suzuki.com.gt\/motos\/eventos_anteriores\/eventos-noviembre-2023\/#primaryimage"},"image":{"@id":"https:\/\/suzuki.com.gt\/motos\/eventos_anteriores\/eventos-noviembre-2023\/#primaryimage"},"thumbnailUrl":"https:\/\/suzuki.com.gt\/motos\/wp-content\/uploads\/eventos-noviembre.png","datePublished":"2023-11-22T15:58:29+00:00","dateModified":"2026-03-23T17:20:58+00:00","breadcrumb":{"@id":"https:\/\/suzuki.com.gt\/motos\/eventos_anteriores\/eventos-noviembre-2023\/#breadcrumb"},"inLanguage":"es","potentialAction":[{"@type":"ReadAction","target":["https:\/\/suzuki.com.gt\/motos\/eventos_anteriores\/eventos-noviembre-2023\/"]}]},{"@type":"ImageObject","inLanguage":"es","@id":"https:\/\/suzuki.com.gt\/motos\/eventos_anteriores\/eventos-noviembre-2023\/#primaryimage","url":"https:\/\/suzuki.com.gt\/motos\/wp-content\/uploads\/eventos-noviembre.png","contentUrl":"https:\/\/suzuki.com.gt\/motos\/wp-content\/uploads\/eventos-noviembre.png","width":526,"height":526},{"@type":"BreadcrumbList","@id":"https:\/\/suzuki.com.gt\/motos\/eventos_anteriores\/eventos-noviembre-2023\/#breadcrumb","itemListElement":[{"@type":"ListItem","position":1,"name":"Portada","item":"https:\/\/suzuki.com.gt\/motos\/"},{"@type":"ListItem","position":2,"name":"Eventos anteriores","item":"https:\/\/suzuki.com.gt\/motos\/eventos_anteriores\/"},{"@type":"ListItem","position":3,"name":"Eventos &#8211; noviembre 2023"}]},{"@type":"WebSite","@id":"https:\/\/suzuki.com.gt\/motos\/#website","url":"https:\/\/suzuki.com.gt\/motos\/","name":"Motos Suzuki Guatemala","description":"Motos Suzuki Guatemala","publisher":{"@id":"https:\/\/suzuki.com.gt\/motos\/#organization"},"potentialAction":[{"@type":"SearchAction","target":{"@type":"EntryPoint","urlTemplate":"https:\/\/suzuki.com.gt\/motos\/?s={search_term_string}"},"query-input":{"@type":"PropertyValueSpecification","valueRequired":true,"valueName":"search_term_string"}}],"inLanguage":"es"},{"@type":"Organization","@id":"https:\/\/suzuki.com.gt\/motos\/#organization","name":"Motos Suzuki Guatemala","url":"https:\/\/suzuki.com.gt\/motos\/","logo":{"@type":"ImageObject","inLanguage":"es","@id":"https:\/\/suzuki.com.gt\/motos\/#\/schema\/logo\/image\/","url":"https:\/\/suzuki.com.gt\/motos\/wp-content\/uploads\/2022\/12\/logo-suzuki-JPG-1-scaled.jpg","contentUrl":"https:\/\/suzuki.com.gt\/motos\/wp-content\/uploads\/2022\/12\/logo-suzuki-JPG-1-scaled.jpg","width":2560,"height":774,"caption":"Motos Suzuki Guatemala"},"image":{"@id":"https:\/\/suzuki.com.gt\/motos\/#\/schema\/logo\/image\/"},"sameAs":["https:\/\/www.facebook.com\/MotosSuzukiGuatemala\/","https:\/\/www.youtube.com\/@SuzukiMotosGuatemala","https:\/\/www.instagram.com\/motossuzukiguatemala","https:\/\/www.tiktok.com\/@motossuzukigt"]}]}},"_links":{"self":[{"href":"https:\/\/suzuki.com.gt\/motos\/wp-json\/wp\/v2\/pages\/241772","targetHints":{"allow":["GET"]}}],"collection":[{"href":"https:\/\/suzuki.com.gt\/motos\/wp-json\/wp\/v2\/pages"}],"about":[{"href":"https:\/\/suzuki.com.gt\/motos\/wp-json\/wp\/v2\/types\/page"}],"author":[{"embeddable":true,"href":"https:\/\/suzuki.com.gt\/motos\/wp-json\/wp\/v2\/users\/6"}],"replies":[{"embeddable":true,"href":"https:\/\/suzuki.com.gt\/motos\/wp-json\/wp\/v2\/comments?post=241772"}],"version-history":[{"count":4,"href":"https:\/\/suzuki.com.gt\/motos\/wp-json\/wp\/v2\/pages\/241772\/revisions"}],"predecessor-version":[{"id":242268,"href":"https:\/\/suzuki.com.gt\/motos\/wp-json\/wp\/v2\/pages\/241772\/revisions\/242268"}],"up":[{"embeddable":true,"href":"https:\/\/suzuki.com.gt\/motos\/wp-json\/wp\/v2\/pages\/250978"}],"wp:featuredmedia":[{"embeddable":true,"href":"https:\/\/suzuki.com.gt\/motos\/wp-json\/wp\/v2\/media\/241766"}],"wp:attachment":[{"href":"https:\/\/suzuki.com.gt\/motos\/wp-json\/wp\/v2\/media?parent=241772"}],"curies":[{"name":"wp","href":"https:\/\/api.w.org\/{rel}","templated":true}]}}