{"id":21939,"date":"2023-06-19T16:54:57","date_gmt":"2023-06-19T22:54:57","guid":{"rendered":"https:\/\/suzuki.com.gt\/motos\/wordpress\/?page_id=21939"},"modified":"2026-03-04T11:35:56","modified_gmt":"2026-03-04T17:35:56","slug":"agencias","status":"publish","type":"page","link":"https:\/\/suzuki.com.gt\/motos\/agencias\/","title":{"rendered":"Agencias"},"content":{"rendered":"<p>[et_pb_section fb_built=&#8221;1&#8243; fullwidth=&#8221;on&#8221; _builder_version=&#8221;4.19.5&#8243; _module_preset=&#8221;default&#8221; da_disable_devices=&#8221;off|off|off&#8221; global_module=&#8221;23379&#8243; saved_tabs=&#8221;all&#8221; global_colors_info=&#8221;{}&#8221; da_is_popup=&#8221;off&#8221; da_exit_intent=&#8221;off&#8221; da_has_close=&#8221;on&#8221; da_alt_close=&#8221;off&#8221; da_dark_close=&#8221;off&#8221; da_not_modal=&#8221;on&#8221; da_is_singular=&#8221;off&#8221; da_with_loader=&#8221;off&#8221; da_has_shadow=&#8221;on&#8221;][et_pb_fullwidth_slider _builder_version=&#8221;4.27.5&#8243; _module_preset=&#8221;default&#8221; background_image=&#8221;https:\/\/suzuki.com.gt\/motos\/wp-content\/uploads\/banner-web-mas-pequeno.webp&#8221; module_alignment=&#8221;center&#8221; content_width_last_edited=&#8221;off|desktop&#8221; height=&#8221;715px&#8221; height_tablet=&#8221;385px&#8221; height_phone=&#8221;200px&#8221; height_last_edited=&#8221;on|phone&#8221; auto=&#8221;on&#8221; global_colors_info=&#8221;{}&#8221;][et_pb_slide admin_title=&#8221;Promoci\u00f3n &#8221; _builder_version=&#8221;4.27.5&#8243; _module_preset=&#8221;default&#8221; background_color=&#8221;#a3a3a3&#8243; background_enable_color=&#8221;on&#8221; background_image=&#8221;https:\/\/suzuki.com.gt\/motos\/wp-content\/uploads\/banner-web-mas-pequeno.webp&#8221; background_enable_image=&#8221;on&#8221; background_size=&#8221;stretch&#8221; global_colors_info=&#8221;{}&#8221; sticky_transition=&#8221;on&#8221;][\/et_pb_slide][et_pb_slide admin_title=&#8221;Alta cilindrada&#8221; _builder_version=&#8221;4.27.4&#8243; _module_preset=&#8221;default&#8221; background_enable_color=&#8221;off&#8221; background_image=&#8221;https:\/\/suzuki.com.gt\/motos\/wp-content\/uploads\/HAYABUSA.jpg&#8221; background_enable_image=&#8221;on&#8221; background_size=&#8221;stretch&#8221; global_colors_info=&#8221;{}&#8221; sticky_transition=&#8221;on&#8221;][\/et_pb_slide][et_pb_slide admin_title=&#8221;Taller&#8221; _builder_version=&#8221;4.27.4&#8243; _module_preset=&#8221;default&#8221; background_enable_color=&#8221;off&#8221; background_image=&#8221;https:\/\/suzuki.com.gt\/motos\/wp-content\/uploads\/banner-taller-1.png&#8221; background_enable_image=&#8221;on&#8221; background_size=&#8221;stretch&#8221; global_colors_info=&#8221;{}&#8221; sticky_transition=&#8221;on&#8221;][\/et_pb_slide][et_pb_slide admin_title=&#8221;Marinos&#8221; _builder_version=&#8221;4.27.4&#8243; _module_preset=&#8221;default&#8221; background_enable_color=&#8221;off&#8221; background_image=&#8221;https:\/\/suzuki.com.gt\/motos\/wp-content\/uploads\/banner-clean.png&#8221; background_enable_image=&#8221;on&#8221; background_size=&#8221;stretch&#8221; global_colors_info=&#8221;{}&#8221; sticky_transition=&#8221;on&#8221;][\/et_pb_slide][et_pb_slide admin_title=&#8221;Ecstar&#8221; _builder_version=&#8221;4.22.2&#8243; _module_preset=&#8221;default&#8221; background_enable_color=&#8221;off&#8221; background_image=&#8221;https:\/\/suzuki.com.gt\/motos\/wp-content\/uploads\/REPUESTOS-ECSTAR-PAGINA-WEB.jpg&#8221; background_enable_image=&#8221;on&#8221; background_size=&#8221;stretch&#8221; global_colors_info=&#8221;{}&#8221; sticky_transition=&#8221;on&#8221;][\/et_pb_slide][\/et_pb_fullwidth_slider][\/et_pb_section][et_pb_section fb_built=&#8221;1&#8243; _builder_version=&#8221;4.20.4&#8243; _module_preset=&#8221;default&#8221; custom_padding=&#8221;||41px|||&#8221; da_disable_devices=&#8221;off|off|off&#8221; global_colors_info=&#8221;{}&#8221; da_is_popup=&#8221;off&#8221; da_exit_intent=&#8221;off&#8221; da_has_close=&#8221;on&#8221; da_alt_close=&#8221;off&#8221; da_dark_close=&#8221;off&#8221; da_not_modal=&#8221;on&#8221; da_is_singular=&#8221;off&#8221; da_with_loader=&#8221;off&#8221; da_has_shadow=&#8221;on&#8221;][et_pb_row _builder_version=&#8221;4.21.0&#8243; _module_preset=&#8221;default&#8221; custom_margin=&#8221;0px||0px||false|false&#8221; custom_padding=&#8221;0px||0px||false|false&#8221; global_colors_info=&#8221;{}&#8221;][et_pb_column type=&#8221;4_4&#8243; _builder_version=&#8221;4.21.0&#8243; _module_preset=&#8221;default&#8221; global_colors_info=&#8221;{}&#8221;][et_pb_image src=&#8221;https:\/\/suzuki.com.gt\/motos\/wp-content\/uploads\/Whatsapp.png&#8221; title_text=&#8221;Whatsapp&#8221; url=&#8221;https:\/\/api.whatsapp.com\/send?text=Hola%2C%20quiero%20informaci%C3%B3n&#038;phone=50224202100&#8243; url_new_window=&#8221;on&#8221; align=&#8221;center&#8221; admin_label=&#8221;Image&#8221; _builder_version=&#8221;4.22.2&#8243; _module_preset=&#8221;default&#8221; global_module=&#8221;239130&#8243; saved_tabs=&#8221;all&#8221; global_colors_info=&#8221;{}&#8221;][\/et_pb_image][\/et_pb_column][\/et_pb_row][\/et_pb_section][et_pb_section fb_built=&#8221;1&#8243; _builder_version=&#8221;4.20.2&#8243; _module_preset=&#8221;default&#8221; background_color=&#8221;gcid-8a01d4c2-1066-4a4e-98de-ad883d7f6c28&#8243; da_disable_devices=&#8221;off|off|off&#8221; global_colors_info=&#8221;{%22gcid-8a01d4c2-1066-4a4e-98de-ad883d7f6c28%22:%91%22background_color%22%93}&#8221; da_is_popup=&#8221;off&#8221; da_exit_intent=&#8221;off&#8221; da_has_close=&#8221;on&#8221; da_alt_close=&#8221;off&#8221; da_dark_close=&#8221;off&#8221; da_not_modal=&#8221;on&#8221; da_is_singular=&#8221;off&#8221; da_with_loader=&#8221;off&#8221; da_has_shadow=&#8221;on&#8221;][et_pb_row _builder_version=&#8221;4.20.2&#8243; _module_preset=&#8221;default&#8221; width=&#8221;90%&#8221; max_width=&#8221;90%&#8221; module_alignment=&#8221;center&#8221; global_colors_info=&#8221;{}&#8221;][et_pb_column type=&#8221;4_4&#8243; _builder_version=&#8221;4.20.2&#8243; _module_preset=&#8221;default&#8221; global_colors_info=&#8221;{}&#8221;][et_pb_text _builder_version=&#8221;4.21.0&#8243; _module_preset=&#8221;default&#8221; header_font=&#8221;|800|||||||&#8221; header_text_align=&#8221;center&#8221; header_text_color=&#8221;gcid-8a01d4c2-1066-4a4e-98de-ad883d7f6c28&#8243; header_font_size=&#8221;65px&#8221; header_line_height=&#8221;0.9em&#8221; custom_margin=&#8221;||||false|false&#8221; custom_padding=&#8221;||||false|false&#8221; header_font_size_tablet=&#8221;65px&#8221; header_font_size_phone=&#8221;50px&#8221; header_font_size_last_edited=&#8221;on|phone&#8221; global_colors_info=&#8221;{%22gcid-8a01d4c2-1066-4a4e-98de-ad883d7f6c28%22:%91%22header_text_color%22%93}&#8221;]<\/p>\n<h1><span style=\"color: #ffffff;\"><strong>Visita tu <br \/><span style=\"color: #bcc600;\">AGENCIA SUZUKI<br \/><\/span> m\u00e1s cercana<\/strong><\/span><\/h1>\n<p>[\/et_pb_text][et_pb_text _builder_version=&#8221;4.21.0&#8243; _module_preset=&#8221;default&#8221; header_font=&#8221;|800|||||||&#8221; header_text_align=&#8221;center&#8221; header_text_color=&#8221;gcid-8a01d4c2-1066-4a4e-98de-ad883d7f6c28&#8243; header_font_size=&#8221;65px&#8221; header_line_height=&#8221;0.9em&#8221; module_alignment=&#8221;center&#8221; custom_margin=&#8221;||||false|false&#8221; custom_padding=&#8221;||||false|false&#8221; header_text_align_tablet=&#8221;center&#8221; header_text_align_phone=&#8221;center&#8221; header_text_align_last_edited=&#8221;on|phone&#8221; header_font_size_tablet=&#8221;65px&#8221; header_font_size_phone=&#8221;42px&#8221; header_font_size_last_edited=&#8221;on|phone&#8221; global_colors_info=&#8221;{%22gcid-8a01d4c2-1066-4a4e-98de-ad883d7f6c28%22:%91%22header_text_color%22%93}&#8221;]<\/p>\n<h1 style=\"text-align: center;\"><span style=\"color: #ffffff;\"><strong>PBX: 2420 2100<\/strong><\/span><\/h1>\n<p>[\/et_pb_text][\/et_pb_column][\/et_pb_row][\/et_pb_section][et_pb_section fb_built=&#8221;1&#8243; _builder_version=&#8221;4.27.4&#8243; _module_preset=&#8221;default&#8221; background_enable_color=&#8221;off&#8221; da_disable_devices=&#8221;off|off|off&#8221; global_colors_info=&#8221;{}&#8221; da_is_popup=&#8221;off&#8221; da_exit_intent=&#8221;off&#8221; da_has_close=&#8221;on&#8221; da_alt_close=&#8221;off&#8221; da_dark_close=&#8221;off&#8221; da_not_modal=&#8221;on&#8221; da_is_singular=&#8221;off&#8221; da_with_loader=&#8221;off&#8221; da_has_shadow=&#8221;on&#8221;][et_pb_row _builder_version=&#8221;4.21.0&#8243; _module_preset=&#8221;default&#8221; width=&#8221;90%&#8221; max_width=&#8221;90%&#8221; global_colors_info=&#8221;{}&#8221;][et_pb_column type=&#8221;4_4&#8243; _builder_version=&#8221;4.21.0&#8243; _module_preset=&#8221;default&#8221; global_colors_info=&#8221;{}&#8221;][et_pb_text _builder_version=&#8221;4.21.0&#8243; _module_preset=&#8221;default&#8221; header_font=&#8221;|700|||||||&#8221; global_colors_info=&#8221;{}&#8221;]<\/p>\n<h1>AGENCIAS SUZUKI<\/h1>\n<p>[\/et_pb_text][\/et_pb_column][\/et_pb_row][et_pb_row column_structure=&#8221;1_3,1_3,1_3&#8243; use_custom_gutter=&#8221;on&#8221; _builder_version=&#8221;4.21.0&#8243; _module_preset=&#8221;default&#8221; width=&#8221;90%&#8221; max_width=&#8221;90%&#8221; global_colors_info=&#8221;{}&#8221;][et_pb_column type=&#8221;1_3&#8243; _builder_version=&#8221;4.21.0&#8243; _module_preset=&#8221;default&#8221; global_colors_info=&#8221;{}&#8221;][et_pb_image src=&#8221;https:\/\/suzuki.com.gt\/motos\/wp-content\/uploads\/La-castellana.png&#8221; title_text=&#8221;La-castellana&#8221; show_bottom_space=&#8221;off&#8221; _builder_version=&#8221;4.21.0&#8243; _module_preset=&#8221;default&#8221; custom_margin=&#8221;0px||10px||false|false&#8221; global_colors_info=&#8221;{}&#8221;][\/et_pb_image][et_pb_text _builder_version=&#8221;4.27.4&#8243; _module_preset=&#8221;default&#8221; global_colors_info=&#8221;{}&#8221;]<\/p>\n<h4><strong>Central Castellana<\/strong><\/h4>\n<p>Avenida La Castellana 39-48 zona 8, Guatemala<\/p>\n<p>Lunes a Viernes de 8:00 am a 6:00 pm y S\u00e1bado de 8:00 am a 12:00 pm<\/p>\n<p>Motos Ext. 2253, 2274, 2263,\u00a0 2362, 2628, 2247,<\/p>\n<p>Taller Ext. 2181, 2250<\/p>\n<p>Repuestos Ext. 2226, 2266, 2751<\/p>\n<p>Motores Marinos Ext. 2215, 2798<\/p>\n<p>[\/et_pb_text][\/et_pb_column][et_pb_column type=&#8221;1_3&#8243; _builder_version=&#8221;4.21.0&#8243; _module_preset=&#8221;default&#8221; global_colors_info=&#8221;{}&#8221;][et_pb_image src=&#8221;https:\/\/suzuki.com.gt\/motos\/wp-content\/uploads\/Agencia-Fundacion-Zona-4.png&#8221; title_text=&#8221;Agencia Fundacio\u0301n Zona 4&#8243; show_bottom_space=&#8221;off&#8221; _builder_version=&#8221;4.21.0&#8243; _module_preset=&#8221;default&#8221; custom_margin=&#8221;0px||10px||false|false&#8221; global_colors_info=&#8221;{}&#8221;][\/et_pb_image][et_pb_text _builder_version=&#8221;4.21.0&#8243; _module_preset=&#8221;default&#8221; global_colors_info=&#8221;{}&#8221;]<\/p>\n<h4><strong>Fundaci\u00f3n Zona 4<\/strong><\/h4>\n<p>6a. Avenida 6-85 zona 4, Guatemala<\/p>\n<p>Lunes a Viernes de 8:00 am a 6:00 pm y S\u00e1bado de 8:00 am a 12:00 pm<\/p>\n<p>Motos Ext. 2630<\/p>\n<p>Taller Ext. 2633<\/p>\n<p>Repuestos Ext. 2632<\/p>\n<p>[\/et_pb_text][\/et_pb_column][et_pb_column type=&#8221;1_3&#8243; _builder_version=&#8221;4.21.0&#8243; _module_preset=&#8221;default&#8221; global_colors_info=&#8221;{}&#8221;][et_pb_image src=&#8221;https:\/\/suzuki.com.gt\/motos\/wp-content\/uploads\/BOLIVAR.png&#8221; title_text=&#8221;BOLIVAR&#8221; show_bottom_space=&#8221;off&#8221; _builder_version=&#8221;4.27.2&#8243; _module_preset=&#8221;default&#8221; custom_margin=&#8221;0px||10px||false|false&#8221; global_colors_info=&#8221;{}&#8221;][\/et_pb_image][et_pb_text _builder_version=&#8221;4.27.2&#8243; _module_preset=&#8221;default&#8221; global_colors_info=&#8221;{}&#8221;]<\/p>\n<h4><strong>Bol\u00edvar<\/strong><\/h4>\n<p>Avenida Bol\u00edvar 35-28 zona 3, Guatemala<\/p>\n<p>Lunes a Viernes de 8:00 am a 6:00 pm y S\u00e1bado de 8:00 am a 12:00 pm<\/p>\n<p>Motos Ext. 2820, 2821<\/p>\n<p>Taller Ext. 2820, 2834<\/p>\n<p>Repuestos Ext. 2817<\/p>\n<p>[\/et_pb_text][\/et_pb_column][\/et_pb_row][et_pb_row column_structure=&#8221;1_3,1_3,1_3&#8243; use_custom_gutter=&#8221;on&#8221; _builder_version=&#8221;4.21.0&#8243; _module_preset=&#8221;default&#8221; width=&#8221;90%&#8221; max_width=&#8221;90%&#8221; global_colors_info=&#8221;{}&#8221;][et_pb_column type=&#8221;1_3&#8243; _builder_version=&#8221;4.21.0&#8243; _module_preset=&#8221;default&#8221; global_colors_info=&#8221;{}&#8221;][et_pb_image src=&#8221;https:\/\/suzuki.com.gt\/motos\/wp-content\/uploads\/AGUILAR-BATRES.png&#8221; title_text=&#8221;AGUILAR-BATRES&#8221; show_bottom_space=&#8221;off&#8221; _builder_version=&#8221;4.27.2&#8243; _module_preset=&#8221;default&#8221; custom_margin=&#8221;0px||10px||false|false&#8221; global_colors_info=&#8221;{}&#8221;][\/et_pb_image][et_pb_text _builder_version=&#8221;4.21.0&#8243; _module_preset=&#8221;default&#8221; global_colors_info=&#8221;{}&#8221;]<\/p>\n<h4><strong>Aguilar Batres<\/strong><\/h4>\n<p>Calzada Aguilar Batres 11-60 zona 11, Guatemala<\/p>\n<p>Lunes a Viernes de 8:00 am a 6:00 pm y S\u00e1bado de 8:00 am a 12:00 pm<\/p>\n<p>Motos Ext. 2634<\/p>\n<p>Taller Ext. 2634, 2636<\/p>\n<p>Repuestos Ext. 2635<\/p>\n<p>[\/et_pb_text][\/et_pb_column][et_pb_column type=&#8221;1_3&#8243; _builder_version=&#8221;4.21.0&#8243; _module_preset=&#8221;default&#8221; global_colors_info=&#8221;{}&#8221;][et_pb_image src=&#8221;https:\/\/suzuki.com.gt\/motos\/wp-content\/uploads\/cambiar-eskala-1.png&#8221; title_text=&#8221;cambiar eskala&#8221; show_bottom_space=&#8221;off&#8221; _builder_version=&#8221;4.27.4&#8243; _module_preset=&#8221;default&#8221; custom_margin=&#8221;0px||10px||false|false&#8221; global_colors_info=&#8221;{}&#8221;][\/et_pb_image][et_pb_text _builder_version=&#8221;4.27.4&#8243; _module_preset=&#8221;default&#8221; global_colors_info=&#8221;{}&#8221;]<\/p>\n<h4><strong>Eskala Roosevelt<\/strong><\/h4>\n<p>Kil\u00f3metro 13.8 Calzada Roosevelt C.C. Eskala Roosevelt Local L-112 Zona 3 Mixco, Guatemala<\/p>\n<p>Lunes a Viernes de 10:00 am a 8:00 pm S\u00e1bado y Domingo de 10:00 a 8:00 pm<\/p>\n<p>Motos Ext. 2930<\/p>\n<p>[\/et_pb_text][\/et_pb_column][et_pb_column type=&#8221;1_3&#8243; _builder_version=&#8221;4.21.0&#8243; _module_preset=&#8221;default&#8221; global_colors_info=&#8221;{}&#8221;][et_pb_image src=&#8221;https:\/\/suzuki.com.gt\/motos\/wp-content\/uploads\/SAN-JUAN.png&#8221; title_text=&#8221;SAN-JUAN&#8221; show_bottom_space=&#8221;off&#8221; _builder_version=&#8221;4.27.2&#8243; _module_preset=&#8221;default&#8221; custom_margin=&#8221;0px||10px||false|false&#8221; global_colors_info=&#8221;{}&#8221;][\/et_pb_image][et_pb_text _builder_version=&#8221;4.21.0&#8243; _module_preset=&#8221;default&#8221; global_colors_info=&#8221;{}&#8221;]<\/p>\n<h4><strong>San Juan<\/strong><\/h4>\n<p>Calzada San Juan 9-00 zona 7, de Guatemala<\/p>\n<p>Lunes a Viernes de 8:00 am a 6:00 pm y S\u00e1bado de 8:00 am a 12:00 pm<\/p>\n<p>Motos Ext. 2825, 2826<\/p>\n<p>Taller Ext. 2824, 2825<\/p>\n<p>Repuestos Ext. 2823<\/p>\n<p>[\/et_pb_text][\/et_pb_column][\/et_pb_row][et_pb_row column_structure=&#8221;1_3,1_3,1_3&#8243; use_custom_gutter=&#8221;on&#8221; _builder_version=&#8221;4.21.0&#8243; _module_preset=&#8221;default&#8221; width=&#8221;90%&#8221; max_width=&#8221;90%&#8221; global_colors_info=&#8221;{}&#8221;][et_pb_column type=&#8221;1_3&#8243; _builder_version=&#8221;4.21.0&#8243; _module_preset=&#8221;default&#8221; global_colors_info=&#8221;{}&#8221;][et_pb_image src=&#8221;https:\/\/suzuki.com.gt\/motos\/wp-content\/uploads\/agencia-metronorte.png&#8221; title_text=&#8221;agencia-metronorte&#8221; show_bottom_space=&#8221;off&#8221; _builder_version=&#8221;4.21.0&#8243; _module_preset=&#8221;default&#8221; custom_margin=&#8221;0px||10px||false|false&#8221; global_colors_info=&#8221;{}&#8221;][\/et_pb_image][et_pb_text _builder_version=&#8221;4.24.0&#8243; _module_preset=&#8221;default&#8221; global_colors_info=&#8221;{}&#8221;]<\/p>\n<h4><strong>Centro Comercial Metronorte Zona 17<\/strong><\/h4>\n<p>CC Metronorte Carr. Atl\u00e1ntico Km. 5 zona 17, Local 2-811 y 2-812<\/p>\n<p>Lunes a Domingo de 10:00 am a 8:00 pm\u00a0<\/p>\n<p>Motos Ext. 2837, 2838<\/p>\n<p>Repuestos Ext. 2836<\/p>\n<p>[\/et_pb_text][\/et_pb_column][et_pb_column type=&#8221;1_3&#8243; _builder_version=&#8221;4.21.0&#8243; _module_preset=&#8221;default&#8221; global_colors_info=&#8221;{}&#8221;][et_pb_image src=&#8221;https:\/\/suzuki.com.gt\/motos\/wp-content\/uploads\/CALLE-MARTI.png&#8221; title_text=&#8221;CALLE-MARTI&#8221; show_bottom_space=&#8221;off&#8221; _builder_version=&#8221;4.27.2&#8243; _module_preset=&#8221;default&#8221; custom_margin=&#8221;0px||10px||false|false&#8221; global_colors_info=&#8221;{}&#8221;][\/et_pb_image][et_pb_text _builder_version=&#8221;4.21.0&#8243; _module_preset=&#8221;default&#8221; global_colors_info=&#8221;{}&#8221;]<\/p>\n<h4><strong>Calle Mart\u00ed<\/strong><\/h4>\n<p>Calle Mart\u00ed 12-22 zona 6, Ciudad de Guatemala<\/p>\n<p>Lunes a Viernes de 8:00 am a 6:00 pm y S\u00e1bado de 8:00 am a 12:00 pm<\/p>\n<p>Motos Ext. 2814, 2815<\/p>\n<p>Taller Ext. 2813, 2814<\/p>\n<p>Repuestos Ext. 2812<\/p>\n<p>[\/et_pb_text][\/et_pb_column][et_pb_column type=&#8221;1_3&#8243; _builder_version=&#8221;4.21.0&#8243; _module_preset=&#8221;default&#8221; global_colors_info=&#8221;{}&#8221;][et_pb_image src=&#8221;https:\/\/suzuki.com.gt\/motos\/wp-content\/uploads\/LA-TORRE.png&#8221; title_text=&#8221;LA-TORRE&#8221; show_bottom_space=&#8221;off&#8221; _builder_version=&#8221;4.27.2&#8243; _module_preset=&#8221;default&#8221; custom_margin=&#8221;0px||10px||false|false&#8221; global_colors_info=&#8221;{}&#8221;][\/et_pb_image][et_pb_text _builder_version=&#8221;4.27.2&#8243; _module_preset=&#8221;default&#8221; global_colors_info=&#8221;{}&#8221;]<\/p>\n<h4><strong>La Torre Zona 9<\/strong><\/h4>\n<p>7a. Avenida 1-20 zona 9, Local B, Ciudad de Guatemala<\/p>\n<p>Lunes a Viernes de 8:00 am a 6:00 pm y S\u00e1bado de 8:00 am a 12:00 pm<\/p>\n<p>Motos Ext. 2529, 2530<\/p>\n<p>Taller Ext. 2528, 2529<\/p>\n<p>Repuestos Ext. 2532<\/p>\n<p>[\/et_pb_text][\/et_pb_column][\/et_pb_row][et_pb_row column_structure=&#8221;1_3,1_3,1_3&#8243; use_custom_gutter=&#8221;on&#8221; _builder_version=&#8221;4.21.0&#8243; _module_preset=&#8221;default&#8221; width=&#8221;90%&#8221; max_width=&#8221;90%&#8221; global_colors_info=&#8221;{}&#8221;][et_pb_column type=&#8221;1_3&#8243; _builder_version=&#8221;4.21.0&#8243; _module_preset=&#8221;default&#8221; global_colors_info=&#8221;{}&#8221;][et_pb_image src=&#8221;https:\/\/suzuki.com.gt\/motos\/wp-content\/uploads\/cambiar-monte-real.png&#8221; title_text=&#8221;cambiar monte-real&#8221; show_bottom_space=&#8221;off&#8221; _builder_version=&#8221;4.23&#8243; _module_preset=&#8221;default&#8221; custom_margin=&#8221;0px||10px||false|false&#8221; global_colors_info=&#8221;{}&#8221;][\/et_pb_image][et_pb_text _builder_version=&#8221;4.21.0&#8243; _module_preset=&#8221;default&#8221; global_colors_info=&#8221;{}&#8221;]<\/p>\n<h4><strong>Monte Real<\/strong><\/h4>\n<p>Calzada San Juan Local B Monte Real 12-43 zona 4 de Mixco Guatemala<\/p>\n<p>Lunes a Viernes de 8:00 am a 6:00 pm y S\u00e1bado de 8:00 am a 12:00 pm<\/p>\n<p>Motos Ext. 2829<\/p>\n<p>Taller Ext. 2828<\/p>\n<p>Repuestos Ext. 2828<\/p>\n<p>[\/et_pb_text][\/et_pb_column][et_pb_column type=&#8221;1_3&#8243; _builder_version=&#8221;4.21.0&#8243; _module_preset=&#8221;default&#8221; global_colors_info=&#8221;{}&#8221;][et_pb_image src=&#8221;https:\/\/suzuki.com.gt\/motos\/wp-content\/uploads\/AGENCIA-PETAPA-1.png&#8221; title_text=&#8221;AGENCIA PETAPA&#8221; show_bottom_space=&#8221;off&#8221; _builder_version=&#8221;4.27.0&#8243; _module_preset=&#8221;default&#8221; custom_margin=&#8221;0px||10px||false|false&#8221; global_colors_info=&#8221;{}&#8221;][\/et_pb_image][et_pb_text _builder_version=&#8221;4.21.0&#8243; _module_preset=&#8221;default&#8221; global_colors_info=&#8221;{}&#8221;]<\/p>\n<h4><strong>Petapa<\/strong><\/h4>\n<p>Avenida Petapa 31-04 zona 12, Ciudad de Guatemala<\/p>\n<p>Lunes a Viernes de 8:00 am a 6:00 pm y S\u00e1bado de 8:00 am a 12:00 pm<\/p>\n<p>Motos Ext. 2832, 2833<\/p>\n<p>Taller Ext. 2831, 2832<\/p>\n<p>Repuestos Ext. 2831<\/p>\n<p>[\/et_pb_text][\/et_pb_column][et_pb_column type=&#8221;1_3&#8243; _builder_version=&#8221;4.21.0&#8243; _module_preset=&#8221;default&#8221; global_colors_info=&#8221;{}&#8221;][et_pb_image src=&#8221;https:\/\/suzuki.com.gt\/motos\/wp-content\/uploads\/VILLA-NUEVA.png&#8221; title_text=&#8221;VILLA-NUEVA&#8221; show_bottom_space=&#8221;off&#8221; _builder_version=&#8221;4.27.2&#8243; _module_preset=&#8221;default&#8221; custom_margin=&#8221;0px||10px||false|false&#8221; global_colors_info=&#8221;{}&#8221;][\/et_pb_image][et_pb_text _builder_version=&#8221;4.27.2&#8243; _module_preset=&#8221;default&#8221; global_colors_info=&#8221;{}&#8221;]<\/p>\n<h4><strong>Villa Nueva<\/strong><\/h4>\n<p>3ra. Calle 13-83 zona 1, Villa Nueva<\/p>\n<p>Lunes a Viernes de 8:00 am a 6:00 pm y S\u00e1bado de 8:00 am a 12:00 pm<\/p>\n<p>Motos Ext. 6636-6219<\/p>\n<p>[\/et_pb_text][\/et_pb_column][\/et_pb_row][et_pb_row column_structure=&#8221;1_3,1_3,1_3&#8243; use_custom_gutter=&#8221;on&#8221; _builder_version=&#8221;4.21.0&#8243; _module_preset=&#8221;default&#8221; width=&#8221;90%&#8221; max_width=&#8221;90%&#8221; global_colors_info=&#8221;{}&#8221;][et_pb_column type=&#8221;1_3&#8243; _builder_version=&#8221;4.21.0&#8243; _module_preset=&#8221;default&#8221; global_colors_info=&#8221;{}&#8221;][et_pb_image src=&#8221;https:\/\/suzuki.com.gt\/motos\/wp-content\/uploads\/AMATITLAN.png&#8221; title_text=&#8221;AMATITLAN&#8221; show_bottom_space=&#8221;off&#8221; _builder_version=&#8221;4.27.0&#8243; _module_preset=&#8221;default&#8221; custom_margin=&#8221;0px||10px||false|false&#8221; global_colors_info=&#8221;{}&#8221;][\/et_pb_image][et_pb_text _builder_version=&#8221;4.27.0&#8243; _module_preset=&#8221;default&#8221; global_colors_info=&#8221;{}&#8221;]<\/p>\n<h4><strong>Amatitl\u00e1n\u00a0<\/strong><\/h4>\n<p>Barrio San Juan 5 Avenida 5-80 Apto. B zona 1, Amatitl\u00e1n<\/p>\n<p>Lunes a Viernes de 8:00 am a 6:00 pm y S\u00e1bado de 8:00 am a 12:00 pm<\/p>\n<p>Motos Ext. 2643<\/p>\n<p>Taller Ext. 2642, 2643<\/p>\n<p>Repuestos Ext. 2642<\/p>\n<p>[\/et_pb_text][\/et_pb_column][et_pb_column type=&#8221;1_3&#8243; _builder_version=&#8221;4.21.0&#8243; _module_preset=&#8221;default&#8221; global_colors_info=&#8221;{}&#8221;][et_pb_image src=&#8221;https:\/\/suzuki.com.gt\/motos\/wp-content\/uploads\/PETAPA.png&#8221; title_text=&#8221;PETAPA&#8221; show_bottom_space=&#8221;off&#8221; _builder_version=&#8221;4.27.0&#8243; _module_preset=&#8221;default&#8221; custom_margin=&#8221;0px||10px||false|false&#8221; global_colors_info=&#8221;{}&#8221;][\/et_pb_image][et_pb_text _builder_version=&#8221;4.21.0&#8243; _module_preset=&#8221;default&#8221; global_colors_info=&#8221;{}&#8221;]<\/p>\n<h4><strong>San Miguel Petapa<\/strong><\/h4>\n<p>0 calle 1-62 zona 9, San Miguel Petapa Plaza San L\u00e1zaro<\/p>\n<p>Lunes a Viernes de 8:00 am a 6:00 pm y S\u00e1bado de 8:00 am a 12:00 pm<\/p>\n<p>Motos Ext. 2671, 2672<\/p>\n<p>Taller Ext. 2670, 2672<\/p>\n<p>Repuestos Ext. 2670<\/p>\n<p>[\/et_pb_text][\/et_pb_column][et_pb_column type=&#8221;1_3&#8243; _builder_version=&#8221;4.21.0&#8243; _module_preset=&#8221;default&#8221; global_colors_info=&#8221;{}&#8221;][et_pb_image src=&#8221;https:\/\/suzuki.com.gt\/motos\/wp-content\/uploads\/SAN-CRISTOBAL.png&#8221; title_text=&#8221;SAN-CRISTOBAL&#8221; show_bottom_space=&#8221;off&#8221; _builder_version=&#8221;4.27.0&#8243; _module_preset=&#8221;default&#8221; custom_margin=&#8221;0px||10px||false|false&#8221; global_colors_info=&#8221;{}&#8221;][\/et_pb_image][et_pb_text _builder_version=&#8221;4.21.0&#8243; _module_preset=&#8221;default&#8221; global_colors_info=&#8221;{}&#8221;]<\/p>\n<h4><strong>San Crist\u00f3bal<\/strong><\/h4>\n<p>Boulevard Sur 19-54 Condominios los Altos Zona 8 de Mixco San Crist\u00f3bal<\/p>\n<p>Lunes a Viernes de 8:00 am a 6:00 pm y S\u00e1bado de 8:00 am a 12:00 pm<\/p>\n<p>Motos Ext. 2701, 2702<\/p>\n<p>Taller Ext. 2700, 2701<\/p>\n<p>Repuestos Ext. 2700<\/p>\n<p>[\/et_pb_text][\/et_pb_column][\/et_pb_row][et_pb_row column_structure=&#8221;1_3,1_3,1_3&#8243; use_custom_gutter=&#8221;on&#8221; _builder_version=&#8221;4.21.0&#8243; _module_preset=&#8221;default&#8221; width=&#8221;90%&#8221; max_width=&#8221;90%&#8221; global_colors_info=&#8221;{}&#8221;][et_pb_column type=&#8221;1_3&#8243; _builder_version=&#8221;4.21.0&#8243; _module_preset=&#8221;default&#8221; global_colors_info=&#8221;{}&#8221;][et_pb_image src=&#8221;https:\/\/suzuki.com.gt\/motos\/wp-content\/uploads\/agencia-villa-hermosa.png&#8221; title_text=&#8221;agencia-villa-hermosa&#8221; show_bottom_space=&#8221;off&#8221; _builder_version=&#8221;4.21.0&#8243; _module_preset=&#8221;default&#8221; custom_margin=&#8221;0px||10px||false|false&#8221; global_colors_info=&#8221;{}&#8221;][\/et_pb_image][et_pb_text _builder_version=&#8221;4.21.0&#8243; _module_preset=&#8221;default&#8221; global_colors_info=&#8221;{}&#8221;]<\/p>\n<h4><strong>Villa Hermosa<\/strong><\/h4>\n<p>23 calle 20-49 Villa Hermosa I zona 7, San Miguel Petapa, Guatemala<\/p>\n<p>Lunes a Viernes de 8:00 am a 6:00 pm y S\u00e1bado de 8:00 am a 12:00 pm<\/p>\n<p>Motos Ext. 2520<\/p>\n<p>Taller Ext. 2520, 2521<\/p>\n<p>Repuestos Ext. 2521<\/p>\n<p>[\/et_pb_text][\/et_pb_column][et_pb_column type=&#8221;1_3&#8243; _builder_version=&#8221;4.21.0&#8243; _module_preset=&#8221;default&#8221; global_colors_info=&#8221;{}&#8221;][et_pb_image src=&#8221;https:\/\/suzuki.com.gt\/motos\/wp-content\/uploads\/EL-RODEO.png&#8221; title_text=&#8221;EL-RODEO&#8221; show_bottom_space=&#8221;off&#8221; _builder_version=&#8221;4.27.0&#8243; _module_preset=&#8221;default&#8221; custom_margin=&#8221;0px||10px||false|false&#8221; global_colors_info=&#8221;{}&#8221;][\/et_pb_image][et_pb_text _builder_version=&#8221;4.21.0&#8243; _module_preset=&#8221;default&#8221; global_colors_info=&#8221;{}&#8221;]<\/p>\n<h4><strong>El Rodeo<\/strong><\/h4>\n<p>Calzada San Juan 36-93 zona 7, Colonia El Rodeo<\/p>\n<p>Lunes a Viernes de 8:00 am a 6:00 pm y S\u00e1bado de 8:00 am a 12:00 pm<\/p>\n<p>Motos Ext. 2540, 2543<\/p>\n<p>Taller Ext. 2540, 2542<\/p>\n<p>Repuestos Ext. 2541<\/p>\n<p>[\/et_pb_text][\/et_pb_column][et_pb_column type=&#8221;1_3&#8243; _builder_version=&#8221;4.21.0&#8243; _module_preset=&#8221;default&#8221; global_colors_info=&#8221;{}&#8221;][et_pb_image src=&#8221;https:\/\/suzuki.com.gt\/motos\/wp-content\/uploads\/500&#215;400-san-lucas.jpg&#8221; title_text=&#8221;500&#215;400 san lucas&#8221; show_bottom_space=&#8221;off&#8221; _builder_version=&#8221;4.24.3&#8243; _module_preset=&#8221;default&#8221; custom_margin=&#8221;0px||10px||false|false&#8221; global_colors_info=&#8221;{}&#8221;][\/et_pb_image][et_pb_text _builder_version=&#8221;4.27.0&#8243; _module_preset=&#8221;default&#8221; global_colors_info=&#8221;{}&#8221;]<\/p>\n<h4><strong>San Lucas Sacatep\u00e9quez II<\/strong><\/h4>\n<p>San Lucas: Carretera Interamericana 2-10 y 2-12, casco urbano zona 2, San Lucas Sacatepequez, Sacatepequez<\/p>\n<p>Lunes a Viernes de 8:00 am a 6:00 pm y S\u00e1bado de 8:00 am a 12:00 pm<\/p>\n<p>Motos Ext. 2844, 2843\u00a0<\/p>\n<p>&nbsp;<\/p>\n<p>[\/et_pb_text][\/et_pb_column][\/et_pb_row][et_pb_row column_structure=&#8221;1_3,1_3,1_3&#8243; use_custom_gutter=&#8221;on&#8221; _builder_version=&#8221;4.21.0&#8243; _module_preset=&#8221;default&#8221; width=&#8221;90%&#8221; max_width=&#8221;90%&#8221; global_colors_info=&#8221;{}&#8221;][et_pb_column type=&#8221;1_3&#8243; _builder_version=&#8221;4.21.0&#8243; _module_preset=&#8221;default&#8221; global_colors_info=&#8221;{}&#8221;][et_pb_image src=&#8221;https:\/\/suzuki.com.gt\/motos\/wp-content\/uploads\/agencia-c.c.-santa-clara.png&#8221; title_text=&#8221;agencia-c.c.-santa-clara&#8221; show_bottom_space=&#8221;off&#8221; _builder_version=&#8221;4.21.0&#8243; _module_preset=&#8221;default&#8221; custom_margin=&#8221;0px||10px||false|false&#8221; global_colors_info=&#8221;{}&#8221;][\/et_pb_image][et_pb_text _builder_version=&#8221;4.21.0&#8243; _module_preset=&#8221;default&#8221; global_colors_info=&#8221;{}&#8221;]<\/p>\n<h4><strong>Centro Comercial Santa Clara<\/strong><\/h4>\n<p>Centro Comercial Santa Clara local 102 y 103 Km. 17.5 Carretera al Pac\u00edfico<\/p>\n<p>Lunes a Viernes de 10:00 am a 8:00 pm S\u00e1bado y Domingo de 10:00 a 8:00 pm<\/p>\n<p>Motos Ext. 2711, 2712<\/p>\n<p>Repuestos Ext. 2710<\/p>\n<p>[\/et_pb_text][\/et_pb_column][et_pb_column type=&#8221;1_3&#8243; _builder_version=&#8221;4.21.0&#8243; _module_preset=&#8221;default&#8221; global_colors_info=&#8221;{}&#8221;][et_pb_image src=&#8221;https:\/\/suzuki.com.gt\/motos\/wp-content\/uploads\/agencia-zona-1.png&#8221; title_text=&#8221;agencia-zona-1&#8243; show_bottom_space=&#8221;off&#8221; _builder_version=&#8221;4.21.0&#8243; _module_preset=&#8221;default&#8221; custom_margin=&#8221;0px||10px||false|false&#8221; global_colors_info=&#8221;{}&#8221;][\/et_pb_image][et_pb_text _builder_version=&#8221;4.21.0&#8243; _module_preset=&#8221;default&#8221; global_colors_info=&#8221;{}&#8221;]<\/p>\n<h4><strong>Zona 1<\/strong><\/h4>\n<p>19 calle 7-14 zona 1, Ciudad de Guatemala<\/p>\n<p>Lunes a Viernes de 8:00 am a 6:00 pm y S\u00e1bado de 8:00 am a 12:00 pm<\/p>\n<p>Motos Ext. 2536, 2537<\/p>\n<p>Repuestos Ext. 2538<\/p>\n<p>[\/et_pb_text][\/et_pb_column][et_pb_column type=&#8221;1_3&#8243; _builder_version=&#8221;4.21.0&#8243; _module_preset=&#8221;default&#8221; global_colors_info=&#8221;{}&#8221;][et_pb_image src=&#8221;https:\/\/suzuki.com.gt\/motos\/wp-content\/uploads\/agencia-c.c.-flores-del-lago.png&#8221; title_text=&#8221;agencia-c.c.-flores-del-lago&#8221; show_bottom_space=&#8221;off&#8221; _builder_version=&#8221;4.21.0&#8243; _module_preset=&#8221;default&#8221; custom_margin=&#8221;0px||10px||false|false&#8221; global_colors_info=&#8221;{}&#8221;][\/et_pb_image][et_pb_text _builder_version=&#8221;4.21.0&#8243; _module_preset=&#8221;default&#8221; global_colors_info=&#8221;{}&#8221;]<\/p>\n<h4><strong>Centro Comercial Flores del Lago, Amatitl\u00e1n<\/strong><\/h4>\n<p>Km. 29.6 Carretera al Pac\u00edfico, C.C. Flores del Lago, Sector C Local 12, Amatitl\u00e1n, Guatemala<\/p>\n<p>Lunes a Viernes de 10:00 am a 8:00 pm S\u00e1bado y Domingo de 10:00 a 8:00 pm<\/p>\n<p>Motos Ext. 2830<\/p>\n<p>[\/et_pb_text][\/et_pb_column][\/et_pb_row][et_pb_row column_structure=&#8221;1_3,1_3,1_3&#8243; use_custom_gutter=&#8221;on&#8221; _builder_version=&#8221;4.27.0&#8243; _module_preset=&#8221;default&#8221; width=&#8221;90%&#8221; max_width=&#8221;90%&#8221; global_colors_info=&#8221;{}&#8221;][et_pb_column type=&#8221;1_3&#8243; _builder_version=&#8221;4.21.0&#8243; _module_preset=&#8221;default&#8221; global_colors_info=&#8221;{}&#8221;][et_pb_image src=&#8221;https:\/\/suzuki.com.gt\/motos\/wp-content\/uploads\/fotografia-editada-Antigua.png&#8221; title_text=&#8221;fotograf\u00eda editada Antigua&#8221; show_bottom_space=&#8221;off&#8221; _builder_version=&#8221;4.27.5&#8243; _module_preset=&#8221;default&#8221; custom_margin=&#8221;0px||10px||false|false&#8221; global_colors_info=&#8221;{}&#8221;][\/et_pb_image][et_pb_text _builder_version=&#8221;4.27.5&#8243; _module_preset=&#8221;default&#8221; global_colors_info=&#8221;{}&#8221;]<\/p>\n<h4><strong>Antigua Guatemala II<\/strong><\/h4>\n<p>Avenida El Desenga\u00f1o No. 27 Zona 0 Antigua Guatemala, Sacatep\u00e9quez<\/p>\n<p>Lunes a Viernes de 8:00 am a 6:00 pm y S\u00e1bado de 8:00 am a 12:00 pm<\/p>\n<p>[\/et_pb_text][\/et_pb_column][et_pb_column type=&#8221;1_3&#8243; _builder_version=&#8221;4.21.0&#8243; _module_preset=&#8221;default&#8221; global_colors_info=&#8221;{}&#8221;][et_pb_image src=&#8221;https:\/\/suzuki.com.gt\/motos\/wp-content\/uploads\/REU.png&#8221; title_text=&#8221;REU&#8221; show_bottom_space=&#8221;off&#8221; _builder_version=&#8221;4.27.4&#8243; _module_preset=&#8221;default&#8221; custom_margin=&#8221;0px||10px||false|false&#8221; global_colors_info=&#8221;{}&#8221;][\/et_pb_image][et_pb_text _builder_version=&#8221;4.27.4&#8243; _module_preset=&#8221;default&#8221; global_colors_info=&#8221;{}&#8221;]<\/p>\n<h4><strong>Retalhuleu<\/strong><\/h4>\n<p>Local 44 sector 1 Centro Comercial La Trinidad zona 5 Retalhuleu, Retalhuleu<\/p>\n<p>Lunes a Viernes de 10:00 am a 8:00 pm S\u00e1bado y Domingo de 10:00 a 8:00 pm<\/p>\n<p>&nbsp;<\/p>\n<p>[\/et_pb_text][\/et_pb_column][et_pb_column type=&#8221;1_3&#8243; _builder_version=&#8221;4.21.0&#8243; _module_preset=&#8221;default&#8221; global_colors_info=&#8221;{}&#8221;][et_pb_image src=&#8221;https:\/\/suzuki.com.gt\/motos\/wp-content\/uploads\/ESCUINTLA-I.png&#8221; title_text=&#8221;ESCUINTLA-I&#8221; show_bottom_space=&#8221;off&#8221; _builder_version=&#8221;4.27.0&#8243; _module_preset=&#8221;default&#8221; custom_margin=&#8221;0px||10px||false|false&#8221; global_colors_info=&#8221;{}&#8221;][\/et_pb_image][et_pb_text _builder_version=&#8221;4.27.4&#8243; _module_preset=&#8221;default&#8221; global_colors_info=&#8221;{}&#8221;]<\/p>\n<h4><strong>Escuintla I<\/strong><\/h4>\n<p>4ta. Avenida 1-69 Apto. B Zona 1, Escuintla<\/p>\n<p>Lunes a Viernes de 8:00 am a 6:00 pm y S\u00e1bado de 8:00 am a 12:00 pm<\/p>\n<p>Motos Ext. 2352<\/p>\n<p>&nbsp;<\/p>\n<p>[\/et_pb_text][\/et_pb_column][\/et_pb_row][et_pb_row column_structure=&#8221;1_3,1_3,1_3&#8243; use_custom_gutter=&#8221;on&#8221; _builder_version=&#8221;4.21.0&#8243; _module_preset=&#8221;default&#8221; width=&#8221;90%&#8221; max_width=&#8221;90%&#8221; global_colors_info=&#8221;{}&#8221;][et_pb_column type=&#8221;1_3&#8243; _builder_version=&#8221;4.21.0&#8243; _module_preset=&#8221;default&#8221; global_colors_info=&#8221;{}&#8221;][et_pb_image src=&#8221;https:\/\/suzuki.com.gt\/motos\/wp-content\/uploads\/Andaria-Chimaltenango.jpg&#8221; title_text=&#8221;Andaria Chimaltenango&#8221; show_bottom_space=&#8221;off&#8221; _builder_version=&#8221;4.27.4&#8243; _module_preset=&#8221;default&#8221; custom_margin=&#8221;0px||10px||false|false&#8221; global_colors_info=&#8221;{}&#8221;][\/et_pb_image][et_pb_text _builder_version=&#8221;4.27.4&#8243; _module_preset=&#8221;default&#8221; global_colors_info=&#8221;{}&#8221;]<\/p>\n<h4><strong>Centro Comercial Andaria Chimaltenango<\/strong><\/h4>\n<p>C.C. Andaria Km. 55.5 Carretera Interamericana Chimaltenango, Chimaltenango Locales 38 y 39<\/p>\n<p>Lunes a Viernes de 10:00 am a 8:00 pm S\u00e1bado y Domingo de 10:00 a 8:00 pm<\/p>\n<p>Motos Ext. 2907<\/p>\n<p>Repuestos Ext. 2906<\/p>\n<p>[\/et_pb_text][\/et_pb_column][et_pb_column type=&#8221;1_3&#8243; _builder_version=&#8221;4.21.0&#8243; _module_preset=&#8221;default&#8221; global_colors_info=&#8221;{}&#8221;][et_pb_image src=&#8221;https:\/\/suzuki.com.gt\/motos\/wp-content\/uploads\/SAN-BENITO-1.png&#8221; title_text=&#8221;SAN-BENITO (1)&#8221; show_bottom_space=&#8221;off&#8221; _builder_version=&#8221;4.27.4&#8243; _module_preset=&#8221;default&#8221; custom_margin=&#8221;0px||10px||false|false&#8221; global_colors_info=&#8221;{}&#8221;][\/et_pb_image][et_pb_text _builder_version=&#8221;4.21.0&#8243; _module_preset=&#8221;default&#8221; global_colors_info=&#8221;{}&#8221;]<\/p>\n<h4><strong>San Benito, Pet\u00e9n<\/strong><\/h4>\n<p>5ta. Avenida 12 calle esquina zona 1, San Benito, Pet\u00e9n<\/p>\n<p>Lunes a Viernes de 8:00 am a 6:00 pm y S\u00e1bado de 8:00 am a 12:00 pm<\/p>\n<p>Motos Ext. 2584, 2585<\/p>\n<p>Taller Ext. 2586, 2588<\/p>\n<p>Repuestos Ext. 2587<\/p>\n<p>[\/et_pb_text][\/et_pb_column][et_pb_column type=&#8221;1_3&#8243; _builder_version=&#8221;4.21.0&#8243; _module_preset=&#8221;default&#8221; global_colors_info=&#8221;{}&#8221;][et_pb_image src=&#8221;https:\/\/suzuki.com.gt\/motos\/wp-content\/uploads\/Barberena.jpg&#8221; title_text=&#8221;Barberena&#8221; show_bottom_space=&#8221;off&#8221; _builder_version=&#8221;4.27.4&#8243; _module_preset=&#8221;default&#8221; custom_margin=&#8221;0px||10px||false|false&#8221; global_colors_info=&#8221;{}&#8221;][\/et_pb_image][et_pb_text _builder_version=&#8221;4.27.4&#8243; _module_preset=&#8221;default&#8221; global_colors_info=&#8221;{}&#8221;]<\/p>\n<h4><strong>Barberena<\/strong><\/h4>\n<p>Kil\u00f3metro 53.5 Barrio Estrellas Barberena, Santa Rosa<\/p>\n<p>Lunes a Viernes de 8:00 am a 6:00 pm y S\u00e1bado de 8:00 am a 12:00 pm<\/p>\n<p>Motos Ext. 2777<\/p>\n<p>Taller Ext. 2577, 2579<\/p>\n<p>Repuestos Ext. 2578<\/p>\n<p>[\/et_pb_text][\/et_pb_column][\/et_pb_row][et_pb_row column_structure=&#8221;1_3,1_3,1_3&#8243; use_custom_gutter=&#8221;on&#8221; _builder_version=&#8221;4.21.0&#8243; _module_preset=&#8221;default&#8221; width=&#8221;90%&#8221; max_width=&#8221;90%&#8221; global_colors_info=&#8221;{}&#8221;][et_pb_column type=&#8221;1_3&#8243; _builder_version=&#8221;4.21.0&#8243; _module_preset=&#8221;default&#8221; global_colors_info=&#8221;{}&#8221;][et_pb_image src=&#8221;https:\/\/suzuki.com.gt\/motos\/wp-content\/uploads\/ESCUINTLA.png&#8221; title_text=&#8221;ESCUINTLA&#8221; show_bottom_space=&#8221;off&#8221; _builder_version=&#8221;4.27.2&#8243; _module_preset=&#8221;default&#8221; custom_margin=&#8221;0px||10px||false|false&#8221; global_colors_info=&#8221;{}&#8221;][\/et_pb_image][et_pb_text _builder_version=&#8221;4.21.0&#8243; _module_preset=&#8221;default&#8221; global_colors_info=&#8221;{}&#8221;]<\/p>\n<h4><strong>Escuintla II<\/strong><\/h4>\n<p>Avenida Centroam\u00e9rica 11-01 zona 3, Escuintla<\/p>\n<p>Lunes a Viernes de 8:00 am a 6:00 pm y S\u00e1bado de 8:00 am a 12:00 pm<\/p>\n<p>Motos Ext. 2556, 2847<\/p>\n<p>Taller Ext. 2557<\/p>\n<p>Repuestos Ext. 2558<\/p>\n<p>[\/et_pb_text][\/et_pb_column][et_pb_column type=&#8221;1_3&#8243; _builder_version=&#8221;4.21.0&#8243; _module_preset=&#8221;default&#8221; global_colors_info=&#8221;{}&#8221;][et_pb_image src=&#8221;https:\/\/suzuki.com.gt\/motos\/wp-content\/uploads\/agencia-patulul.png&#8221; title_text=&#8221;agencia-patulul&#8221; show_bottom_space=&#8221;off&#8221; _builder_version=&#8221;4.21.0&#8243; _module_preset=&#8221;default&#8221; custom_margin=&#8221;0px||10px||false|false&#8221; global_colors_info=&#8221;{}&#8221;][\/et_pb_image][et_pb_text _builder_version=&#8221;4.27.4&#8243; _module_preset=&#8221;default&#8221; global_colors_info=&#8221;{}&#8221;]<\/p>\n<h4><strong>Patulul<\/strong><\/h4>\n<p>2da. Avenida 7-89, zona 1, Patulul, Suchitep\u00e9quez<\/p>\n<p>Lunes a Viernes de 8:00 am a 6:00 pm y S\u00e1bado de 8:00 am a 12:00 pm<\/p>\n<p>Motos Ext. 2546, 2580<\/p>\n<p>Repuestos Ext. 2582<\/p>\n<p>[\/et_pb_text][\/et_pb_column][et_pb_column type=&#8221;1_3&#8243; _builder_version=&#8221;4.21.0&#8243; _module_preset=&#8221;default&#8221; global_colors_info=&#8221;{}&#8221;][et_pb_image src=&#8221;https:\/\/suzuki.com.gt\/motos\/wp-content\/uploads\/QUICHE.png&#8221; title_text=&#8221;QUICHE&#8221; show_bottom_space=&#8221;off&#8221; _builder_version=&#8221;4.27.4&#8243; _module_preset=&#8221;default&#8221; custom_margin=&#8221;0px||10px||false|false&#8221; global_colors_info=&#8221;{}&#8221;][\/et_pb_image][et_pb_text _builder_version=&#8221;4.27.4&#8243; _module_preset=&#8221;default&#8221; global_colors_info=&#8221;{}&#8221;]<\/p>\n<h4><strong>Quich\u00e9<\/strong><\/h4>\n<p>Segunda avenida 14-017 zona 4 Santa Cruz del Quich\u00e9, Quich\u00e9<\/p>\n<p>Lunes a Viernes de 8:00 am a 6:00 pm y S\u00e1bado de 8:00 am a 12:00 pm<\/p>\n<p>\u00a0Motos Ext. 2380, 2381<\/p>\n<p>[\/et_pb_text][\/et_pb_column][\/et_pb_row][et_pb_row column_structure=&#8221;1_3,1_3,1_3&#8243; use_custom_gutter=&#8221;on&#8221; _builder_version=&#8221;4.21.0&#8243; _module_preset=&#8221;default&#8221; width=&#8221;90%&#8221; max_width=&#8221;90%&#8221; global_colors_info=&#8221;{}&#8221;][et_pb_column type=&#8221;1_3&#8243; _builder_version=&#8221;4.21.0&#8243; _module_preset=&#8221;default&#8221; global_colors_info=&#8221;{}&#8221;][et_pb_image src=&#8221;https:\/\/suzuki.com.gt\/motos\/wp-content\/uploads\/MAZATENANGO.png&#8221; title_text=&#8221;MAZATENANGO&#8221; show_bottom_space=&#8221;off&#8221; _builder_version=&#8221;4.27.0&#8243; _module_preset=&#8221;default&#8221; custom_margin=&#8221;0px||10px||false|false&#8221; global_colors_info=&#8221;{}&#8221;][\/et_pb_image][et_pb_text _builder_version=&#8221;4.21.0&#8243; _module_preset=&#8221;default&#8221; global_colors_info=&#8221;{}&#8221;]<\/p>\n<h4><strong>Mazatenango<\/strong><\/h4>\n<p>Centro Comercial San Bartolom\u00e9 Local 06 Mazatenango, Suchitep\u00e9quez<\/p>\n<p>Lunes a Viernes de 8:00 am a 6:00 pm y S\u00e1bado de 8:00 am a 12:00 pm<\/p>\n<p>Motos Ext. 2851, 2852<\/p>\n<p>Repuestos Ext. 2850<\/p>\n<p>[\/et_pb_text][\/et_pb_column][et_pb_column type=&#8221;1_3&#8243; _builder_version=&#8221;4.21.0&#8243; _module_preset=&#8221;default&#8221; global_colors_info=&#8221;{}&#8221;][et_pb_image src=&#8221;https:\/\/suzuki.com.gt\/motos\/wp-content\/uploads\/Agencia-Mazatenango-II.png&#8221; title_text=&#8221;Agencia Mazatenango II&#8221; show_bottom_space=&#8221;off&#8221; _builder_version=&#8221;4.22.1&#8243; _module_preset=&#8221;default&#8221; custom_margin=&#8221;0px||10px||false|false&#8221; global_colors_info=&#8221;{}&#8221;][\/et_pb_image][et_pb_text _builder_version=&#8221;4.21.0&#8243; _module_preset=&#8221;default&#8221; global_colors_info=&#8221;{}&#8221;]<\/p>\n<h4><strong>Mazatenango II<\/strong><\/h4>\n<p>3ra. Calle 3-52 zona 3, Lotificaci\u00f3n El Compromiso, Mazatenango, Suchitep\u00e9quez (KM 158 CARRETERA AL PACIFICO, FRENTE A C.C PLAZA AMERICA)<\/p>\n<p>Lunes a Viernes de 8:00 am a 6:00 pm y S\u00e1bado de 8:00 am a 12:00 pm<\/p>\n<p>Motos Ext. 2546, 2547<\/p>\n<p>Taller Ext. 2546, 2548<\/p>\n<p>Repuestos Ext. 2548<\/p>\n<p>[\/et_pb_text][\/et_pb_column][et_pb_column type=&#8221;1_3&#8243; _builder_version=&#8221;4.21.0&#8243; _module_preset=&#8221;default&#8221; global_colors_info=&#8221;{}&#8221;][et_pb_image src=&#8221;https:\/\/suzuki.com.gt\/motos\/wp-content\/uploads\/PUERTO-SAN-JOSE.png&#8221; title_text=&#8221;PUERTO-SAN-JOSE&#8221; show_bottom_space=&#8221;off&#8221; _builder_version=&#8221;4.27.4&#8243; _module_preset=&#8221;default&#8221; custom_margin=&#8221;0px||10px||false|false&#8221; global_colors_info=&#8221;{}&#8221;][\/et_pb_image][et_pb_text _builder_version=&#8221;4.27.4&#8243; _module_preset=&#8221;default&#8221; global_colors_info=&#8221;{}&#8221;]<\/p>\n<h4><strong>Puerto San Jos\u00e9 II<\/strong><\/h4>\n<p>Avenida Treinta de Junio 7-54 Puerto San Jose, Escuintla<\/p>\n<p>Lunes a Viernes de 10:00 am a 8:00 pm S\u00e1bado y Domingo de 10:00 a 8:00 pm<\/p>\n<p>Motos Ext. 2868, 2461<\/p>\n<p>&nbsp;<\/p>\n<p>[\/et_pb_text][\/et_pb_column][\/et_pb_row][et_pb_row column_structure=&#8221;1_3,1_3,1_3&#8243; use_custom_gutter=&#8221;on&#8221; _builder_version=&#8221;4.27.0&#8243; _module_preset=&#8221;default&#8221; width=&#8221;90%&#8221; max_width=&#8221;90%&#8221; global_colors_info=&#8221;{}&#8221;][et_pb_column type=&#8221;1_3&#8243; _builder_version=&#8221;4.21.0&#8243; _module_preset=&#8221;default&#8221; global_colors_info=&#8221;{}&#8221;][et_pb_image src=&#8221;https:\/\/suzuki.com.gt\/motos\/wp-content\/uploads\/KIOSCO-SAN-LUCAS.png&#8221; title_text=&#8221;KIOSCO-SAN-LUCAS&#8221; show_bottom_space=&#8221;off&#8221; _builder_version=&#8221;4.27.0&#8243; _module_preset=&#8221;default&#8221; custom_margin=&#8221;0px||10px||false|false&#8221; global_colors_info=&#8221;{}&#8221;][\/et_pb_image][et_pb_text _builder_version=&#8221;4.27.0&#8243; _module_preset=&#8221;default&#8221; global_colors_info=&#8221;{}&#8221;]<\/p>\n<h4><strong>Centro Comercial Las Puertas, San Lucas Sacatep\u00e9quez<\/strong><\/h4>\n<p>Centro Comercial Las Puertas Local 110, Zona 1 San Lucas Sacatepequez<\/p>\n<p>Lunes a Viernes de 10:00 am a 8:00 pm S\u00e1bado y Domingo de 10:00 a 8:00 pm<\/p>\n<p>&nbsp;<\/p>\n<p>[\/et_pb_text][\/et_pb_column][et_pb_column type=&#8221;1_3&#8243; _builder_version=&#8221;4.21.0&#8243; _module_preset=&#8221;default&#8221; global_colors_info=&#8221;{}&#8221;][et_pb_image src=&#8221;https:\/\/suzuki.com.gt\/motos\/wp-content\/uploads\/agencia-xela-II.png&#8221; title_text=&#8221;agencia-xela-II&#8221; show_bottom_space=&#8221;off&#8221; _builder_version=&#8221;4.21.0&#8243; _module_preset=&#8221;default&#8221; custom_margin=&#8221;0px||10px||false|false&#8221; global_colors_info=&#8221;{}&#8221;][\/et_pb_image][et_pb_text _builder_version=&#8221;4.27.0&#8243; _module_preset=&#8221;default&#8221; global_colors_info=&#8221;{}&#8221;]<\/p>\n<h4><strong>Xela II<\/strong><\/h4>\n<p>0 calle 0-71 zona 9, Quetzaltenango<\/p>\n<p>Lunes a Viernes de 8:00 am a 6:00 pm y S\u00e1bado de 8:00 am a 12:00 pm<\/p>\n<p>Motos Ext. 2552, 2553<\/p>\n<p>Taller Ext. 2775<\/p>\n<p>Repuestos Ext. 2554<\/p>\n<p>[\/et_pb_text][\/et_pb_column][et_pb_column type=&#8221;1_3&#8243; _builder_version=&#8221;4.21.0&#8243; _module_preset=&#8221;default&#8221; global_colors_info=&#8221;{}&#8221;][et_pb_image src=&#8221;https:\/\/suzuki.com.gt\/motos\/wp-content\/uploads\/COATEPEQUE.png&#8221; title_text=&#8221;COATEPEQUE&#8221; show_bottom_space=&#8221;off&#8221; _builder_version=&#8221;4.27.0&#8243; _module_preset=&#8221;default&#8221; custom_margin=&#8221;0px||10px||false|false&#8221; global_colors_info=&#8221;{}&#8221;][\/et_pb_image][et_pb_text _builder_version=&#8221;4.21.0&#8243; _module_preset=&#8221;default&#8221; global_colors_info=&#8221;{}&#8221;]<\/p>\n<h4><strong>Coatepeque<\/strong><\/h4>\n<p>2 avenida 25-60 Barrio La Batalla zona 1, Coatepeque<\/p>\n<p>Lunes a Viernes de 8:00 am a 6:00 pm y S\u00e1bado de 8:00 am a 12:00 pm<\/p>\n<p>Motos Ext. 2646, 2647<\/p>\n<p>Repuestos Ext. 2648<\/p>\n<p>[\/et_pb_text][\/et_pb_column][\/et_pb_row][et_pb_row column_structure=&#8221;1_3,1_3,1_3&#8243; use_custom_gutter=&#8221;on&#8221; _builder_version=&#8221;4.21.0&#8243; _module_preset=&#8221;default&#8221; width=&#8221;90%&#8221; max_width=&#8221;90%&#8221; global_colors_info=&#8221;{}&#8221;][et_pb_column type=&#8221;1_3&#8243; _builder_version=&#8221;4.21.0&#8243; _module_preset=&#8221;default&#8221; global_colors_info=&#8221;{}&#8221;][et_pb_image src=&#8221;https:\/\/suzuki.com.gt\/motos\/wp-content\/uploads\/Agencia-Huehuetenango.png&#8221; title_text=&#8221;Agencia Huehuetenango&#8221; show_bottom_space=&#8221;off&#8221; _builder_version=&#8221;4.21.0&#8243; _module_preset=&#8221;default&#8221; custom_margin=&#8221;0px||10px||false|false&#8221; global_colors_info=&#8221;{}&#8221;][\/et_pb_image][et_pb_text _builder_version=&#8221;4.27.4&#8243; _module_preset=&#8221;default&#8221; global_colors_info=&#8221;{}&#8221;]<\/p>\n<h4><strong>Huehuetenango<\/strong><\/h4>\n<p>Primer Nivel Sexta Avenida 3-63 zona 1, Huehuetenango<\/p>\n<p>Lunes a Viernes de 8:00 am a 6:00 pm y S\u00e1bado de 8:00 am a 12:00 pm<\/p>\n<p>Motos Ext. 2926, 2927<\/p>\n<p>Taller Ext. 2927<\/p>\n<p>Repuestos Ext. 2924<\/p>\n<p>[\/et_pb_text][\/et_pb_column][et_pb_column type=&#8221;1_3&#8243; _builder_version=&#8221;4.21.0&#8243; _module_preset=&#8221;default&#8221; global_colors_info=&#8221;{}&#8221;][et_pb_image src=&#8221;https:\/\/suzuki.com.gt\/motos\/wp-content\/uploads\/AGENCIA-ANTIGUA-GUATEMALA-1.png&#8221; title_text=&#8221;AGENCIA-ANTIGUA-GUATEMALA&#8221; show_bottom_space=&#8221;off&#8221; _builder_version=&#8221;4.27.0&#8243; _module_preset=&#8221;default&#8221; custom_margin=&#8221;0px||10px||false|false&#8221; global_colors_info=&#8221;{}&#8221;][\/et_pb_image][et_pb_text _builder_version=&#8221;4.21.0&#8243; _module_preset=&#8221;default&#8221; global_colors_info=&#8221;{}&#8221;]<\/p>\n<h4><strong>Antigua Guatemala<\/strong><\/h4>\n<p>Calzada Santa Luc\u00eda Sur No. 7-A Antigua Guatemala<\/p>\n<p>Lunes a Viernes de 8:00 am a 6:00 pm y S\u00e1bado de 8:00 am a 12:00 pm<\/p>\n<p>Tel. Motos: 7832-7242<\/p>\n<p>[\/et_pb_text][\/et_pb_column][et_pb_column type=&#8221;1_3&#8243; _builder_version=&#8221;4.21.0&#8243; _module_preset=&#8221;default&#8221; global_colors_info=&#8221;{}&#8221;][et_pb_image src=&#8221;https:\/\/suzuki.com.gt\/motos\/wp-content\/uploads\/agencia-chimaltenango.png&#8221; title_text=&#8221;agencia-chimaltenango&#8221; show_bottom_space=&#8221;off&#8221; _builder_version=&#8221;4.21.0&#8243; _module_preset=&#8221;default&#8221; custom_margin=&#8221;0px||10px||false|false&#8221; global_colors_info=&#8221;{}&#8221;][\/et_pb_image][et_pb_text _builder_version=&#8221;4.27.4&#8243; _module_preset=&#8221;default&#8221; global_colors_info=&#8221;{}&#8221;]<\/p>\n<h4><strong>Chimaltenango I<\/strong><\/h4>\n<p>1ra. Calle 4-33 local A, zona 2, Chimaltenango<\/p>\n<p>Lunes a Viernes de 8:00 am a 6:00 pm y S\u00e1bado de 8:00 am a 12:00 pm<\/p>\n<p>Tel. Motos: 7725-5187<\/p>\n<p>[\/et_pb_text][\/et_pb_column][\/et_pb_row][et_pb_row column_structure=&#8221;1_3,1_3,1_3&#8243; use_custom_gutter=&#8221;on&#8221; _builder_version=&#8221;4.21.0&#8243; _module_preset=&#8221;default&#8221; width=&#8221;90%&#8221; max_width=&#8221;90%&#8221; global_colors_info=&#8221;{}&#8221;][et_pb_column type=&#8221;1_3&#8243; _builder_version=&#8221;4.21.0&#8243; _module_preset=&#8221;default&#8221; global_colors_info=&#8221;{}&#8221;][et_pb_image src=&#8221;https:\/\/suzuki.com.gt\/motos\/wp-content\/uploads\/tecun-uman.jpg&#8221; title_text=&#8221;tec\u00fan uman&#8221; show_bottom_space=&#8221;off&#8221; _builder_version=&#8221;4.27.4&#8243; _module_preset=&#8221;default&#8221; custom_margin=&#8221;0px||10px||false|false&#8221; global_colors_info=&#8221;{}&#8221;][\/et_pb_image][et_pb_text _builder_version=&#8221;4.21.0&#8243; _module_preset=&#8221;default&#8221; global_colors_info=&#8221;{}&#8221;]<\/p>\n<h4><strong>Tec\u00fan Um\u00e1n<\/strong><\/h4>\n<p>3 avenida 1-80 zona 1, Tecun Um\u00e1n, San Marcos<\/p>\n<p>Lunes a Viernes de 8:00 am a 6:00 pm y S\u00e1bado de 8:00 am a 12:00 pm<\/p>\n<p>Motos Ext. 2571, 2572<\/p>\n<p>Taller Ext. 2571, 2573<\/p>\n<p>Repuestos Ext. 2573<\/p>\n<p>[\/et_pb_text][\/et_pb_column][et_pb_column type=&#8221;1_3&#8243; _builder_version=&#8221;4.21.0&#8243; _module_preset=&#8221;default&#8221; global_colors_info=&#8221;{}&#8221;][et_pb_image src=&#8221;https:\/\/suzuki.com.gt\/motos\/wp-content\/uploads\/kiosko-metroplaza-peten.png&#8221; title_text=&#8221;kiosko-metroplaza-peten&#8221; show_bottom_space=&#8221;off&#8221; _builder_version=&#8221;4.21.0&#8243; _module_preset=&#8221;default&#8221; custom_margin=&#8221;0px||10px||false|false&#8221; global_colors_info=&#8221;{}&#8221;][\/et_pb_image][et_pb_text _builder_version=&#8221;4.27.4&#8243; _module_preset=&#8221;default&#8221; global_colors_info=&#8221;{}&#8221;]<\/p>\n<h4><strong>Quiosco Suzuki Metro Plaza Pet\u00e9n<\/strong><\/h4>\n<p>Salida a Tikal Km. 1.5 Centro Comercial Metroplaza Mundo Maya, Apto 31 Santa Elena, Pet\u00e9n<\/p>\n<p>Lunes a Viernes de 10:00 am a 8:00 pm S\u00e1bado y Domingo de 10:00 a 8:00 pm<\/p>\n<p>[\/et_pb_text][\/et_pb_column][et_pb_column type=&#8221;1_3&#8243; _builder_version=&#8221;4.21.0&#8243; _module_preset=&#8221;default&#8221; global_colors_info=&#8221;{}&#8221;][et_pb_image src=&#8221;https:\/\/suzuki.com.gt\/motos\/wp-content\/uploads\/Quiosco-Suzuki-C.C.-Plaza-Americas-Mazate.png&#8221; title_text=&#8221;Quiosco Suzuki C.C. Plaza Ame\u0301ricas Mazate&#8221; show_bottom_space=&#8221;off&#8221; _builder_version=&#8221;4.21.0&#8243; _module_preset=&#8221;default&#8221; custom_margin=&#8221;0px||10px||false|false&#8221; global_colors_info=&#8221;{}&#8221;][\/et_pb_image][et_pb_text _builder_version=&#8221;4.27.4&#8243; _module_preset=&#8221;default&#8221; global_colors_info=&#8221;{}&#8221;]<\/p>\n<h4><strong>Quiosco Suzuki Centro Comercial Plaza Am\u00e9ricas Mazatenango<\/strong><\/h4>\n<p>C.A.-2 Km. 158 Carretera al Pac\u00edfico, Mazatenango, Suchitep\u00e9quez<\/p>\n<p>Lunes a Viernes de 10:00 am a 8:00 pm S\u00e1bado y Domingo de 10:00 a 8:00 pm<\/p>\n<p>[\/et_pb_text][\/et_pb_column][\/et_pb_row][et_pb_row column_structure=&#8221;1_3,1_3,1_3&#8243; use_custom_gutter=&#8221;on&#8221; _builder_version=&#8221;4.27.0&#8243; _module_preset=&#8221;default&#8221; width=&#8221;90%&#8221; max_width=&#8221;90%&#8221; global_colors_info=&#8221;{}&#8221;][et_pb_column type=&#8221;1_3&#8243; _builder_version=&#8221;4.21.0&#8243; _module_preset=&#8221;default&#8221; global_colors_info=&#8221;{}&#8221;][et_pb_image src=&#8221;https:\/\/suzuki.com.gt\/motos\/wp-content\/uploads\/kiosko-c.c.-utz-ulew-mall.png&#8221; title_text=&#8221;kiosko-c.c.-utz-ulew-mall&#8221; show_bottom_space=&#8221;off&#8221; _builder_version=&#8221;4.21.0&#8243; _module_preset=&#8221;default&#8221; custom_margin=&#8221;0px||10px||false|false&#8221; global_colors_info=&#8221;{}&#8221;][\/et_pb_image][et_pb_text _builder_version=&#8221;4.21.0&#8243; _module_preset=&#8221;default&#8221; global_colors_info=&#8221;{}&#8221;]<\/p>\n<h4><strong>Quiosco Suzuki Agencia Centro Comercial Utz Ulew Xela<\/strong><\/h4>\n<p>19 avenida 2-40 zona 3, Quetzaltenango C.C. Utz Ulew<\/p>\n<p>Lunes a Viernes de 10:00 am a 8:00 pm S\u00e1bado y Domingo de 10:00 a 8:00 pm<\/p>\n<p>[\/et_pb_text][\/et_pb_column][et_pb_column type=&#8221;1_3&#8243; _builder_version=&#8221;4.21.0&#8243; _module_preset=&#8221;default&#8221; global_colors_info=&#8221;{}&#8221;][et_pb_image src=&#8221;https:\/\/suzuki.com.gt\/motos\/wp-content\/uploads\/Quiosco-suzuki-mega-seis.png&#8221; title_text=&#8221;Quiosco-suzuki-mega-seis&#8221; show_bottom_space=&#8221;off&#8221; _builder_version=&#8221;4.21.0&#8243; _module_preset=&#8221;default&#8221; custom_margin=&#8221;0px||10px||false|false&#8221; global_colors_info=&#8221;{}&#8221;][\/et_pb_image][et_pb_text _builder_version=&#8221;4.27.4&#8243; _module_preset=&#8221;default&#8221; global_colors_info=&#8221;{}&#8221;]<\/p>\n<h4><strong>Quiosco Suzuki Mega Seis<\/strong><\/h4>\n<p>15 avenida 16-11 Kiosco 509 zona 6, Ciudad de Guatemala<\/p>\n<p>Lunes a Viernes de 10:00 am a 8:00 pm S\u00e1bado y Domingo de 10:00 a 8:00 pm<\/p>\n<p>[\/et_pb_text][\/et_pb_column][et_pb_column type=&#8221;1_3&#8243; _builder_version=&#8221;4.21.0&#8243; _module_preset=&#8221;default&#8221; global_colors_info=&#8221;{}&#8221;][et_pb_image src=&#8221;https:\/\/suzuki.com.gt\/motos\/wp-content\/uploads\/BARBERENA.png&#8221; title_text=&#8221;BARBERENA&#8221; show_bottom_space=&#8221;off&#8221; _builder_version=&#8221;4.27.0&#8243; _module_preset=&#8221;default&#8221; custom_margin=&#8221;0px||10px||false|false&#8221; global_colors_info=&#8221;{}&#8221;][\/et_pb_image][et_pb_text _builder_version=&#8221;4.27.4&#8243; _module_preset=&#8221;default&#8221; global_colors_info=&#8221;{}&#8221;]<\/p>\n<h4><strong>Centro Comercial Metroplaza Barberena<\/strong><\/h4>\n<p>C.C. Plaza Barberena Kil\u00f3metro 56 Carretera al Salvador Zona 1, Barberena, Santa Rosa<\/p>\n<p>Lunes a Viernes de 10:00 am a 8:00 pm S\u00e1bado y Domingo de 10:00 a 8:00 pm<\/p>\n<p>[\/et_pb_text][\/et_pb_column][\/et_pb_row][et_pb_row column_structure=&#8221;1_3,1_3,1_3&#8243; use_custom_gutter=&#8221;on&#8221; _builder_version=&#8221;4.21.0&#8243; _module_preset=&#8221;default&#8221; width=&#8221;90%&#8221; max_width=&#8221;90%&#8221; global_colors_info=&#8221;{}&#8221;][et_pb_column type=&#8221;1_3&#8243; _builder_version=&#8221;4.21.0&#8243; _module_preset=&#8221;default&#8221; global_colors_info=&#8221;{}&#8221;][et_pb_image src=&#8221;https:\/\/suzuki.com.gt\/motos\/wp-content\/uploads\/SANTA-LUCIA-COTZUMALGUAPA.png&#8221; title_text=&#8221;SANTA-LUCIA-COTZUMALGUAPA&#8221; show_bottom_space=&#8221;off&#8221; _builder_version=&#8221;4.27.0&#8243; _module_preset=&#8221;default&#8221; custom_margin=&#8221;0px||10px||false|false&#8221; global_colors_info=&#8221;{}&#8221;][\/et_pb_image][et_pb_text _builder_version=&#8221;4.27.4&#8243; _module_preset=&#8221;default&#8221; global_colors_info=&#8221;{}&#8221;]<\/p>\n<h4><strong>Santa Luc\u00eda Cotzumalguapa<\/strong><\/h4>\n<p>Tercera Avenida 6-78 zona 1, Santa Luc\u00eda Cotzumalguapa, Escuintla<\/p>\n<p>Lunes a Viernes de 10:00 am a 8:00 pm S\u00e1bado y Domingo de 10:00 a 8:00 pm<\/p>\n<p>Motos Ext.: 2956<\/p>\n<p>[\/et_pb_text][\/et_pb_column][et_pb_column type=&#8221;1_3&#8243; _builder_version=&#8221;4.21.0&#8243; _module_preset=&#8221;default&#8221; global_colors_info=&#8221;{}&#8221;][et_pb_image src=&#8221;https:\/\/suzuki.com.gt\/motos\/wp-content\/uploads\/agencia-panajachel.png&#8221; title_text=&#8221;agencia-panajachel&#8221; show_bottom_space=&#8221;off&#8221; _builder_version=&#8221;4.23&#8243; _module_preset=&#8221;default&#8221; custom_margin=&#8221;0px||10px||false|false&#8221; global_colors_info=&#8221;{}&#8221;][\/et_pb_image][et_pb_text _builder_version=&#8221;4.27.4&#8243; _module_preset=&#8221;default&#8221; global_colors_info=&#8221;{}&#8221;]<\/p>\n<h4><strong>Panajachel<\/strong><\/h4>\n<p>Calle 15 de febrero, comerciales Larry zona 2, Panajachel, Solol\u00e1<\/p>\n<p>Lunes a Viernes de 10:00 am a 8:00 pm S\u00e1bado y Domingo de 10:00 a 8:00 pm<\/p>\n<p>Motos Ext.: 2941, 2943<\/p>\n<p>Taller Ext.: 2944<\/p>\n<p>Repuestos Ext.: 2944<\/p>\n<p>[\/et_pb_text][\/et_pb_column][et_pb_column type=&#8221;1_3&#8243; _builder_version=&#8221;4.21.0&#8243; _module_preset=&#8221;default&#8221; global_colors_info=&#8221;{}&#8221;][et_pb_image src=&#8221;https:\/\/suzuki.com.gt\/motos\/wp-content\/uploads\/PETEN.png&#8221; title_text=&#8221;PETEN&#8221; show_bottom_space=&#8221;off&#8221; _builder_version=&#8221;4.27.4&#8243; _module_preset=&#8221;default&#8221; custom_margin=&#8221;0px||10px||false|false&#8221; global_colors_info=&#8221;{}&#8221;][\/et_pb_image][et_pb_text _builder_version=&#8221;4.27.4&#8243; _module_preset=&#8221;default&#8221; global_colors_info=&#8221;{}&#8221;]<\/p>\n<h4><strong>San Benito Pet\u00e9n II<\/strong><\/h4>\n<p>Calle Litoral Lago 4 Zona 1, San Benito, Pet\u00e9n<\/p>\n<p>Lunes a Viernes de 8:00 am a 6:00 pm y S\u00e1bado de 8:00 am a 12:00 pm<\/p>\n<p>Motos Ext.: 2420<\/p>\n<p>&nbsp;<\/p>\n<p>[\/et_pb_text][\/et_pb_column][\/et_pb_row][et_pb_row column_structure=&#8221;1_3,1_3,1_3&#8243; use_custom_gutter=&#8221;on&#8221; _builder_version=&#8221;4.21.0&#8243; _module_preset=&#8221;default&#8221; width=&#8221;90%&#8221; max_width=&#8221;90%&#8221; global_colors_info=&#8221;{}&#8221;][et_pb_column type=&#8221;1_3&#8243; _builder_version=&#8221;4.21.0&#8243; _module_preset=&#8221;default&#8221; global_colors_info=&#8221;{}&#8221;][et_pb_image src=&#8221;https:\/\/suzuki.com.gt\/motos\/wp-content\/uploads\/COBAN.png&#8221; title_text=&#8221;COBAN&#8221; show_bottom_space=&#8221;off&#8221; _builder_version=&#8221;4.27.4&#8243; _module_preset=&#8221;default&#8221; custom_margin=&#8221;0px||10px||false|false&#8221; global_colors_info=&#8221;{}&#8221;][\/et_pb_image][et_pb_text _builder_version=&#8221;4.27.4&#8243; _module_preset=&#8221;default&#8221; global_colors_info=&#8221;{}&#8221;]<\/p>\n<h4><strong>Cob\u00e1n<\/strong><\/h4>\n<p>3a. Avenida Zona 4 Cob\u00e1n, Alta Verapaz<\/p>\n<p>Lunes a Viernes de 10:00 am a 8:00 pm S\u00e1bado y Domingo de 10:00 a 8:00 pm<\/p>\n<p>Motos Ext. 2358<\/p>\n<p>&nbsp;<\/p>\n<p>[\/et_pb_text][\/et_pb_column][et_pb_column type=&#8221;1_3&#8243; _builder_version=&#8221;4.21.0&#8243; _module_preset=&#8221;default&#8221; global_colors_info=&#8221;{}&#8221;][et_pb_image src=&#8221;https:\/\/suzuki.com.gt\/motos\/wp-content\/uploads\/C.C.-La-Trinidad.png&#8221; title_text=&#8221;C.C. La Trinidad&#8221; show_bottom_space=&#8221;off&#8221; _builder_version=&#8221;4.27.4&#8243; _module_preset=&#8221;default&#8221; custom_margin=&#8221;0px||10px||false|false&#8221; global_colors_info=&#8221;{}&#8221;][\/et_pb_image][et_pb_text _builder_version=&#8221;4.27.4&#8243; _module_preset=&#8221;default&#8221; global_colors_info=&#8221;{}&#8221;]<\/p>\n<h4><strong>Centro Comercial La Trinidad, Coatepeque<\/strong><\/h4>\n<p>C.C. La Trinidad Coatepeque, Kiosco 13 Fase 1 Sexta Calle 12-24 zona 1 Lotificaci\u00f3n La Felicidad Coatepeque, Quetzaltenango<\/p>\n<p>Lunes a Viernes de 10:00 am a 8:00 pm S\u00e1bado y Domingo de 10:00 a 8:00 pm<\/p>\n<p>&nbsp;<\/p>\n<p>[\/et_pb_text][\/et_pb_column][et_pb_column type=&#8221;1_3&#8243; _builder_version=&#8221;4.21.0&#8243; _module_preset=&#8221;default&#8221; global_colors_info=&#8221;{}&#8221;][et_pb_image src=&#8221;https:\/\/suzuki.com.gt\/motos\/wp-content\/uploads\/C.C.-Los-Altos-Totonicapan.jpg&#8221; title_text=&#8221;C.C. Los Altos Totonicap\u00e1n&#8221; show_bottom_space=&#8221;off&#8221; _builder_version=&#8221;4.27.4&#8243; _module_preset=&#8221;default&#8221; custom_margin=&#8221;0px||10px||false|false&#8221; global_colors_info=&#8221;{}&#8221;][\/et_pb_image][et_pb_text _builder_version=&#8221;4.27.4&#8243; _module_preset=&#8221;default&#8221; global_colors_info=&#8221;{}&#8221;]<\/p>\n<h4><strong>Centro Comercial Los Altos Totonicap\u00e1n<\/strong><\/h4>\n<p>Plaza Agua Nivel Uno, C. C. Los Altos Kil\u00f3metro 200 Ruta Nacional 1 Totonicap\u00e1n, Totonicap\u00e1n<\/p>\n<p>Lunes a Viernes de 10:00 am a 8:00 pm S\u00e1bado y Domingo de 10:00 a 8:00 pm<\/p>\n<p>&nbsp;<\/p>\n<p>&nbsp;<\/p>\n<p>[\/et_pb_text][\/et_pb_column][\/et_pb_row][et_pb_row column_structure=&#8221;1_3,1_3,1_3&#8243; use_custom_gutter=&#8221;on&#8221; _builder_version=&#8221;4.21.0&#8243; _module_preset=&#8221;default&#8221; width=&#8221;90%&#8221; max_width=&#8221;90%&#8221; global_colors_info=&#8221;{}&#8221;][et_pb_column type=&#8221;1_3&#8243; _builder_version=&#8221;4.21.0&#8243; _module_preset=&#8221;default&#8221; global_colors_info=&#8221;{}&#8221;][et_pb_image src=&#8221;https:\/\/suzuki.com.gt\/motos\/wp-content\/uploads\/San-Jose-Pinula.jpg&#8221; title_text=&#8221;San Jos\u00e9 Pinula&#8221; show_bottom_space=&#8221;off&#8221; _builder_version=&#8221;4.27.4&#8243; _module_preset=&#8221;default&#8221; custom_margin=&#8221;0px||10px||false|false&#8221; global_colors_info=&#8221;{}&#8221;][\/et_pb_image][et_pb_text _builder_version=&#8221;4.27.4&#8243; _module_preset=&#8221;default&#8221; global_colors_info=&#8221;{}&#8221;]<\/p>\n<h4><strong>San Jos\u00e9 Pinula<\/strong><\/h4>\n<p>Local 4 2a. Calle 8-38 zona 2 San Jos\u00e9 Pinula Guatemala<\/p>\n<p>Lunes a Viernes de 8:00 am a 6:00 pm S\u00e1bado de 8:00 a 12:00 pm<\/p>\n<p>&nbsp;<\/p>\n<p>&nbsp;<\/p>\n<p>[\/et_pb_text][\/et_pb_column][et_pb_column type=&#8221;1_3&#8243; _builder_version=&#8221;4.21.0&#8243; _module_preset=&#8221;default&#8221; global_colors_info=&#8221;{}&#8221;][et_pb_image src=&#8221;https:\/\/suzuki.com.gt\/motos\/wp-content\/uploads\/agencia-foto.png&#8221; title_text=&#8221;agencia foto&#8221; show_bottom_space=&#8221;off&#8221; _builder_version=&#8221;4.27.5&#8243; _module_preset=&#8221;default&#8221; custom_margin=&#8221;0px||10px||false|false&#8221; global_colors_info=&#8221;{}&#8221;][\/et_pb_image][et_pb_text _builder_version=&#8221;4.27.4&#8243; _module_preset=&#8221;default&#8221; global_colors_info=&#8221;{}&#8221;]<\/p>\n<h4><strong>San Pedro, San Marcos<\/strong><\/h4>\n<p>Primer Nivel S\u00e9ptima Avenida 3-01 Zona 2 San Pedro Sacatep\u00e9quez, San Marcos<\/p>\n<p>Lunes a Viernes de 8:00 am a 6:00 pm S\u00e1bado de 8:00 a 12:00 pm<\/p>\n<p>&nbsp;<\/p>\n<p>[\/et_pb_text][\/et_pb_column][et_pb_column type=&#8221;1_3&#8243; _builder_version=&#8221;4.21.0&#8243; _module_preset=&#8221;default&#8221; global_colors_info=&#8221;{}&#8221;][et_pb_image src=&#8221;https:\/\/suzuki.com.gt\/motos\/wp-content\/uploads\/RIO-DULCE.jpg&#8221; title_text=&#8221;RIO DULCE&#8221; show_bottom_space=&#8221;off&#8221; _builder_version=&#8221;4.27.4&#8243; _module_preset=&#8221;default&#8221; custom_margin=&#8221;0px||10px||false|false&#8221; global_colors_info=&#8221;{}&#8221;][\/et_pb_image][et_pb_text _builder_version=&#8221;4.27.4&#8243; _module_preset=&#8221;default&#8221; global_colors_info=&#8221;{}&#8221;]<\/p>\n<h4><strong>Livingston, Izabal<\/strong><\/h4>\n<p>Local No. 117 Aldea Fronteras R\u00edo Dulce Sector Banrural Livingston, Izabal<\/p>\n<p>Lunes a Viernes de 08:00 am a 6:00 pm S\u00e1bado de 8:00 a 12:00 pm<\/p>\n<p>&nbsp;<\/p>\n<p>&nbsp;<\/p>\n<p>[\/et_pb_text][\/et_pb_column][\/et_pb_row][et_pb_row column_structure=&#8221;1_3,1_3,1_3&#8243; use_custom_gutter=&#8221;on&#8221; _builder_version=&#8221;4.21.0&#8243; _module_preset=&#8221;default&#8221; width=&#8221;90%&#8221; max_width=&#8221;90%&#8221; global_colors_info=&#8221;{}&#8221;][et_pb_column type=&#8221;1_3&#8243; _builder_version=&#8221;4.21.0&#8243; _module_preset=&#8221;default&#8221; global_colors_info=&#8221;{}&#8221;][et_pb_image src=&#8221;https:\/\/suzuki.com.gt\/motos\/wp-content\/uploads\/Xela-1.jpg&#8221; title_text=&#8221;Xela 1&#8243; show_bottom_space=&#8221;off&#8221; _builder_version=&#8221;4.27.4&#8243; _module_preset=&#8221;default&#8221; custom_margin=&#8221;0px||10px||false|false&#8221; global_colors_info=&#8221;{}&#8221;][\/et_pb_image][et_pb_text _builder_version=&#8221;4.27.4&#8243; _module_preset=&#8221;default&#8221; global_colors_info=&#8221;{}&#8221;]<\/p>\n<h4><strong>Xela I<\/strong><\/h4>\n<p>7a. Calle 5-31 Zona 2 Quetzaltenango, Quetzaltenango<\/p>\n<p>Lunes a Viernes de 8:00 am a 6:00 pm S\u00e1bado de 8:00 a 12:00 pm<\/p>\n<p>&nbsp;<\/p>\n<p>&nbsp;<\/p>\n<p>[\/et_pb_text][\/et_pb_column][et_pb_column type=&#8221;1_3&#8243; _builder_version=&#8221;4.21.0&#8243; _module_preset=&#8221;default&#8221; global_colors_info=&#8221;{}&#8221;][et_pb_image src=&#8221;https:\/\/suzuki.com.gt\/motos\/wp-content\/uploads\/jutiapa.jpg&#8221; title_text=&#8221;jutiapa&#8221; show_bottom_space=&#8221;off&#8221; _builder_version=&#8221;4.27.4&#8243; _module_preset=&#8221;default&#8221; custom_margin=&#8221;0px||10px||false|false&#8221; global_colors_info=&#8221;{}&#8221;][\/et_pb_image][et_pb_text _builder_version=&#8221;4.27.4&#8243; _module_preset=&#8221;default&#8221; global_colors_info=&#8221;{}&#8221;]<\/p>\n<h4><strong>Jutiapa<\/strong><\/h4>\n<p>4a. Calle 0-21 zona 1 Jutiapa<\/p>\n<p>Lunes a Viernes de 8:00 am a 6:00 pm S\u00e1bado de 8:00 a 12:00 pm<\/p>\n<p>&nbsp;<\/p>\n<p>[\/et_pb_text][\/et_pb_column][et_pb_column type=&#8221;1_3&#8243; _builder_version=&#8221;4.21.0&#8243; _module_preset=&#8221;default&#8221; global_colors_info=&#8221;{}&#8221;][et_pb_image src=&#8221;https:\/\/suzuki.com.gt\/motos\/wp-content\/uploads\/AGENCIAS-FOTOGRAFIAS-EDITADAS2.png&#8221; title_text=&#8221;AGENCIAS FOTOGRAFIAS EDITADAS2&#8243; show_bottom_space=&#8221;off&#8221; disabled_on=&#8221;off|off|off&#8221; _builder_version=&#8221;4.27.5&#8243; _module_preset=&#8221;default&#8221; custom_margin=&#8221;0px||10px||false|false&#8221; hover_enabled=&#8221;0&#8243; global_colors_info=&#8221;{}&#8221; sticky_enabled=&#8221;0&#8243;][\/et_pb_image][et_pb_text disabled_on=&#8221;off|off|off&#8221; _builder_version=&#8221;4.27.5&#8243; _module_preset=&#8221;default&#8221; hover_enabled=&#8221;0&#8243; global_colors_info=&#8221;{}&#8221; sticky_enabled=&#8221;0&#8243;]<\/p>\n<h4><strong>Solol\u00e1<\/strong><\/h4>\n<p>1a. Calle y 6a. Avenida 1-12 Solol\u00e1, Solol\u00e1<\/p>\n<p>Lunes a Viernes de 08:00 am a 6:00 pm S\u00e1bado de 8:00 a 12:00 pm<\/p>\n<p>&nbsp;<\/p>\n<p>&nbsp;<\/p>\n<p>[\/et_pb_text][\/et_pb_column][\/et_pb_row][\/et_pb_section]<\/p>\n","protected":false},"excerpt":{"rendered":"<p>Visita tu AGENCIA SUZUKI m\u00e1s cercanaPBX: 2420 2100AGENCIAS SUZUKICentral Castellana Avenida La Castellana 39-48 zona 8, Guatemala Lunes a Viernes de 8:00 am a 6:00 pm y S\u00e1bado de 8:00 am a 12:00 pm Motos Ext. 2253, 2274, 2263,\u00a0 2362, 2628, 2247, Taller Ext. 2181, 2250 Repuestos Ext. 2226, 2266, 2751 Motores Marinos Ext. 2215, [&hellip;]<\/p>\n","protected":false},"author":1,"featured_media":0,"parent":0,"menu_order":0,"comment_status":"closed","ping_status":"closed","template":"","meta":{"_et_pb_use_builder":"on","_et_pb_old_content":"<!-- wp:paragraph -->\n<p>This is an example page. It's different from a blog post because it will stay in one place and will show up in your site navigation (in most themes). Most people start with an About page that introduces them to potential site visitors. It might say something like this:<\/p>\n<!-- \/wp:paragraph -->\n\n<!-- wp:quote -->\n<blockquote class=\"wp-block-quote\"><p>Hi there! I'm a bike messenger by day, aspiring actor by night, and this is my website. I live in Los Angeles, have a great dog named Jack, and I like pi&#241;a coladas. (And gettin' caught in the rain.)<\/p><\/blockquote>\n<!-- \/wp:quote -->\n\n<!-- wp:paragraph -->\n<p>...or something like this:<\/p>\n<!-- \/wp:paragraph -->\n\n<!-- wp:quote -->\n<blockquote class=\"wp-block-quote\"><p>The XYZ Doohickey Company was founded in 1971, and has been providing quality doohickeys to the public ever since. Located in Gotham City, XYZ employs over 2,000 people and does all kinds of awesome things for the Gotham community.<\/p><\/blockquote>\n<!-- \/wp:quote -->\n\n<!-- wp:paragraph -->\n<p>As a new WordPress user, you should go to <a href=\"https:\/\/suzuki.com.gt\/motos\/wp-admin\/\">your dashboard<\/a> to delete this page and create new pages for your content. Have fun!<\/p>\n<!-- \/wp:paragraph -->","_et_gb_content_width":"","sfsi_plus_gutenberg_text_before_share":"","sfsi_plus_gutenberg_show_text_before_share":"","sfsi_plus_gutenberg_icon_type":"","sfsi_plus_gutenberg_icon_alignemt":"","sfsi_plus_gutenburg_max_per_row":"","footnotes":""},"class_list":["post-21939","page","type-page","status-publish","hentry"],"yoast_head":"<!-- This site is optimized with the Yoast SEO plugin v27.5 - https:\/\/yoast.com\/product\/yoast-seo-wordpress\/ -->\n<title>Agencias - Motos Suzuki Guatemala<\/title>\n<meta name=\"robots\" content=\"index, follow, max-snippet:-1, max-image-preview:large, max-video-preview:-1\" \/>\n<link rel=\"canonical\" href=\"https:\/\/suzuki.com.gt\/motos\/agencias\/\" \/>\n<meta property=\"og:locale\" content=\"es_ES\" \/>\n<meta property=\"og:type\" content=\"article\" \/>\n<meta property=\"og:title\" content=\"Agencias - Motos Suzuki Guatemala\" \/>\n<meta property=\"og:description\" content=\"Visita tu AGENCIA SUZUKI m\u00e1s cercanaPBX: 2420 2100AGENCIAS SUZUKICentral Castellana Avenida La Castellana 39-48 zona 8, Guatemala Lunes a Viernes de 8:00 am a 6:00 pm y S\u00e1bado de 8:00 am a 12:00 pm Motos Ext. 2253, 2274, 2263,\u00a0 2362, 2628, 2247, Taller Ext. 2181, 2250 Repuestos Ext. 2226, 2266, 2751 Motores Marinos Ext. 2215, [&hellip;]\" \/>\n<meta property=\"og:url\" content=\"https:\/\/suzuki.com.gt\/motos\/agencias\/\" \/>\n<meta property=\"og:site_name\" content=\"Motos Suzuki Guatemala\" \/>\n<meta property=\"article:publisher\" content=\"https:\/\/www.facebook.com\/MotosSuzukiGuatemala\/\" \/>\n<meta property=\"article:modified_time\" content=\"2026-03-04T17:35:56+00:00\" \/>\n<meta name=\"twitter:card\" content=\"summary_large_image\" \/>\n<meta name=\"twitter:label1\" content=\"Tiempo de lectura\" \/>\n\t<meta name=\"twitter:data1\" content=\"34 minutos\" \/>\n<script type=\"application\/ld+json\" class=\"yoast-schema-graph\">{\"@context\":\"https:\\\/\\\/schema.org\",\"@graph\":[{\"@type\":\"WebPage\",\"@id\":\"https:\\\/\\\/suzuki.com.gt\\\/motos\\\/agencias\\\/\",\"url\":\"https:\\\/\\\/suzuki.com.gt\\\/motos\\\/agencias\\\/\",\"name\":\"Agencias - Motos Suzuki Guatemala\",\"isPartOf\":{\"@id\":\"https:\\\/\\\/suzuki.com.gt\\\/motos\\\/#website\"},\"datePublished\":\"2023-06-19T22:54:57+00:00\",\"dateModified\":\"2026-03-04T17:35:56+00:00\",\"breadcrumb\":{\"@id\":\"https:\\\/\\\/suzuki.com.gt\\\/motos\\\/agencias\\\/#breadcrumb\"},\"inLanguage\":\"es\",\"potentialAction\":[{\"@type\":\"ReadAction\",\"target\":[\"https:\\\/\\\/suzuki.com.gt\\\/motos\\\/agencias\\\/\"]}]},{\"@type\":\"BreadcrumbList\",\"@id\":\"https:\\\/\\\/suzuki.com.gt\\\/motos\\\/agencias\\\/#breadcrumb\",\"itemListElement\":[{\"@type\":\"ListItem\",\"position\":1,\"name\":\"Portada\",\"item\":\"https:\\\/\\\/suzuki.com.gt\\\/motos\\\/\"},{\"@type\":\"ListItem\",\"position\":2,\"name\":\"Agencias\"}]},{\"@type\":\"WebSite\",\"@id\":\"https:\\\/\\\/suzuki.com.gt\\\/motos\\\/#website\",\"url\":\"https:\\\/\\\/suzuki.com.gt\\\/motos\\\/\",\"name\":\"Motos Suzuki Guatemala\",\"description\":\"Motos Suzuki Guatemala\",\"publisher\":{\"@id\":\"https:\\\/\\\/suzuki.com.gt\\\/motos\\\/#organization\"},\"potentialAction\":[{\"@type\":\"SearchAction\",\"target\":{\"@type\":\"EntryPoint\",\"urlTemplate\":\"https:\\\/\\\/suzuki.com.gt\\\/motos\\\/?s={search_term_string}\"},\"query-input\":{\"@type\":\"PropertyValueSpecification\",\"valueRequired\":true,\"valueName\":\"search_term_string\"}}],\"inLanguage\":\"es\"},{\"@type\":\"Organization\",\"@id\":\"https:\\\/\\\/suzuki.com.gt\\\/motos\\\/#organization\",\"name\":\"Motos Suzuki Guatemala\",\"url\":\"https:\\\/\\\/suzuki.com.gt\\\/motos\\\/\",\"logo\":{\"@type\":\"ImageObject\",\"inLanguage\":\"es\",\"@id\":\"https:\\\/\\\/suzuki.com.gt\\\/motos\\\/#\\\/schema\\\/logo\\\/image\\\/\",\"url\":\"https:\\\/\\\/suzuki.com.gt\\\/motos\\\/wp-content\\\/uploads\\\/2022\\\/12\\\/logo-suzuki-JPG-1-scaled.jpg\",\"contentUrl\":\"https:\\\/\\\/suzuki.com.gt\\\/motos\\\/wp-content\\\/uploads\\\/2022\\\/12\\\/logo-suzuki-JPG-1-scaled.jpg\",\"width\":2560,\"height\":774,\"caption\":\"Motos Suzuki Guatemala\"},\"image\":{\"@id\":\"https:\\\/\\\/suzuki.com.gt\\\/motos\\\/#\\\/schema\\\/logo\\\/image\\\/\"},\"sameAs\":[\"https:\\\/\\\/www.facebook.com\\\/MotosSuzukiGuatemala\\\/\",\"https:\\\/\\\/www.youtube.com\\\/@SuzukiMotosGuatemala\",\"https:\\\/\\\/www.instagram.com\\\/motossuzukiguatemala\",\"https:\\\/\\\/www.tiktok.com\\\/@motossuzukigt\"]}]}<\/script>\n<!-- \/ Yoast SEO plugin. -->","yoast_head_json":{"title":"Agencias - Motos Suzuki Guatemala","robots":{"index":"index","follow":"follow","max-snippet":"max-snippet:-1","max-image-preview":"max-image-preview:large","max-video-preview":"max-video-preview:-1"},"canonical":"https:\/\/suzuki.com.gt\/motos\/agencias\/","og_locale":"es_ES","og_type":"article","og_title":"Agencias - Motos Suzuki Guatemala","og_description":"Visita tu AGENCIA SUZUKI m\u00e1s cercanaPBX: 2420 2100AGENCIAS SUZUKICentral Castellana Avenida La Castellana 39-48 zona 8, Guatemala Lunes a Viernes de 8:00 am a 6:00 pm y S\u00e1bado de 8:00 am a 12:00 pm Motos Ext. 2253, 2274, 2263,\u00a0 2362, 2628, 2247, Taller Ext. 2181, 2250 Repuestos Ext. 2226, 2266, 2751 Motores Marinos Ext. 2215, [&hellip;]","og_url":"https:\/\/suzuki.com.gt\/motos\/agencias\/","og_site_name":"Motos Suzuki Guatemala","article_publisher":"https:\/\/www.facebook.com\/MotosSuzukiGuatemala\/","article_modified_time":"2026-03-04T17:35:56+00:00","twitter_card":"summary_large_image","twitter_misc":{"Tiempo de lectura":"34 minutos"},"schema":{"@context":"https:\/\/schema.org","@graph":[{"@type":"WebPage","@id":"https:\/\/suzuki.com.gt\/motos\/agencias\/","url":"https:\/\/suzuki.com.gt\/motos\/agencias\/","name":"Agencias - Motos Suzuki Guatemala","isPartOf":{"@id":"https:\/\/suzuki.com.gt\/motos\/#website"},"datePublished":"2023-06-19T22:54:57+00:00","dateModified":"2026-03-04T17:35:56+00:00","breadcrumb":{"@id":"https:\/\/suzuki.com.gt\/motos\/agencias\/#breadcrumb"},"inLanguage":"es","potentialAction":[{"@type":"ReadAction","target":["https:\/\/suzuki.com.gt\/motos\/agencias\/"]}]},{"@type":"BreadcrumbList","@id":"https:\/\/suzuki.com.gt\/motos\/agencias\/#breadcrumb","itemListElement":[{"@type":"ListItem","position":1,"name":"Portada","item":"https:\/\/suzuki.com.gt\/motos\/"},{"@type":"ListItem","position":2,"name":"Agencias"}]},{"@type":"WebSite","@id":"https:\/\/suzuki.com.gt\/motos\/#website","url":"https:\/\/suzuki.com.gt\/motos\/","name":"Motos Suzuki Guatemala","description":"Motos Suzuki Guatemala","publisher":{"@id":"https:\/\/suzuki.com.gt\/motos\/#organization"},"potentialAction":[{"@type":"SearchAction","target":{"@type":"EntryPoint","urlTemplate":"https:\/\/suzuki.com.gt\/motos\/?s={search_term_string}"},"query-input":{"@type":"PropertyValueSpecification","valueRequired":true,"valueName":"search_term_string"}}],"inLanguage":"es"},{"@type":"Organization","@id":"https:\/\/suzuki.com.gt\/motos\/#organization","name":"Motos Suzuki Guatemala","url":"https:\/\/suzuki.com.gt\/motos\/","logo":{"@type":"ImageObject","inLanguage":"es","@id":"https:\/\/suzuki.com.gt\/motos\/#\/schema\/logo\/image\/","url":"https:\/\/suzuki.com.gt\/motos\/wp-content\/uploads\/2022\/12\/logo-suzuki-JPG-1-scaled.jpg","contentUrl":"https:\/\/suzuki.com.gt\/motos\/wp-content\/uploads\/2022\/12\/logo-suzuki-JPG-1-scaled.jpg","width":2560,"height":774,"caption":"Motos Suzuki Guatemala"},"image":{"@id":"https:\/\/suzuki.com.gt\/motos\/#\/schema\/logo\/image\/"},"sameAs":["https:\/\/www.facebook.com\/MotosSuzukiGuatemala\/","https:\/\/www.youtube.com\/@SuzukiMotosGuatemala","https:\/\/www.instagram.com\/motossuzukiguatemala","https:\/\/www.tiktok.com\/@motossuzukigt"]}]}},"_links":{"self":[{"href":"https:\/\/suzuki.com.gt\/motos\/wp-json\/wp\/v2\/pages\/21939","targetHints":{"allow":["GET"]}}],"collection":[{"href":"https:\/\/suzuki.com.gt\/motos\/wp-json\/wp\/v2\/pages"}],"about":[{"href":"https:\/\/suzuki.com.gt\/motos\/wp-json\/wp\/v2\/types\/page"}],"author":[{"embeddable":true,"href":"https:\/\/suzuki.com.gt\/motos\/wp-json\/wp\/v2\/users\/1"}],"replies":[{"embeddable":true,"href":"https:\/\/suzuki.com.gt\/motos\/wp-json\/wp\/v2\/comments?post=21939"}],"version-history":[{"count":77,"href":"https:\/\/suzuki.com.gt\/motos\/wp-json\/wp\/v2\/pages\/21939\/revisions"}],"predecessor-version":[{"id":250026,"href":"https:\/\/suzuki.com.gt\/motos\/wp-json\/wp\/v2\/pages\/21939\/revisions\/250026"}],"wp:attachment":[{"href":"https:\/\/suzuki.com.gt\/motos\/wp-json\/wp\/v2\/media?parent=21939"}],"curies":[{"name":"wp","href":"https:\/\/api.w.org\/{rel}","templated":true}]}}